{"id":7928,"date":"2025-01-02T01:36:54","date_gmt":"2025-01-02T00:36:54","guid":{"rendered":"http:\/\/meblek88.webd.pro\/meblekuchenne\/?post_type=product&#038;p=7928"},"modified":"2025-04-28T10:54:57","modified_gmt":"2025-04-28T08:54:57","slug":"zestaw-mebli-kuchennych-300-cm-nr-10","status":"publish","type":"product","link":"https:\/\/meblekuchenne.pl\/sklep\/product\/zestaw-mebli-kuchennych-300-cm-nr-10\/","title":{"rendered":"Zestaw mebli kuchennych 300 cm Nr 10"},"content":{"rendered":"<h2><strong>Zestaw mebli kuchennych 300 cm Nr 10<\/strong><\/h2>\n<p>Zestaw mebli kuchennych o d\u0142ugo\u015bci 300 cm to <strong>\u015bwietny wyb\u00f3r dla os\u00f3b poszukuj\u0105cych praktycznej i bud\u017cetowej kuchni<\/strong> od uznanego polskiego producenta KAM. Dost\u0119pny w dw\u00f3ch wersjach kolorystycznych \u2014 postaw na ponadczasow\u0105 biel lub zestaw bia\u0142y platynowy z ciep\u0142ym odcieniem d\u0119bu z\u0142otego, tworz\u0105c wyj\u0105tkowy wygl\u0105d dostosowany do swoich potrzeb. Mo\u017cesz r\u00f3wnie\u017c zdecydowa\u0107 si\u0119 na kuchni\u0119 w ca\u0142o\u015bci w kolorze d\u0105b z\u0142oty. Decyzja nale\u017cy wy\u0142\u0105cznie do Ciebie!<\/p>\n<p>Je\u015bli zale\u017cy Ci na <strong>trwa\u0142ych i solidnych meblach kuchennych w przyst\u0119pnej cenie<\/strong>, ten komplet spe\u0142ni wszystkie Twoje wymagania. Potrzebujesz rozwi\u0105za\u0144 na d\u0142ugie lata, kt\u00f3re jednocze\u015bnie zachwyc\u0105 stylem? Zestaw KAM pozwala urz\u0105dzi\u0107 kuchni\u0119 w stylu nowoczesnym, klasycznym lub industrialnym. Dzi\u0119ki odpowiednim dodatkom i grze kolor\u00f3w stworzysz przestrze\u0144 z unikalnym charakterem.<\/p>\n<p>Zestaw obejmuje osiem szafek oraz dwa coko\u0142y maskuj\u0105ce n\u00f3\u017cki, co sprawia, \u017ce doskonale pasuje zar\u00f3wno do du\u017cych, jak i \u015bredniej wielko\u015bci kuchni. Pomimo atrakcyjnej ceny, wysoka jako\u015b\u0107 wykonania i u\u017cytych materia\u0142\u00f3w nie odbiega od dro\u017cszych modeli.<\/p>\n<p>Szafki w standardzie posiadaj\u0105 system cichego domykania wi\u0119c fronty zamykaj\u0105 si\u0119 p\u0142ynnie i bezg\u0142o\u015bnie. Zapomnij o trzaskaniu drzwiczek! Podsumowuj\u0105c, ten zestaw mebli kuchennych Kam 300 cm sprawdzi si\u0119 w domach, mieszkaniach\u00a0 czy domkach letniskowych, zapewniaj\u0105c wygod\u0119 i trwa\u0142o\u015b\u0107 na lata.<\/p>\n<h3><em><strong>Pokazany uk\u0142ad mebli jest jedynie inspiracj\u0105 \u2014 zaaran\u017cuj swoj\u0105 kuchni\u0119 tak, jak potrzebujesz!<\/strong><\/em><\/h3>\n<h3><strong>Zestaw mebli kuchennych Kam 300 cm Nr 10<\/strong><\/h3>\n<p>w sk\u0142ad zestawu wchodz\u0105 szafki dolne, szafki wisz\u0105ce, a tak\u017ce szafka pod zlewozmywak o szeroko\u015bci 80 cm. Zestaw jest bez blatu, natomiast jest mo\u017cliwo\u015b\u0107 dokupienia go w naszym sklepie. Dokupi\u0107 mo\u017cesz r\u00f3wnie\u017c okap kuchenny slim (podszafkowy) w kolorze bia\u0142ym lub czarnym o bardzo dobrych parametrach technicznych.<\/p>\n<p>SET DZ80 &#8211; szafka zlewowa 80 cm<br \/>\nSET DS60.1\/1 &#8211; szafka dolna o szeroko\u015bci 60 cm z jedn\u0105 szuflad\u0105<br \/>\nSET DP60 &#8211; szafka do zabudowy piekarnika 60 cm<br \/>\nSET D50.1 &#8211; szafka dolna o szeroko\u015bci 50 cm<br \/>\nSET D50.1 &#8211; szafka dolna o szeroko\u015bci 50 cm<\/p>\n<p>SET WW80\/71 &#8211; szafka wisz\u0105ca witryna o szeroko\u015bci 80 cm z przeszkleniem mlecznym<br \/>\nSET W60.1\/71 &#8211; szafka wisz\u0105ca o szeroko\u015bci 60 cm<br \/>\nSET W60.1\/71 &#8211; szafka wisz\u0105ca o szeroko\u015bci 60 cm<\/p>\n<p>SET COK\u00d3\u0141 200 &#8211; z p\u0142yty w kolorze bia\u0142a platyna\/d\u0105b z\u0142oty, d\u0142. 200 cm, wysoko\u015b\u0107 10 cm<br \/>\nSET COK\u00d3\u0141 200 &#8211; p\u0142yty w kolorze bia\u0142a platyna\/d\u0105b z\u0142oty, d\u0142. 200 cm, wysoko\u015b\u0107 10 cm<\/p>\n<h3>Materia\u0142 wykonania prezentowanych mebli kuchennych:<\/h3>\n<ol>\n<li>fronty laminowane o grubo\u015bci 18 mm w kolorze d\u0105b z\u0142oty lub bia\u0142y platynowy<\/li>\n<li>korpus bia\u0142y o grubo\u015bci 16 mm<\/li>\n<li>uchwyt metalowy w szafkach dolnych i w s\u0142upkach<\/li>\n<li>szafki wisz\u0105ce bez uchwytu ze sp\u0142yconym wie\u0144cem &#8211; wygodne otwieranie podchwytem<\/li>\n<\/ol>\n","protected":false},"excerpt":{"rendered":"<p>Zestaw mebli kuchennych KAM o szeroko\u015bci 300 cm oferuje osiem szafek i dwa coko\u0142y, \u0142\u0105cz\u0105c funkcjonalno\u015b\u0107 i trwa\u0142o\u015b\u0107. Wybierz biel, d\u0105b z\u0142oty lub ich po\u0142\u0105czenie, tworz\u0105c nowoczesn\u0105 lub klasyczn\u0105 przestrze\u0144 kuchenn\u0105.<\/p>\n","protected":false},"featured_media":8038,"template":"","meta":[],"product_brand":[710],"product_cat":[15,455,458,466],"product_tag":[208,213,206,100,200,210,212,209,211,207],"class_list":{"0":"post-7928","1":"product","2":"type-product","3":"status-publish","4":"has-post-thumbnail","6":"product_brand-meble-kam","7":"product_cat-uncategorized","8":"product_cat-tanie-kuchnie","9":"product_cat-kam-set","10":"product_cat-zestaw-mebli-kuchennych-300-cm","11":"product_tag-kuchnia-biala-i-dab-zloty","12":"product_tag-kuchnia-industrialna","13":"product_tag-kuchnia-kam-300-cm","14":"product_tag-kuchnia-nowoczesna","15":"product_tag-meble-kuchenne","16":"product_tag-meble-kuchenne-ekonomiczne","17":"product_tag-meble-kuchenne-na-wymiar","18":"product_tag-szafki-kuchenne-z-cichym-domykaniem","19":"product_tag-szafki-z-witryna","20":"product_tag-zestaw-mebli-do-kuchni","21":"product_shipping_class-zestawy","23":"first","24":"instock","25":"shipping-taxable","26":"purchasable","27":"product-type-variable"},"yoast_head":"<!-- This site is optimized with the Yoast SEO Premium plugin v25.0 (Yoast SEO v25.0) - https:\/\/yoast.com\/wordpress\/plugins\/seo\/ -->\n<title>Zestaw mebli kuchennych 300 cm Nr 10 - MebleKuchenne.PL - SKLEP<\/title>\n<meta name=\"description\" content=\"Zestaw mebli kuchennych KAM 300 cm Nr 10, styl, trwa\u0142o\u015b\u0107 i ciche domykanie. Wybierz biel lub drewno, stw\u00f3rz funkcjonaln\u0105 kuchni\u0119 na lata w atrakcyjnej cenie\" \/>\n<meta name=\"robots\" content=\"index, follow, max-snippet:-1, max-image-preview:large, max-video-preview:-1\" \/>\n<link rel=\"canonical\" href=\"https:\/\/meblekuchenne.pl\/sklep\/product\/zestaw-mebli-kuchennych-300-cm-nr-10\/\" \/>\n<meta property=\"og:locale\" content=\"pl_PL\" \/>\n<meta property=\"og:type\" content=\"article\" \/>\n<meta property=\"og:title\" content=\"Zestaw mebli kuchennych 300 cm Nr 10\" \/>\n<meta property=\"og:description\" content=\"Zestaw mebli kuchennych KAM 300 cm Nr 10, styl, trwa\u0142o\u015b\u0107 i ciche domykanie. Wybierz biel lub drewno, stw\u00f3rz funkcjonaln\u0105 kuchni\u0119 na lata w atrakcyjnej cenie\" \/>\n<meta property=\"og:url\" content=\"https:\/\/meblekuchenne.pl\/sklep\/product\/zestaw-mebli-kuchennych-300-cm-nr-10\/\" \/>\n<meta property=\"og:site_name\" content=\"MebleKuchenne.PL - SKLEP\" \/>\n<meta property=\"article:modified_time\" content=\"2025-04-28T08:54:57+00:00\" \/>\n<meta property=\"og:image\" content=\"https:\/\/meblekuchenne.pl\/sklep\/wp-content\/uploads\/2025\/01\/zestaw30092-_w-2.webp\" \/>\n\t<meta property=\"og:image:width\" content=\"1920\" \/>\n\t<meta property=\"og:image:height\" content=\"1080\" \/>\n\t<meta property=\"og:image:type\" content=\"image\/webp\" \/>\n<meta name=\"twitter:card\" content=\"summary_large_image\" \/>\n<meta name=\"twitter:label1\" content=\"Dost\u0119pno\u015b\u0107\" \/>\n\t<meta name=\"twitter:data1\" content=\"Dost\u0119pny\" \/>\n<script type=\"application\/ld+json\" class=\"yoast-schema-graph\">{\"@context\":\"https:\/\/schema.org\",\"@graph\":[{\"@type\":\"WebPage\",\"@id\":\"https:\/\/meblekuchenne.pl\/sklep\/product\/zestaw-mebli-kuchennych-300-cm-nr-10\/\",\"url\":\"https:\/\/meblekuchenne.pl\/sklep\/product\/zestaw-mebli-kuchennych-300-cm-nr-10\/\",\"name\":\"Zestaw mebli kuchennych 300 cm Nr 10 - MebleKuchenne.PL - SKLEP\",\"isPartOf\":{\"@id\":\"https:\/\/meblekuchenne.pl\/sklep\/#website\"},\"primaryImageOfPage\":{\"@id\":\"https:\/\/meblekuchenne.pl\/sklep\/product\/zestaw-mebli-kuchennych-300-cm-nr-10\/#primaryimage\"},\"image\":{\"@id\":\"https:\/\/meblekuchenne.pl\/sklep\/product\/zestaw-mebli-kuchennych-300-cm-nr-10\/#primaryimage\"},\"thumbnailUrl\":\"https:\/\/meblekuchenne.pl\/sklep\/wp-content\/uploads\/2025\/01\/zestaw30092-_w-2.webp\",\"datePublished\":\"2025-01-02T00:36:54+00:00\",\"dateModified\":\"2025-04-28T08:54:57+00:00\",\"description\":\"Zestaw mebli kuchennych KAM 300 cm Nr 10, styl, trwa\u0142o\u015b\u0107 i ciche domykanie. Wybierz biel lub drewno, stw\u00f3rz funkcjonaln\u0105 kuchni\u0119 na lata w atrakcyjnej cenie\",\"breadcrumb\":{\"@id\":\"https:\/\/meblekuchenne.pl\/sklep\/product\/zestaw-mebli-kuchennych-300-cm-nr-10\/#breadcrumb\"},\"inLanguage\":\"pl-PL\",\"potentialAction\":[{\"@type\":\"ReadAction\",\"target\":[\"https:\/\/meblekuchenne.pl\/sklep\/product\/zestaw-mebli-kuchennych-300-cm-nr-10\/\"]}]},{\"@type\":\"ImageObject\",\"inLanguage\":\"pl-PL\",\"@id\":\"https:\/\/meblekuchenne.pl\/sklep\/product\/zestaw-mebli-kuchennych-300-cm-nr-10\/#primaryimage\",\"url\":\"https:\/\/meblekuchenne.pl\/sklep\/wp-content\/uploads\/2025\/01\/zestaw30092-_w-2.webp\",\"contentUrl\":\"https:\/\/meblekuchenne.pl\/sklep\/wp-content\/uploads\/2025\/01\/zestaw30092-_w-2.webp\",\"width\":1920,\"height\":1080},{\"@type\":\"BreadcrumbList\",\"@id\":\"https:\/\/meblekuchenne.pl\/sklep\/product\/zestaw-mebli-kuchennych-300-cm-nr-10\/#breadcrumb\",\"itemListElement\":[{\"@type\":\"ListItem\",\"position\":1,\"name\":\"Strona g\u0142\u00f3wna\",\"item\":\"https:\/\/meblekuchenne.pl\/sklep\/\"},{\"@type\":\"ListItem\",\"position\":2,\"name\":\"Sklep\",\"item\":\"https:\/\/meblekuchenne.pl\/sklep\/sklep\/\"},{\"@type\":\"ListItem\",\"position\":3,\"name\":\"Zestaw mebli kuchennych 300 cm Nr 10\"}]},{\"@type\":\"WebSite\",\"@id\":\"https:\/\/meblekuchenne.pl\/sklep\/#website\",\"url\":\"https:\/\/meblekuchenne.pl\/sklep\/\",\"name\":\"MebleKuchenne.PL - SKLEP\",\"description\":\"\",\"publisher\":{\"@id\":\"https:\/\/meblekuchenne.pl\/sklep\/#organization\"},\"potentialAction\":[{\"@type\":\"SearchAction\",\"target\":{\"@type\":\"EntryPoint\",\"urlTemplate\":\"https:\/\/meblekuchenne.pl\/sklep\/?s={search_term_string}\"},\"query-input\":{\"@type\":\"PropertyValueSpecification\",\"valueRequired\":true,\"valueName\":\"search_term_string\"}}],\"inLanguage\":\"pl-PL\"},{\"@type\":\"Organization\",\"@id\":\"https:\/\/meblekuchenne.pl\/sklep\/#organization\",\"name\":\"MebleKuchenne.PL - SKLEP\",\"url\":\"https:\/\/meblekuchenne.pl\/sklep\/\",\"logo\":{\"@type\":\"ImageObject\",\"inLanguage\":\"pl-PL\",\"@id\":\"https:\/\/meblekuchenne.pl\/sklep\/#\/schema\/logo\/image\/\",\"url\":\"https:\/\/meblekuchenne.pl\/sklep\/wp-content\/uploads\/2025\/06\/cropped-cropped-logo.webp\",\"contentUrl\":\"https:\/\/meblekuchenne.pl\/sklep\/wp-content\/uploads\/2025\/06\/cropped-cropped-logo.webp\",\"width\":735,\"height\":715,\"caption\":\"MebleKuchenne.PL - SKLEP\"},\"image\":{\"@id\":\"https:\/\/meblekuchenne.pl\/sklep\/#\/schema\/logo\/image\/\"}}]}<\/script>\n<meta property=\"og:availability\" content=\"instock\" \/>\n<meta property=\"product:availability\" content=\"instock\" \/>\n<meta property=\"product:retailer_item_id\" content=\"Zes300-10\" \/>\n<meta property=\"product:condition\" content=\"new\" \/>\n<!-- \/ Yoast SEO Premium plugin. -->","yoast_head_json":{"title":"Zestaw mebli kuchennych 300 cm Nr 10 - MebleKuchenne.PL - SKLEP","description":"Zestaw mebli kuchennych KAM 300 cm Nr 10, styl, trwa\u0142o\u015b\u0107 i ciche domykanie. Wybierz biel lub drewno, stw\u00f3rz funkcjonaln\u0105 kuchni\u0119 na lata w atrakcyjnej cenie","robots":{"index":"index","follow":"follow","max-snippet":"max-snippet:-1","max-image-preview":"max-image-preview:large","max-video-preview":"max-video-preview:-1"},"canonical":"https:\/\/meblekuchenne.pl\/sklep\/product\/zestaw-mebli-kuchennych-300-cm-nr-10\/","og_locale":"pl_PL","og_type":"article","og_title":"Zestaw mebli kuchennych 300 cm Nr 10","og_description":"Zestaw mebli kuchennych KAM 300 cm Nr 10, styl, trwa\u0142o\u015b\u0107 i ciche domykanie. Wybierz biel lub drewno, stw\u00f3rz funkcjonaln\u0105 kuchni\u0119 na lata w atrakcyjnej cenie","og_url":"https:\/\/meblekuchenne.pl\/sklep\/product\/zestaw-mebli-kuchennych-300-cm-nr-10\/","og_site_name":"MebleKuchenne.PL - SKLEP","article_modified_time":"2025-04-28T08:54:57+00:00","og_image":[{"width":1920,"height":1080,"url":"https:\/\/meblekuchenne.pl\/sklep\/wp-content\/uploads\/2025\/01\/zestaw30092-_w-2.webp","type":"image\/webp"}],"twitter_card":"summary_large_image","twitter_misc":{"Dost\u0119pno\u015b\u0107":"Dost\u0119pny"},"schema":{"@context":"https:\/\/schema.org","@graph":[{"@type":"WebPage","@id":"https:\/\/meblekuchenne.pl\/sklep\/product\/zestaw-mebli-kuchennych-300-cm-nr-10\/","url":"https:\/\/meblekuchenne.pl\/sklep\/product\/zestaw-mebli-kuchennych-300-cm-nr-10\/","name":"Zestaw mebli kuchennych 300 cm Nr 10 - MebleKuchenne.PL - SKLEP","isPartOf":{"@id":"https:\/\/meblekuchenne.pl\/sklep\/#website"},"primaryImageOfPage":{"@id":"https:\/\/meblekuchenne.pl\/sklep\/product\/zestaw-mebli-kuchennych-300-cm-nr-10\/#primaryimage"},"image":{"@id":"https:\/\/meblekuchenne.pl\/sklep\/product\/zestaw-mebli-kuchennych-300-cm-nr-10\/#primaryimage"},"thumbnailUrl":"https:\/\/meblekuchenne.pl\/sklep\/wp-content\/uploads\/2025\/01\/zestaw30092-_w-2.webp","datePublished":"2025-01-02T00:36:54+00:00","dateModified":"2025-04-28T08:54:57+00:00","description":"Zestaw mebli kuchennych KAM 300 cm Nr 10, styl, trwa\u0142o\u015b\u0107 i ciche domykanie. Wybierz biel lub drewno, stw\u00f3rz funkcjonaln\u0105 kuchni\u0119 na lata w atrakcyjnej cenie","breadcrumb":{"@id":"https:\/\/meblekuchenne.pl\/sklep\/product\/zestaw-mebli-kuchennych-300-cm-nr-10\/#breadcrumb"},"inLanguage":"pl-PL","potentialAction":[{"@type":"ReadAction","target":["https:\/\/meblekuchenne.pl\/sklep\/product\/zestaw-mebli-kuchennych-300-cm-nr-10\/"]}]},{"@type":"ImageObject","inLanguage":"pl-PL","@id":"https:\/\/meblekuchenne.pl\/sklep\/product\/zestaw-mebli-kuchennych-300-cm-nr-10\/#primaryimage","url":"https:\/\/meblekuchenne.pl\/sklep\/wp-content\/uploads\/2025\/01\/zestaw30092-_w-2.webp","contentUrl":"https:\/\/meblekuchenne.pl\/sklep\/wp-content\/uploads\/2025\/01\/zestaw30092-_w-2.webp","width":1920,"height":1080},{"@type":"BreadcrumbList","@id":"https:\/\/meblekuchenne.pl\/sklep\/product\/zestaw-mebli-kuchennych-300-cm-nr-10\/#breadcrumb","itemListElement":[{"@type":"ListItem","position":1,"name":"Strona g\u0142\u00f3wna","item":"https:\/\/meblekuchenne.pl\/sklep\/"},{"@type":"ListItem","position":2,"name":"Sklep","item":"https:\/\/meblekuchenne.pl\/sklep\/sklep\/"},{"@type":"ListItem","position":3,"name":"Zestaw mebli kuchennych 300 cm Nr 10"}]},{"@type":"WebSite","@id":"https:\/\/meblekuchenne.pl\/sklep\/#website","url":"https:\/\/meblekuchenne.pl\/sklep\/","name":"MebleKuchenne.PL - SKLEP","description":"","publisher":{"@id":"https:\/\/meblekuchenne.pl\/sklep\/#organization"},"potentialAction":[{"@type":"SearchAction","target":{"@type":"EntryPoint","urlTemplate":"https:\/\/meblekuchenne.pl\/sklep\/?s={search_term_string}"},"query-input":{"@type":"PropertyValueSpecification","valueRequired":true,"valueName":"search_term_string"}}],"inLanguage":"pl-PL"},{"@type":"Organization","@id":"https:\/\/meblekuchenne.pl\/sklep\/#organization","name":"MebleKuchenne.PL - SKLEP","url":"https:\/\/meblekuchenne.pl\/sklep\/","logo":{"@type":"ImageObject","inLanguage":"pl-PL","@id":"https:\/\/meblekuchenne.pl\/sklep\/#\/schema\/logo\/image\/","url":"https:\/\/meblekuchenne.pl\/sklep\/wp-content\/uploads\/2025\/06\/cropped-cropped-logo.webp","contentUrl":"https:\/\/meblekuchenne.pl\/sklep\/wp-content\/uploads\/2025\/06\/cropped-cropped-logo.webp","width":735,"height":715,"caption":"MebleKuchenne.PL - SKLEP"},"image":{"@id":"https:\/\/meblekuchenne.pl\/sklep\/#\/schema\/logo\/image\/"}}]},"og_availability":"instock","product_availability":"instock","product_retailer_item_id":"Zes300-10","product_condition":"new"},"_links":{"self":[{"href":"https:\/\/meblekuchenne.pl\/sklep\/wp-json\/wp\/v2\/product\/7928","targetHints":{"allow":["GET"]}}],"collection":[{"href":"https:\/\/meblekuchenne.pl\/sklep\/wp-json\/wp\/v2\/product"}],"about":[{"href":"https:\/\/meblekuchenne.pl\/sklep\/wp-json\/wp\/v2\/types\/product"}],"wp:featuredmedia":[{"embeddable":true,"href":"https:\/\/meblekuchenne.pl\/sklep\/wp-json\/wp\/v2\/media\/8038"}],"wp:attachment":[{"href":"https:\/\/meblekuchenne.pl\/sklep\/wp-json\/wp\/v2\/media?parent=7928"}],"wp:term":[{"taxonomy":"product_brand","embeddable":true,"href":"https:\/\/meblekuchenne.pl\/sklep\/wp-json\/wp\/v2\/product_brand?post=7928"},{"taxonomy":"product_cat","embeddable":true,"href":"https:\/\/meblekuchenne.pl\/sklep\/wp-json\/wp\/v2\/product_cat?post=7928"},{"taxonomy":"product_tag","embeddable":true,"href":"https:\/\/meblekuchenne.pl\/sklep\/wp-json\/wp\/v2\/product_tag?post=7928"}],"curies":[{"name":"wp","href":"https:\/\/api.w.org\/{rel}","templated":true}]}}