{"id":7927,"date":"2025-01-02T01:34:39","date_gmt":"2025-01-02T00:34:39","guid":{"rendered":"http:\/\/meblek88.webd.pro\/meblekuchenne\/?post_type=product&#038;p=7927"},"modified":"2026-04-08T21:07:01","modified_gmt":"2026-04-08T19:07:01","slug":"zestaw-mebli-kuchennych-300-cm-nr-9","status":"publish","type":"product","link":"https:\/\/meblekuchenne.pl\/sklep\/product\/zestaw-mebli-kuchennych-300-cm-nr-9\/","title":{"rendered":"Zestaw mebli kuchennych 300 cm Nr 9"},"content":{"rendered":"<h2><strong>Zestaw mebli kuchennych 300 cm Nr 9<\/strong><\/h2>\n<p>Zestaw mebli kuchennych o szeroko\u015bci 300 cm to <strong>doskona\u0142e rozwi\u0105zanie dla os\u00f3b poszukuj\u0105cych funkcjonalnej i ekonomicznej kuchni<\/strong> od renomowanego polskiego producenta KAM. Dost\u0119pny w dw\u00f3ch wariantach kolorystycznych \u2014 wybierz klasyczn\u0105 biel lub po\u0142\u0105cz bia\u0142y platynowy z ciep\u0142ym tonem d\u0119bu z\u0142otego, tworz\u0105c wyj\u0105tkowy styl dopasowany do Twoich preferencji. Mo\u017cesz tak\u017ce zdecydowa\u0107 si\u0119 na kompletn\u0105 kuchni\u0119 w kolorze d\u0105b z\u0142oty. Wyb\u00f3r nale\u017cy tylko do Ciebie!<\/p>\n<p><strong>Je\u015bli szukasz wytrzyma\u0142ych mebli kuchennych, kt\u00f3re \u0142\u0105cz\u0105 solidne wykonanie z przyst\u0119pn\u0105 cen\u0105<\/strong>, ten zestaw z pewno\u015bci\u0105 spe\u0142ni Twoje oczekiwania. Zale\u017cy Ci na trwa\u0142o\u015bci i estetyce, kt\u00f3ra przetrwa wiele lat? Dzi\u0119ki zestawowi KAM stworzysz kuchni\u0119 zgodn\u0105 z Twoj\u0105 wizj\u0105 \u2014 nowoczesn\u0105, klasyczn\u0105 lub inspirowan\u0105 stylem loftowym. Graj\u0105c detalami, kolorami i fakturami, mo\u017cesz doda\u0107 wn\u0119trzu niepowtarzalnego charakteru.<\/p>\n<p>Zestaw zawiera dziesi\u0119\u0107 szafek oraz dwa coko\u0142y maskuj\u0105ce n\u00f3\u017cki, co czyni go idealnym wyborem zar\u00f3wno do du\u017cych, przestronnych kuchni jak i do tych \u015bredniej wielko\u015bci. Mimo atrakcyjnej ceny, jako\u015b\u0107 materia\u0142\u00f3w i precyzyjne wykonanie dor\u00f3wnuj\u0105 znacznie dro\u017cszym zestawom.<\/p>\n<p><strong>Szafki wyposa\u017cone s\u0105 w ciche domykanie<\/strong> wi\u0119c fronty zamykaj\u0105 si\u0119 w spos\u00f3b lekki i p\u0142ynny. Zapomnij o trzaskaniu! Podsumowuj\u0105c, prezentowany zestaw mebli kuchennych Kam 300 cm bez w\u0105tpienia znajdzie zastosowanie w wielu r\u00f3\u017cnych wi\u0119kszych i mniejszych domach, domkach czy mieszkaniach.<\/p>\n<h4><em>Przedstawiony uk\u0142ad mebli to tylko propozycja \u2014 zaprojektuj swoj\u0105 kuchni\u0119 wed\u0142ug w\u0142asnego pomys\u0142u!<\/em><\/h4>\n<h3><strong>Zestaw mebli kuchennych Kam 300 cm Nr 9<\/strong><\/h3>\n<p>zawiera szafki dolne, szafki wisz\u0105ce, a tak\u017ce szafk\u0119 pod zlewozmywak o szeroko\u015bci 80 cm. Zestaw jest bez blatu, natomiast jest mo\u017cliwo\u015b\u0107 dokupienia go w naszym sklepie. Dokupi\u0107 mo\u017cesz r\u00f3wnie\u017c okap kuchenny slim (podszafkowy) w kolorze bia\u0142ym lub czarnym.<\/p>\n<p>SET DZ80 &#8211; szafka zlewowa 80 cm<br \/>\nSET DS60.1\/1 &#8211; szafka dolna o szeroko\u015bci 60 cm z jedn\u0105 szuflad\u0105<br \/>\nSET DP60 &#8211; szafka do zabudowy piekarnika 60 cm<br \/>\nSET D50.1 &#8211; szafka dolna o szeroko\u015bci 50 cm<br \/>\nSET D50.1 &#8211; szafka dolna o szeroko\u015bci 50 cm<\/p>\n<p>SET WW80\/71 &#8211; szafka wisz\u0105ca witryna o szeroko\u015bci 80 cm z przeszkleniem mlecznym<br \/>\nSET W60.1\/71 &#8211; szafka wisz\u0105ca 60 cm<br \/>\nSET W60.1\/71 &#8211; szafka wisz\u0105ca o szer. 60 cm (okap nie jest wliczony w cen\u0119)<br \/>\nSET W50.1\/71 &#8211; szafka wisz\u0105ca o szeroko\u015bci 50 cm<br \/>\nSET W50.1\/71 &#8211; szafka wisz\u0105ca o szeroko\u015bci 50 cm<\/p>\n<p>SET COK\u00d3\u0141 200 &#8211; z p\u0142yty w kolorze bia\u0142a platyna\/d\u0105b z\u0142oty, d\u0142. 200 cm, wysoko\u015b\u0107 10 cm<br \/>\nSET COK\u00d3\u0141 200 &#8211; p\u0142yty w kolorze bia\u0142a platyna\/d\u0105b z\u0142oty, d\u0142. 200 cm, wysoko\u015b\u0107 10 cm<\/p>\n<h3>Materia\u0142 wykonania prezentowanych mebli kuchennych:<\/h3>\n<ol>\n<li>fronty laminowane o grubo\u015bci 18 mm w kolorze d\u0105b z\u0142oty lub bia\u0142y platynowy<\/li>\n<li>korpus bia\u0142y o grubo\u015bci 16 mm<\/li>\n<li>uchwyt metalowy w szafkach dolnych i w s\u0142upkach<\/li>\n<li>szafki wisz\u0105ce bez uchwytu ze sp\u0142yconym wie\u0144cem &#8211; wygodne otwieranie podchwytem<\/li>\n<\/ol>\n","protected":false},"excerpt":{"rendered":"<p>Zestaw mebli kuchennych KAM o d\u0142ugo\u015bci 300 cm \u0142\u0105czy funkcjonalno\u015b\u0107, nowoczesny design i solidne wykonanie. Dost\u0119pny w wersji bia\u0142ej, d\u0105b z\u0142oty lub jako po\u0142\u0105czenie obu kolor\u00f3w. Idealny wyb\u00f3r do kuchni o ka\u017cdej wielko\u015bci \u2013 zawiera szafki dolne, szafki wisz\u0105ce, szafk\u0119 do zabudowy piekarnika.<\/p>\n","protected":false},"featured_media":8031,"template":"","meta":[],"product_brand":[710],"product_cat":[15,455,458,466],"product_tag":[205,202,159,190,203,201,78,204],"class_list":{"0":"post-7927","1":"product","2":"type-product","3":"status-publish","4":"has-post-thumbnail","6":"product_brand-meble-kam","7":"product_cat-uncategorized","8":"product_cat-tanie-kuchnie","9":"product_cat-kam-set","10":"product_cat-zestaw-mebli-kuchennych-300-cm","11":"product_tag-ekonomiczne-meble-kuchenne","12":"product_tag-kuchnia-biala","13":"product_tag-kuchnia-dab-zloty","14":"product_tag-kuchnia-z-cichym-domykaniem","15":"product_tag-meble-do-kuchni-300-cm","16":"product_tag-meble-kam-300-cm","17":"product_tag-zestaw-mebli-kuchennych","18":"product_tag-zestaw-mebli-z-okapem","19":"product_shipping_class-zestawy","21":"first","22":"instock","23":"shipping-taxable","24":"purchasable","25":"product-type-variable"},"yoast_head":"<!-- This site is optimized with the Yoast SEO Premium plugin v25.0 (Yoast SEO v25.0) - https:\/\/yoast.com\/wordpress\/plugins\/seo\/ -->\n<title>Zestaw mebli kuchennych 300 cm Nr 9 - MebleKuchenne.PL - SKLEP<\/title>\n<meta name=\"description\" content=\"Zestaw mebli kuchennych KAM o d\u0142. 300 cm \u0142\u0105czy funkcjonalno\u015b\u0107, nowoczesny design i solidne wykonanie. Dost\u0119pny w wersji bia\u0142ej i d\u0105b z\u0142oty. Zobacz!\" \/>\n<meta name=\"robots\" content=\"index, follow, max-snippet:-1, max-image-preview:large, max-video-preview:-1\" \/>\n<link rel=\"canonical\" href=\"https:\/\/meblekuchenne.pl\/sklep\/product\/zestaw-mebli-kuchennych-300-cm-nr-9\/\" \/>\n<meta property=\"og:locale\" content=\"pl_PL\" \/>\n<meta property=\"og:type\" content=\"article\" \/>\n<meta property=\"og:title\" content=\"Zestaw mebli kuchennych 300 cm Nr 9\" \/>\n<meta property=\"og:description\" content=\"Zestaw mebli kuchennych KAM o d\u0142. 300 cm \u0142\u0105czy funkcjonalno\u015b\u0107, nowoczesny design i solidne wykonanie. Dost\u0119pny w wersji bia\u0142ej i d\u0105b z\u0142oty. Zobacz!\" \/>\n<meta property=\"og:url\" content=\"https:\/\/meblekuchenne.pl\/sklep\/product\/zestaw-mebli-kuchennych-300-cm-nr-9\/\" \/>\n<meta property=\"og:site_name\" content=\"MebleKuchenne.PL - SKLEP\" \/>\n<meta property=\"article:modified_time\" content=\"2026-04-08T19:07:01+00:00\" \/>\n<meta property=\"og:image\" content=\"https:\/\/meblekuchenne.pl\/sklep\/wp-content\/uploads\/2025\/01\/zestaw30091-_w.webp\" \/>\n\t<meta property=\"og:image:width\" content=\"1920\" \/>\n\t<meta property=\"og:image:height\" content=\"1080\" \/>\n\t<meta property=\"og:image:type\" content=\"image\/webp\" \/>\n<meta name=\"twitter:card\" content=\"summary_large_image\" \/>\n<meta name=\"twitter:label1\" content=\"Dost\u0119pno\u015b\u0107\" \/>\n\t<meta name=\"twitter:data1\" content=\"Dost\u0119pny\" \/>\n<script type=\"application\/ld+json\" class=\"yoast-schema-graph\">{\"@context\":\"https:\/\/schema.org\",\"@graph\":[{\"@type\":\"WebPage\",\"@id\":\"https:\/\/meblekuchenne.pl\/sklep\/product\/zestaw-mebli-kuchennych-300-cm-nr-9\/\",\"url\":\"https:\/\/meblekuchenne.pl\/sklep\/product\/zestaw-mebli-kuchennych-300-cm-nr-9\/\",\"name\":\"Zestaw mebli kuchennych 300 cm Nr 9 - MebleKuchenne.PL - SKLEP\",\"isPartOf\":{\"@id\":\"https:\/\/meblekuchenne.pl\/sklep\/#website\"},\"primaryImageOfPage\":{\"@id\":\"https:\/\/meblekuchenne.pl\/sklep\/product\/zestaw-mebli-kuchennych-300-cm-nr-9\/#primaryimage\"},\"image\":{\"@id\":\"https:\/\/meblekuchenne.pl\/sklep\/product\/zestaw-mebli-kuchennych-300-cm-nr-9\/#primaryimage\"},\"thumbnailUrl\":\"https:\/\/meblekuchenne.pl\/sklep\/wp-content\/uploads\/2025\/01\/zestaw30091-_w.webp\",\"datePublished\":\"2025-01-02T00:34:39+00:00\",\"dateModified\":\"2026-04-08T19:07:01+00:00\",\"description\":\"Zestaw mebli kuchennych KAM o d\u0142. 300 cm \u0142\u0105czy funkcjonalno\u015b\u0107, nowoczesny design i solidne wykonanie. Dost\u0119pny w wersji bia\u0142ej i d\u0105b z\u0142oty. Zobacz!\",\"breadcrumb\":{\"@id\":\"https:\/\/meblekuchenne.pl\/sklep\/product\/zestaw-mebli-kuchennych-300-cm-nr-9\/#breadcrumb\"},\"inLanguage\":\"pl-PL\",\"potentialAction\":[{\"@type\":\"ReadAction\",\"target\":[\"https:\/\/meblekuchenne.pl\/sklep\/product\/zestaw-mebli-kuchennych-300-cm-nr-9\/\"]}]},{\"@type\":\"ImageObject\",\"inLanguage\":\"pl-PL\",\"@id\":\"https:\/\/meblekuchenne.pl\/sklep\/product\/zestaw-mebli-kuchennych-300-cm-nr-9\/#primaryimage\",\"url\":\"https:\/\/meblekuchenne.pl\/sklep\/wp-content\/uploads\/2025\/01\/zestaw30091-_w.webp\",\"contentUrl\":\"https:\/\/meblekuchenne.pl\/sklep\/wp-content\/uploads\/2025\/01\/zestaw30091-_w.webp\",\"width\":1920,\"height\":1080},{\"@type\":\"BreadcrumbList\",\"@id\":\"https:\/\/meblekuchenne.pl\/sklep\/product\/zestaw-mebli-kuchennych-300-cm-nr-9\/#breadcrumb\",\"itemListElement\":[{\"@type\":\"ListItem\",\"position\":1,\"name\":\"Strona g\u0142\u00f3wna\",\"item\":\"https:\/\/meblekuchenne.pl\/sklep\/\"},{\"@type\":\"ListItem\",\"position\":2,\"name\":\"Sklep\",\"item\":\"https:\/\/meblekuchenne.pl\/sklep\/sklep\/\"},{\"@type\":\"ListItem\",\"position\":3,\"name\":\"Zestaw mebli kuchennych 300 cm Nr 9\"}]},{\"@type\":\"WebSite\",\"@id\":\"https:\/\/meblekuchenne.pl\/sklep\/#website\",\"url\":\"https:\/\/meblekuchenne.pl\/sklep\/\",\"name\":\"MebleKuchenne.PL - SKLEP\",\"description\":\"\",\"publisher\":{\"@id\":\"https:\/\/meblekuchenne.pl\/sklep\/#organization\"},\"potentialAction\":[{\"@type\":\"SearchAction\",\"target\":{\"@type\":\"EntryPoint\",\"urlTemplate\":\"https:\/\/meblekuchenne.pl\/sklep\/?s={search_term_string}\"},\"query-input\":{\"@type\":\"PropertyValueSpecification\",\"valueRequired\":true,\"valueName\":\"search_term_string\"}}],\"inLanguage\":\"pl-PL\"},{\"@type\":\"Organization\",\"@id\":\"https:\/\/meblekuchenne.pl\/sklep\/#organization\",\"name\":\"MebleKuchenne.PL - SKLEP\",\"url\":\"https:\/\/meblekuchenne.pl\/sklep\/\",\"logo\":{\"@type\":\"ImageObject\",\"inLanguage\":\"pl-PL\",\"@id\":\"https:\/\/meblekuchenne.pl\/sklep\/#\/schema\/logo\/image\/\",\"url\":\"https:\/\/meblekuchenne.pl\/sklep\/wp-content\/uploads\/2025\/06\/cropped-cropped-logo.webp\",\"contentUrl\":\"https:\/\/meblekuchenne.pl\/sklep\/wp-content\/uploads\/2025\/06\/cropped-cropped-logo.webp\",\"width\":735,\"height\":715,\"caption\":\"MebleKuchenne.PL - SKLEP\"},\"image\":{\"@id\":\"https:\/\/meblekuchenne.pl\/sklep\/#\/schema\/logo\/image\/\"}}]}<\/script>\n<meta property=\"og:availability\" content=\"instock\" \/>\n<meta property=\"product:availability\" content=\"instock\" \/>\n<meta property=\"product:retailer_item_id\" content=\"Zes300-9\" \/>\n<meta property=\"product:condition\" content=\"new\" \/>\n<!-- \/ Yoast SEO Premium plugin. -->","yoast_head_json":{"title":"Zestaw mebli kuchennych 300 cm Nr 9 - MebleKuchenne.PL - SKLEP","description":"Zestaw mebli kuchennych KAM o d\u0142. 300 cm \u0142\u0105czy funkcjonalno\u015b\u0107, nowoczesny design i solidne wykonanie. Dost\u0119pny w wersji bia\u0142ej i d\u0105b z\u0142oty. Zobacz!","robots":{"index":"index","follow":"follow","max-snippet":"max-snippet:-1","max-image-preview":"max-image-preview:large","max-video-preview":"max-video-preview:-1"},"canonical":"https:\/\/meblekuchenne.pl\/sklep\/product\/zestaw-mebli-kuchennych-300-cm-nr-9\/","og_locale":"pl_PL","og_type":"article","og_title":"Zestaw mebli kuchennych 300 cm Nr 9","og_description":"Zestaw mebli kuchennych KAM o d\u0142. 300 cm \u0142\u0105czy funkcjonalno\u015b\u0107, nowoczesny design i solidne wykonanie. Dost\u0119pny w wersji bia\u0142ej i d\u0105b z\u0142oty. Zobacz!","og_url":"https:\/\/meblekuchenne.pl\/sklep\/product\/zestaw-mebli-kuchennych-300-cm-nr-9\/","og_site_name":"MebleKuchenne.PL - SKLEP","article_modified_time":"2026-04-08T19:07:01+00:00","og_image":[{"width":1920,"height":1080,"url":"https:\/\/meblekuchenne.pl\/sklep\/wp-content\/uploads\/2025\/01\/zestaw30091-_w.webp","type":"image\/webp"}],"twitter_card":"summary_large_image","twitter_misc":{"Dost\u0119pno\u015b\u0107":"Dost\u0119pny"},"schema":{"@context":"https:\/\/schema.org","@graph":[{"@type":"WebPage","@id":"https:\/\/meblekuchenne.pl\/sklep\/product\/zestaw-mebli-kuchennych-300-cm-nr-9\/","url":"https:\/\/meblekuchenne.pl\/sklep\/product\/zestaw-mebli-kuchennych-300-cm-nr-9\/","name":"Zestaw mebli kuchennych 300 cm Nr 9 - MebleKuchenne.PL - SKLEP","isPartOf":{"@id":"https:\/\/meblekuchenne.pl\/sklep\/#website"},"primaryImageOfPage":{"@id":"https:\/\/meblekuchenne.pl\/sklep\/product\/zestaw-mebli-kuchennych-300-cm-nr-9\/#primaryimage"},"image":{"@id":"https:\/\/meblekuchenne.pl\/sklep\/product\/zestaw-mebli-kuchennych-300-cm-nr-9\/#primaryimage"},"thumbnailUrl":"https:\/\/meblekuchenne.pl\/sklep\/wp-content\/uploads\/2025\/01\/zestaw30091-_w.webp","datePublished":"2025-01-02T00:34:39+00:00","dateModified":"2026-04-08T19:07:01+00:00","description":"Zestaw mebli kuchennych KAM o d\u0142. 300 cm \u0142\u0105czy funkcjonalno\u015b\u0107, nowoczesny design i solidne wykonanie. Dost\u0119pny w wersji bia\u0142ej i d\u0105b z\u0142oty. Zobacz!","breadcrumb":{"@id":"https:\/\/meblekuchenne.pl\/sklep\/product\/zestaw-mebli-kuchennych-300-cm-nr-9\/#breadcrumb"},"inLanguage":"pl-PL","potentialAction":[{"@type":"ReadAction","target":["https:\/\/meblekuchenne.pl\/sklep\/product\/zestaw-mebli-kuchennych-300-cm-nr-9\/"]}]},{"@type":"ImageObject","inLanguage":"pl-PL","@id":"https:\/\/meblekuchenne.pl\/sklep\/product\/zestaw-mebli-kuchennych-300-cm-nr-9\/#primaryimage","url":"https:\/\/meblekuchenne.pl\/sklep\/wp-content\/uploads\/2025\/01\/zestaw30091-_w.webp","contentUrl":"https:\/\/meblekuchenne.pl\/sklep\/wp-content\/uploads\/2025\/01\/zestaw30091-_w.webp","width":1920,"height":1080},{"@type":"BreadcrumbList","@id":"https:\/\/meblekuchenne.pl\/sklep\/product\/zestaw-mebli-kuchennych-300-cm-nr-9\/#breadcrumb","itemListElement":[{"@type":"ListItem","position":1,"name":"Strona g\u0142\u00f3wna","item":"https:\/\/meblekuchenne.pl\/sklep\/"},{"@type":"ListItem","position":2,"name":"Sklep","item":"https:\/\/meblekuchenne.pl\/sklep\/sklep\/"},{"@type":"ListItem","position":3,"name":"Zestaw mebli kuchennych 300 cm Nr 9"}]},{"@type":"WebSite","@id":"https:\/\/meblekuchenne.pl\/sklep\/#website","url":"https:\/\/meblekuchenne.pl\/sklep\/","name":"MebleKuchenne.PL - SKLEP","description":"","publisher":{"@id":"https:\/\/meblekuchenne.pl\/sklep\/#organization"},"potentialAction":[{"@type":"SearchAction","target":{"@type":"EntryPoint","urlTemplate":"https:\/\/meblekuchenne.pl\/sklep\/?s={search_term_string}"},"query-input":{"@type":"PropertyValueSpecification","valueRequired":true,"valueName":"search_term_string"}}],"inLanguage":"pl-PL"},{"@type":"Organization","@id":"https:\/\/meblekuchenne.pl\/sklep\/#organization","name":"MebleKuchenne.PL - SKLEP","url":"https:\/\/meblekuchenne.pl\/sklep\/","logo":{"@type":"ImageObject","inLanguage":"pl-PL","@id":"https:\/\/meblekuchenne.pl\/sklep\/#\/schema\/logo\/image\/","url":"https:\/\/meblekuchenne.pl\/sklep\/wp-content\/uploads\/2025\/06\/cropped-cropped-logo.webp","contentUrl":"https:\/\/meblekuchenne.pl\/sklep\/wp-content\/uploads\/2025\/06\/cropped-cropped-logo.webp","width":735,"height":715,"caption":"MebleKuchenne.PL - SKLEP"},"image":{"@id":"https:\/\/meblekuchenne.pl\/sklep\/#\/schema\/logo\/image\/"}}]},"og_availability":"instock","product_availability":"instock","product_retailer_item_id":"Zes300-9","product_condition":"new"},"_links":{"self":[{"href":"https:\/\/meblekuchenne.pl\/sklep\/wp-json\/wp\/v2\/product\/7927","targetHints":{"allow":["GET"]}}],"collection":[{"href":"https:\/\/meblekuchenne.pl\/sklep\/wp-json\/wp\/v2\/product"}],"about":[{"href":"https:\/\/meblekuchenne.pl\/sklep\/wp-json\/wp\/v2\/types\/product"}],"wp:featuredmedia":[{"embeddable":true,"href":"https:\/\/meblekuchenne.pl\/sklep\/wp-json\/wp\/v2\/media\/8031"}],"wp:attachment":[{"href":"https:\/\/meblekuchenne.pl\/sklep\/wp-json\/wp\/v2\/media?parent=7927"}],"wp:term":[{"taxonomy":"product_brand","embeddable":true,"href":"https:\/\/meblekuchenne.pl\/sklep\/wp-json\/wp\/v2\/product_brand?post=7927"},{"taxonomy":"product_cat","embeddable":true,"href":"https:\/\/meblekuchenne.pl\/sklep\/wp-json\/wp\/v2\/product_cat?post=7927"},{"taxonomy":"product_tag","embeddable":true,"href":"https:\/\/meblekuchenne.pl\/sklep\/wp-json\/wp\/v2\/product_tag?post=7927"}],"curies":[{"name":"wp","href":"https:\/\/api.w.org\/{rel}","templated":true}]}}