{"id":7923,"date":"2025-01-02T01:11:21","date_gmt":"2025-01-02T00:11:21","guid":{"rendered":"http:\/\/meblek88.webd.pro\/meblekuchenne\/?post_type=product&#038;p=7923"},"modified":"2025-04-28T10:54:48","modified_gmt":"2025-04-28T08:54:48","slug":"zestaw-mebli-kuchennych-300-cm-nr-5","status":"publish","type":"product","link":"https:\/\/meblekuchenne.pl\/sklep\/product\/zestaw-mebli-kuchennych-300-cm-nr-5\/","title":{"rendered":"Zestaw mebli kuchennych <br> 300 cm Nr 5"},"content":{"rendered":"<h2><strong>Zestaw mebli kuchennych 300 cm Nr 5<\/strong><\/h2>\n<p>Zestaw kuchenny o d\u0142ugo\u015bci 300 cm to doskona\u0142e rozwi\u0105zanie dla os\u00f3b poszukuj\u0105cych funkcjonalnej i przyst\u0119pnej cenowo kuchni od renomowanego polskiego producenta KAM. Do wyboru s\u0105 dwie wersje kolorystyczne \u2013 mo\u017cesz postawi\u0107 na eleganck\u0105 biel lub po\u0142\u0105czy\u0107 bia\u0142y platynowy z ciep\u0142ym odcieniem d\u0119bu z\u0142otego, tworz\u0105c unikalny styl zgodny z w\u0142asnymi upodobaniami.<\/p>\n<p>Ten zestaw mebli kuchennych to idealna opcja dla ka\u017cdego, kto szuka ekonomicznych rozwi\u0105za\u0144 bez kompromis\u00f3w w kwestii jako\u015bci. Solidne wykonanie zapewnia trwa\u0142o\u015b\u0107 na lata, a elastyczna aran\u017cacja przestrzeni pozwala na stworzenie zar\u00f3wno nowoczesnej, jak i klasycznej kuchni. Dzi\u0119ki zabawie dodatkami, kolorami oraz teksturami uzyskasz niepowtarzalny charakter swojego wn\u0119trza.<\/p>\n<p>Komplet mebli Kam zawiera \u0142\u0105cznie dziewi\u0119\u0107 szafek i dwa coko\u0142y maskuj\u0105ce n\u00f3\u017cki. Doskonale sprawdzi si\u0119 zar\u00f3wno w przestronnych pomieszczeniach, jak r\u00f3wnie\u017c w \u015bredniej wielko\u015bci kuchniach. Pomimo atrakcyjnej ceny, jako\u015b\u0107 materia\u0142\u00f3w i precyzja wykonania dor\u00f3wnuj\u0105 dro\u017cszym alternatywom.<\/p>\n<p>Ka\u017cda szafka wyposa\u017cona zosta\u0142a w system cichego domykania, co zapewnia p\u0142ynne i bezg\u0142o\u015bne zamykanie front\u00f3w \u2013 koniec z trzaskaniem! Zestaw ten znajdzie zastosowanie w domach prywatnych, mieszkaniach na wynajem czy domkach letniskowych.<\/p>\n<h3><em>Prezentowana konfiguracja mebli jest tylko jedn\u0105 z propozycji \u2013 to Ty decydujesz o ostatecznym uk\u0142adzie swojej kuchni!<\/em><\/h3>\n<h3>Zestaw mebli kuchennych 300 cm Nr 5:<\/h3>\n<p>Zestaw obejmuje dolne szafki, wisz\u0105ce szafki oraz szafk\u0119 pod zlewozmywak o szeroko\u015bci 80 cm. Blat nie jest do\u0142\u0105czony, ale mamy na to rozwi\u0105zanie, mo\u017cna go dokupi\u0107 w naszym sklepie. Mo\u017cesz dokupi\u0107 r\u00f3wnie\u017c okap w kolorze czarnym lub bia\u0142ym.<\/p>\n<ul>\n<li><strong>SET D80<\/strong> \u2013 szafka dolna 80 cm<\/li>\n<li><strong>SET DZ60.1<\/strong> \u2013 szafka pod zlewozmywak 60 cm<\/li>\n<li><strong>SET DP60<\/strong> \u2013 szafka pod piekarnik 60 cm<\/li>\n<li><strong>SET DS60.1\/1<\/strong> \u2013 szafka z szuflad\u0105 60 cm<\/li>\n<li><strong>SET SD40D2\/71<\/strong> \u2013 s\u0142upek spi\u017carnia 40 cm<\/li>\n<li><strong>SET W80\/71<\/strong> \u2013 szafka wisz\u0105ca 80 cm<\/li>\n<li><strong>SET W60.1\/71<\/strong> \u2013 szafka wisz\u0105ca 60 cm<\/li>\n<li><strong>SET W60.1\/71<\/strong> \u2013 szafka wisz\u0105ca 60 cm (na okap, brak w zestawie)<\/li>\n<li><strong>SET W60.1\/71<\/strong> \u2013 szafka wisz\u0105ca 60 cm<\/li>\n<li><strong>SET COK\u00d3\u0141 200<\/strong> \u2013 cok\u00f3\u0142 w kolorze bia\u0142a platyna\/d\u0105b z\u0142oty, 200 cm, 10 cm wysoko\u015bci (2 sztuki)<\/li>\n<\/ul>\n<h4>Materia\u0142y i wyko\u0144czenie:<\/h4>\n<ul>\n<li>Fronty: laminowane, grubo\u015b\u0107 18 mm, w kolorach d\u0105b z\u0142oty lub bia\u0142y platynowy<\/li>\n<li>Korpus: bia\u0142y, grubo\u015b\u0107 16 mm<\/li>\n<li>Uchwyty: metalowe w szafkach dolnych i s\u0142upkach<\/li>\n<li>Szafki wisz\u0105ce: bez uchwyt\u00f3w, otwierane podchwytem<\/li>\n<\/ul>\n","protected":false},"excerpt":{"rendered":"<p>Zestaw mebli kuchennych KAM o d\u0142ugo\u015bci 300 cm to ekonomiczne rozwi\u0105zanie \u0142\u0105cz\u0105ce styl i funkcjonalno\u015b\u0107. Dost\u0119pny w dw\u00f3ch kolorach: bia\u0142y platynowy i d\u0105b z\u0142oty. Idealny do nowoczesnych i klasycznych wn\u0119trz, wyposa\u017cony w system cichego domykania.<\/p>\n","protected":false},"featured_media":7995,"template":"","meta":[],"product_brand":[710],"product_cat":[15,455,458,466],"product_tag":[175,173,174,176,122,141,178,152,172,171,117,142,177,149],"class_list":{"0":"post-7923","1":"product","2":"type-product","3":"status-publish","4":"has-post-thumbnail","6":"product_brand-meble-kam","7":"product_cat-uncategorized","8":"product_cat-tanie-kuchnie","9":"product_cat-kam-set","10":"product_cat-zestaw-mebli-kuchennych-300-cm","11":"product_tag-ciche-domykanie-szafek","12":"product_tag-funkcjonalne-meble-kuchenne","13":"product_tag-klasyczna-kuchnia","14":"product_tag-kuchnia-bez-blatu","15":"product_tag-kuchnia-kam","16":"product_tag-meble-do-kuchni-na-wynajem","17":"product_tag-meble-do-kuchni-z-systemem-cichego-domykania","18":"product_tag-meble-kuchenne-300-cm","19":"product_tag-meble-kuchenne-bialy-platynowy","20":"product_tag-meble-kuchenne-dab-zloty","21":"product_tag-nowoczesna-kuchnia","22":"product_tag-polski-producent-mebli-kuchennych","23":"product_tag-szafki-kuchenne-kam","24":"product_tag-tani-zestaw-mebli-kuchennych","25":"product_shipping_class-zestawy","27":"first","28":"instock","29":"shipping-taxable","30":"purchasable","31":"product-type-variable"},"yoast_head":"<!-- This site is optimized with the Yoast SEO Premium plugin v25.0 (Yoast SEO v25.0) - https:\/\/yoast.com\/wordpress\/plugins\/seo\/ -->\n<title>Zestaw mebli kuchennych  300 cm Nr 5 - MebleKuchenne.PL - SKLEP<\/title>\n<meta name=\"description\" content=\"Zestaw mebli kuchennych 300 cm Nr 5 od polskiego producenta KAM. Funkcjonalna kuchnia w nowoczesnym lub klasycznym stylu. Kolory do wyboru,\" \/>\n<meta name=\"robots\" content=\"index, follow, max-snippet:-1, max-image-preview:large, max-video-preview:-1\" \/>\n<link rel=\"canonical\" href=\"https:\/\/meblekuchenne.pl\/sklep\/product\/zestaw-mebli-kuchennych-300-cm-nr-5\/\" \/>\n<meta property=\"og:locale\" content=\"pl_PL\" \/>\n<meta property=\"og:type\" content=\"article\" \/>\n<meta property=\"og:title\" content=\"Zestaw mebli kuchennych  300 cm Nr 5\" \/>\n<meta property=\"og:description\" content=\"Zestaw mebli kuchennych 300 cm Nr 5 od polskiego producenta KAM. Funkcjonalna kuchnia w nowoczesnym lub klasycznym stylu. Kolory do wyboru,\" \/>\n<meta property=\"og:url\" content=\"https:\/\/meblekuchenne.pl\/sklep\/product\/zestaw-mebli-kuchennych-300-cm-nr-5\/\" \/>\n<meta property=\"og:site_name\" content=\"MebleKuchenne.PL - SKLEP\" \/>\n<meta property=\"article:modified_time\" content=\"2025-04-28T08:54:48+00:00\" \/>\n<meta property=\"og:image\" content=\"https:\/\/meblekuchenne.pl\/sklep\/wp-content\/uploads\/2025\/01\/zestaw3005-1-_w.webp\" \/>\n\t<meta property=\"og:image:width\" content=\"1920\" \/>\n\t<meta property=\"og:image:height\" content=\"1080\" \/>\n\t<meta property=\"og:image:type\" content=\"image\/webp\" \/>\n<meta name=\"twitter:card\" content=\"summary_large_image\" \/>\n<meta name=\"twitter:label1\" content=\"Dost\u0119pno\u015b\u0107\" \/>\n\t<meta name=\"twitter:data1\" content=\"Dost\u0119pny\" \/>\n<script type=\"application\/ld+json\" class=\"yoast-schema-graph\">{\"@context\":\"https:\/\/schema.org\",\"@graph\":[{\"@type\":\"WebPage\",\"@id\":\"https:\/\/meblekuchenne.pl\/sklep\/product\/zestaw-mebli-kuchennych-300-cm-nr-5\/\",\"url\":\"https:\/\/meblekuchenne.pl\/sklep\/product\/zestaw-mebli-kuchennych-300-cm-nr-5\/\",\"name\":\"Zestaw mebli kuchennych 300 cm Nr 5 - MebleKuchenne.PL - SKLEP\",\"isPartOf\":{\"@id\":\"https:\/\/meblekuchenne.pl\/sklep\/#website\"},\"primaryImageOfPage\":{\"@id\":\"https:\/\/meblekuchenne.pl\/sklep\/product\/zestaw-mebli-kuchennych-300-cm-nr-5\/#primaryimage\"},\"image\":{\"@id\":\"https:\/\/meblekuchenne.pl\/sklep\/product\/zestaw-mebli-kuchennych-300-cm-nr-5\/#primaryimage\"},\"thumbnailUrl\":\"https:\/\/meblekuchenne.pl\/sklep\/wp-content\/uploads\/2025\/01\/zestaw3005-1-_w.webp\",\"datePublished\":\"2025-01-02T00:11:21+00:00\",\"dateModified\":\"2025-04-28T08:54:48+00:00\",\"description\":\"Zestaw mebli kuchennych 300 cm Nr 5 od polskiego producenta KAM. Funkcjonalna kuchnia w nowoczesnym lub klasycznym stylu. Kolory do wyboru,\",\"breadcrumb\":{\"@id\":\"https:\/\/meblekuchenne.pl\/sklep\/product\/zestaw-mebli-kuchennych-300-cm-nr-5\/#breadcrumb\"},\"inLanguage\":\"pl-PL\",\"potentialAction\":[{\"@type\":\"ReadAction\",\"target\":[\"https:\/\/meblekuchenne.pl\/sklep\/product\/zestaw-mebli-kuchennych-300-cm-nr-5\/\"]}]},{\"@type\":\"ImageObject\",\"inLanguage\":\"pl-PL\",\"@id\":\"https:\/\/meblekuchenne.pl\/sklep\/product\/zestaw-mebli-kuchennych-300-cm-nr-5\/#primaryimage\",\"url\":\"https:\/\/meblekuchenne.pl\/sklep\/wp-content\/uploads\/2025\/01\/zestaw3005-1-_w.webp\",\"contentUrl\":\"https:\/\/meblekuchenne.pl\/sklep\/wp-content\/uploads\/2025\/01\/zestaw3005-1-_w.webp\",\"width\":1920,\"height\":1080},{\"@type\":\"BreadcrumbList\",\"@id\":\"https:\/\/meblekuchenne.pl\/sklep\/product\/zestaw-mebli-kuchennych-300-cm-nr-5\/#breadcrumb\",\"itemListElement\":[{\"@type\":\"ListItem\",\"position\":1,\"name\":\"Strona g\u0142\u00f3wna\",\"item\":\"https:\/\/meblekuchenne.pl\/sklep\/\"},{\"@type\":\"ListItem\",\"position\":2,\"name\":\"Sklep\",\"item\":\"https:\/\/meblekuchenne.pl\/sklep\/sklep\/\"},{\"@type\":\"ListItem\",\"position\":3,\"name\":\"Zestaw mebli kuchennych 300 cm Nr 5\"}]},{\"@type\":\"WebSite\",\"@id\":\"https:\/\/meblekuchenne.pl\/sklep\/#website\",\"url\":\"https:\/\/meblekuchenne.pl\/sklep\/\",\"name\":\"MebleKuchenne.PL - SKLEP\",\"description\":\"\",\"publisher\":{\"@id\":\"https:\/\/meblekuchenne.pl\/sklep\/#organization\"},\"potentialAction\":[{\"@type\":\"SearchAction\",\"target\":{\"@type\":\"EntryPoint\",\"urlTemplate\":\"https:\/\/meblekuchenne.pl\/sklep\/?s={search_term_string}\"},\"query-input\":{\"@type\":\"PropertyValueSpecification\",\"valueRequired\":true,\"valueName\":\"search_term_string\"}}],\"inLanguage\":\"pl-PL\"},{\"@type\":\"Organization\",\"@id\":\"https:\/\/meblekuchenne.pl\/sklep\/#organization\",\"name\":\"MebleKuchenne.PL - SKLEP\",\"url\":\"https:\/\/meblekuchenne.pl\/sklep\/\",\"logo\":{\"@type\":\"ImageObject\",\"inLanguage\":\"pl-PL\",\"@id\":\"https:\/\/meblekuchenne.pl\/sklep\/#\/schema\/logo\/image\/\",\"url\":\"https:\/\/meblekuchenne.pl\/sklep\/wp-content\/uploads\/2025\/06\/cropped-cropped-logo.webp\",\"contentUrl\":\"https:\/\/meblekuchenne.pl\/sklep\/wp-content\/uploads\/2025\/06\/cropped-cropped-logo.webp\",\"width\":735,\"height\":715,\"caption\":\"MebleKuchenne.PL - SKLEP\"},\"image\":{\"@id\":\"https:\/\/meblekuchenne.pl\/sklep\/#\/schema\/logo\/image\/\"}}]}<\/script>\n<meta property=\"og:availability\" content=\"instock\" \/>\n<meta property=\"product:availability\" content=\"instock\" \/>\n<meta property=\"product:retailer_item_id\" content=\"Zes300-5\" \/>\n<meta property=\"product:condition\" content=\"new\" \/>\n<!-- \/ Yoast SEO Premium plugin. -->","yoast_head_json":{"title":"Zestaw mebli kuchennych  300 cm Nr 5 - MebleKuchenne.PL - SKLEP","description":"Zestaw mebli kuchennych 300 cm Nr 5 od polskiego producenta KAM. Funkcjonalna kuchnia w nowoczesnym lub klasycznym stylu. Kolory do wyboru,","robots":{"index":"index","follow":"follow","max-snippet":"max-snippet:-1","max-image-preview":"max-image-preview:large","max-video-preview":"max-video-preview:-1"},"canonical":"https:\/\/meblekuchenne.pl\/sklep\/product\/zestaw-mebli-kuchennych-300-cm-nr-5\/","og_locale":"pl_PL","og_type":"article","og_title":"Zestaw mebli kuchennych  300 cm Nr 5","og_description":"Zestaw mebli kuchennych 300 cm Nr 5 od polskiego producenta KAM. Funkcjonalna kuchnia w nowoczesnym lub klasycznym stylu. Kolory do wyboru,","og_url":"https:\/\/meblekuchenne.pl\/sklep\/product\/zestaw-mebli-kuchennych-300-cm-nr-5\/","og_site_name":"MebleKuchenne.PL - SKLEP","article_modified_time":"2025-04-28T08:54:48+00:00","og_image":[{"width":1920,"height":1080,"url":"https:\/\/meblekuchenne.pl\/sklep\/wp-content\/uploads\/2025\/01\/zestaw3005-1-_w.webp","type":"image\/webp"}],"twitter_card":"summary_large_image","twitter_misc":{"Dost\u0119pno\u015b\u0107":"Dost\u0119pny"},"schema":{"@context":"https:\/\/schema.org","@graph":[{"@type":"WebPage","@id":"https:\/\/meblekuchenne.pl\/sklep\/product\/zestaw-mebli-kuchennych-300-cm-nr-5\/","url":"https:\/\/meblekuchenne.pl\/sklep\/product\/zestaw-mebli-kuchennych-300-cm-nr-5\/","name":"Zestaw mebli kuchennych 300 cm Nr 5 - MebleKuchenne.PL - SKLEP","isPartOf":{"@id":"https:\/\/meblekuchenne.pl\/sklep\/#website"},"primaryImageOfPage":{"@id":"https:\/\/meblekuchenne.pl\/sklep\/product\/zestaw-mebli-kuchennych-300-cm-nr-5\/#primaryimage"},"image":{"@id":"https:\/\/meblekuchenne.pl\/sklep\/product\/zestaw-mebli-kuchennych-300-cm-nr-5\/#primaryimage"},"thumbnailUrl":"https:\/\/meblekuchenne.pl\/sklep\/wp-content\/uploads\/2025\/01\/zestaw3005-1-_w.webp","datePublished":"2025-01-02T00:11:21+00:00","dateModified":"2025-04-28T08:54:48+00:00","description":"Zestaw mebli kuchennych 300 cm Nr 5 od polskiego producenta KAM. Funkcjonalna kuchnia w nowoczesnym lub klasycznym stylu. Kolory do wyboru,","breadcrumb":{"@id":"https:\/\/meblekuchenne.pl\/sklep\/product\/zestaw-mebli-kuchennych-300-cm-nr-5\/#breadcrumb"},"inLanguage":"pl-PL","potentialAction":[{"@type":"ReadAction","target":["https:\/\/meblekuchenne.pl\/sklep\/product\/zestaw-mebli-kuchennych-300-cm-nr-5\/"]}]},{"@type":"ImageObject","inLanguage":"pl-PL","@id":"https:\/\/meblekuchenne.pl\/sklep\/product\/zestaw-mebli-kuchennych-300-cm-nr-5\/#primaryimage","url":"https:\/\/meblekuchenne.pl\/sklep\/wp-content\/uploads\/2025\/01\/zestaw3005-1-_w.webp","contentUrl":"https:\/\/meblekuchenne.pl\/sklep\/wp-content\/uploads\/2025\/01\/zestaw3005-1-_w.webp","width":1920,"height":1080},{"@type":"BreadcrumbList","@id":"https:\/\/meblekuchenne.pl\/sklep\/product\/zestaw-mebli-kuchennych-300-cm-nr-5\/#breadcrumb","itemListElement":[{"@type":"ListItem","position":1,"name":"Strona g\u0142\u00f3wna","item":"https:\/\/meblekuchenne.pl\/sklep\/"},{"@type":"ListItem","position":2,"name":"Sklep","item":"https:\/\/meblekuchenne.pl\/sklep\/sklep\/"},{"@type":"ListItem","position":3,"name":"Zestaw mebli kuchennych 300 cm Nr 5"}]},{"@type":"WebSite","@id":"https:\/\/meblekuchenne.pl\/sklep\/#website","url":"https:\/\/meblekuchenne.pl\/sklep\/","name":"MebleKuchenne.PL - SKLEP","description":"","publisher":{"@id":"https:\/\/meblekuchenne.pl\/sklep\/#organization"},"potentialAction":[{"@type":"SearchAction","target":{"@type":"EntryPoint","urlTemplate":"https:\/\/meblekuchenne.pl\/sklep\/?s={search_term_string}"},"query-input":{"@type":"PropertyValueSpecification","valueRequired":true,"valueName":"search_term_string"}}],"inLanguage":"pl-PL"},{"@type":"Organization","@id":"https:\/\/meblekuchenne.pl\/sklep\/#organization","name":"MebleKuchenne.PL - SKLEP","url":"https:\/\/meblekuchenne.pl\/sklep\/","logo":{"@type":"ImageObject","inLanguage":"pl-PL","@id":"https:\/\/meblekuchenne.pl\/sklep\/#\/schema\/logo\/image\/","url":"https:\/\/meblekuchenne.pl\/sklep\/wp-content\/uploads\/2025\/06\/cropped-cropped-logo.webp","contentUrl":"https:\/\/meblekuchenne.pl\/sklep\/wp-content\/uploads\/2025\/06\/cropped-cropped-logo.webp","width":735,"height":715,"caption":"MebleKuchenne.PL - SKLEP"},"image":{"@id":"https:\/\/meblekuchenne.pl\/sklep\/#\/schema\/logo\/image\/"}}]},"og_availability":"instock","product_availability":"instock","product_retailer_item_id":"Zes300-5","product_condition":"new"},"_links":{"self":[{"href":"https:\/\/meblekuchenne.pl\/sklep\/wp-json\/wp\/v2\/product\/7923","targetHints":{"allow":["GET"]}}],"collection":[{"href":"https:\/\/meblekuchenne.pl\/sklep\/wp-json\/wp\/v2\/product"}],"about":[{"href":"https:\/\/meblekuchenne.pl\/sklep\/wp-json\/wp\/v2\/types\/product"}],"wp:featuredmedia":[{"embeddable":true,"href":"https:\/\/meblekuchenne.pl\/sklep\/wp-json\/wp\/v2\/media\/7995"}],"wp:attachment":[{"href":"https:\/\/meblekuchenne.pl\/sklep\/wp-json\/wp\/v2\/media?parent=7923"}],"wp:term":[{"taxonomy":"product_brand","embeddable":true,"href":"https:\/\/meblekuchenne.pl\/sklep\/wp-json\/wp\/v2\/product_brand?post=7923"},{"taxonomy":"product_cat","embeddable":true,"href":"https:\/\/meblekuchenne.pl\/sklep\/wp-json\/wp\/v2\/product_cat?post=7923"},{"taxonomy":"product_tag","embeddable":true,"href":"https:\/\/meblekuchenne.pl\/sklep\/wp-json\/wp\/v2\/product_tag?post=7923"}],"curies":[{"name":"wp","href":"https:\/\/api.w.org\/{rel}","templated":true}]}}