{"id":7922,"date":"2025-01-02T01:06:42","date_gmt":"2025-01-02T00:06:42","guid":{"rendered":"http:\/\/meblek88.webd.pro\/meblekuchenne\/?post_type=product&#038;p=7922"},"modified":"2025-04-28T10:54:48","modified_gmt":"2025-04-28T08:54:48","slug":"zestaw-mebli-kuchennych-300-cm-nr-4","status":"publish","type":"product","link":"https:\/\/meblekuchenne.pl\/sklep\/product\/zestaw-mebli-kuchennych-300-cm-nr-4\/","title":{"rendered":"Zestaw mebli kuchennych <br> 300 cm Nr 4"},"content":{"rendered":"<h2><strong>Zestaw mebli kuchennych 300 cm Nr 4<\/strong><\/h2>\n<p>Zestaw mebli kuchennych o d\u0142ugo\u015bci 300 cm to najbardziej trafiona propozycja funkcjonalnej kuchni jak\u0105 daje nasz partner handlowy &#8211; polski producent mebli kuchennych KAM. Zestaw dost\u0119pny jest w dw\u00f3ch kolorach do wyboru tak jak jest to przedstawione na wizualizacjach. Kolory mo\u017cna zestawia\u0107 ze sob\u0105 dowolnie, \u0142\u0105czy\u0107 je lub postawi\u0107 na kuchni\u0119 w jednym kolorze &#8211; bia\u0142\u0105 lub d\u0105b z\u0142oty. Wyb\u00f3r zale\u017cy wy\u0142\u0105cznie od Ciebie i od Twoich upodoba\u0144.<\/p>\n<p><strong>Je\u015bli szukasz solidnych zestaw\u00f3w mebli kuchennych<\/strong> w to jest to niew\u0105tpliwie najlepsza propozycja na rynku. Zale\u017cy Ci na dobrej jako\u015bci wykonania i <strong>meblach, kt\u00f3re b\u0119d\u0105 Ci s\u0142u\u017cy\u0107 d\u0142ugie lata?<\/strong> Z\u00a0 tymi meblami kuchennymi Kam zaaran\u017cujesz swoj\u0105 przestrze\u0144 jak tylko sobie zamarzysz. Mo\u017cesz nada\u0107 jej charakter kuchni nowoczesnej, kuchni klasycznej czy nawet kuchni w stylu loft.<\/p>\n<p>Ten zestaw mebli kuchennych Kam zawiera \u0142\u0105cznie 9 szafek i 2 coko\u0142y do zas\u0142oni\u0119cia n\u00f3\u017cek meblowych przy pod\u0142odze. Meble te idealnie b\u0119d\u0105 si\u0119 prezentowa\u0107 zar\u00f3wno w wi\u0119kszych jak i w \u015bredniej wielko\u015bci kuchniach. Mimo, i\u017c to niedrogi zestaw mebli do kuchni to jego<strong> jako\u015b\u0107 wykonania jest bardzo dobra, w konsekwencji czego absolutnie w niczym nie ust\u0119puje innym dro\u017cszym meblom kuchennym<\/strong>.<\/p>\n<p><strong>Szafki wyposa\u017cone s\u0105 w ciche domykanie<\/strong> wi\u0119c fronty zamykaj\u0105 si\u0119 w spos\u00f3b lekki i p\u0142ynny. Zapomnij o trzaskaniu! Podsumowuj\u0105c, prezentowany zestaw mebli kuchennych Kam 300 cm bez w\u0105tpienia znajdzie zastosowanie w wielu r\u00f3\u017cnych wi\u0119kszych i mniejszych domach, domkach czy mieszkaniach, r\u00f3wnie\u017c tych z przeznaczeniem na wynajem.<\/p>\n<p><em><strong>Ustawienie mebli jest wy\u0142\u0105cznie nasz\u0105 sugesti\u0105 &#8211; Ty ustaw swoj\u0105 kuchni\u0119 jak chcesz<\/strong><\/em><\/p>\n<h3><strong>Zestaw mebli kuchennych Kam 300 cm Nr 2:<\/strong><\/h3>\n<p>zawiera szafki dolne, wisz\u0105ce, s\u0142upek spi\u017carni\u0119, a tak\u017ce szafk\u0119 pod zlewozmywak o szeroko\u015bci 60 cm. Nie zawiera blatu, jednak\u017ce istnieje mo\u017cliwo\u015b\u0107 zakupienia go w naszym sklepie.<\/p>\n<p>SET D80 &#8211; szafka dolna o szeroko\u015bci 80 cm<br \/>\nSET DZ60.1 &#8211; szafka dolna zlewozmywakowa 60 cm<br \/>\nSET DP60 &#8211; szafka do zabudowy piekarnika 60 cm<br \/>\nSET DS60.1\/1 &#8211; szafka z jedn\u0105 szuflad\u0105 60 cm<br \/>\nSET SD40D2\/71 &#8211; s\u0142upek spi\u017carnia 40 cm<\/p>\n<p>SET WW80\/71 &#8211; szafka wisz\u0105ca witryna 80 cm, szk\u0142o mleczne<br \/>\nSET W60.1\/71 &#8211; szafka wisz\u0105ca szer. 60 cm<br \/>\nSET W60.1\/71 &#8211; szafka wisz\u0105ca do zabudowy okapu o szer. 60 cm (okap nie jest zawarty w cenie)<br \/>\nSET W60.1\/71 &#8211; szafka wisz\u0105ca szer. 60 cm<\/p>\n<p>SET COK\u00d3\u0141 200 &#8211; z p\u0142yty w kolorze bia\u0142a platyna lub d\u0105b z\u0142oty, d\u0142. 200 cm, wysoko\u015b\u0107 10 cm<br \/>\nSET COK\u00d3\u0141 200 &#8211; p\u0142yty w kolorze bia\u0142a platyna\/d\u0105b z\u0142oty, d\u0142. 200 cm, wysoko\u015b\u0107 10 cm<\/p>\n<h3>Materia\u0142 wykonania prezentowanych mebli kuchennych:<\/h3>\n<ol>\n<li>fronty laminowane o grubo\u015bci 18 mm w kolorze d\u0105b z\u0142oty lub bia\u0142y platynowy<\/li>\n<li>korpus bia\u0142y o grubo\u015bci 16 mm<\/li>\n<li>uchwyt metalowy w szafkach dolnych i w s\u0142upkach<\/li>\n<li>szafki wisz\u0105ce bez uchwytu ze sp\u0142yconym wie\u0144cem &#8211; wygodne otwieranie podchwytem<\/li>\n<\/ol>\n","protected":false},"excerpt":{"rendered":"<p>Zestaw mebli kuchennych Kam 300 cm Nr 4 to solidne rozwi\u0105zanie w przyst\u0119pnej cenie. Zawiera 8 szafek, w tym witryn\u0119 ze szk\u0142em mlecznym i szafk\u0119 do zabudowy piekarnika. Wyposa\u017cony w system cichego domykania i dost\u0119pny w kolorze d\u0105b z\u0142oty lub bia\u0142y platynowy<\/p>\n","protected":false},"featured_media":7986,"template":"","meta":[],"product_brand":[710],"product_cat":[15,455,458,466],"product_tag":[140,83,100,164,152,166,165,158],"class_list":{"0":"post-7922","1":"product","2":"type-product","3":"status-publish","4":"has-post-thumbnail","6":"product_brand-meble-kam","7":"product_cat-uncategorized","8":"product_cat-tanie-kuchnie","9":"product_cat-kam-set","10":"product_cat-zestaw-mebli-kuchennych-300-cm","11":"product_tag-bialy-platynowy","12":"product_tag-dab-zloty","13":"product_tag-kuchnia-nowoczesna","14":"product_tag-kuchnia-z-witryna","15":"product_tag-meble-kuchenne-300-cm","16":"product_tag-meble-z-cichym-domykaniem","17":"product_tag-zabudowa-piekarnika","18":"product_tag-zestaw-mebli-kam","19":"product_shipping_class-zestawy","21":"first","22":"instock","23":"shipping-taxable","24":"purchasable","25":"product-type-variable"},"yoast_head":"<!-- This site is optimized with the Yoast SEO Premium plugin v25.0 (Yoast SEO v25.0) - https:\/\/yoast.com\/wordpress\/plugins\/seo\/ -->\n<title>Zestaw mebli kuchennych  300 cm Nr 4 - MebleKuchenne.PL - SKLEP<\/title>\n<meta name=\"description\" content=\"Zestaw mebli kuchennych Kam 300 cm Nr 4 \u2013 funkcjonalna kuchnia z witryn\u0105 i szafk\u0105 do zabudowy piekarnika. Idealny do nowoczesnych i loftowych kuchni.\" \/>\n<meta name=\"robots\" content=\"index, follow, max-snippet:-1, max-image-preview:large, max-video-preview:-1\" \/>\n<link rel=\"canonical\" href=\"https:\/\/meblekuchenne.pl\/sklep\/product\/zestaw-mebli-kuchennych-300-cm-nr-4\/\" \/>\n<meta property=\"og:locale\" content=\"pl_PL\" \/>\n<meta property=\"og:type\" content=\"article\" \/>\n<meta property=\"og:title\" content=\"Zestaw mebli kuchennych  300 cm Nr 4\" \/>\n<meta property=\"og:description\" content=\"Zestaw mebli kuchennych Kam 300 cm Nr 4 \u2013 funkcjonalna kuchnia z witryn\u0105 i szafk\u0105 do zabudowy piekarnika. Idealny do nowoczesnych i loftowych kuchni.\" \/>\n<meta property=\"og:url\" content=\"https:\/\/meblekuchenne.pl\/sklep\/product\/zestaw-mebli-kuchennych-300-cm-nr-4\/\" \/>\n<meta property=\"og:site_name\" content=\"MebleKuchenne.PL - SKLEP\" \/>\n<meta property=\"article:modified_time\" content=\"2025-04-28T08:54:48+00:00\" \/>\n<meta property=\"og:image\" content=\"https:\/\/meblekuchenne.pl\/sklep\/wp-content\/uploads\/2025\/01\/zestaw30041-_w.webp\" \/>\n\t<meta property=\"og:image:width\" content=\"1920\" \/>\n\t<meta property=\"og:image:height\" content=\"1080\" \/>\n\t<meta property=\"og:image:type\" content=\"image\/webp\" \/>\n<meta name=\"twitter:card\" content=\"summary_large_image\" \/>\n<meta name=\"twitter:label1\" content=\"Dost\u0119pno\u015b\u0107\" \/>\n\t<meta name=\"twitter:data1\" content=\"Dost\u0119pny\" \/>\n<script type=\"application\/ld+json\" class=\"yoast-schema-graph\">{\"@context\":\"https:\/\/schema.org\",\"@graph\":[{\"@type\":\"WebPage\",\"@id\":\"https:\/\/meblekuchenne.pl\/sklep\/product\/zestaw-mebli-kuchennych-300-cm-nr-4\/\",\"url\":\"https:\/\/meblekuchenne.pl\/sklep\/product\/zestaw-mebli-kuchennych-300-cm-nr-4\/\",\"name\":\"Zestaw mebli kuchennych 300 cm Nr 4 - MebleKuchenne.PL - SKLEP\",\"isPartOf\":{\"@id\":\"https:\/\/meblekuchenne.pl\/sklep\/#website\"},\"primaryImageOfPage\":{\"@id\":\"https:\/\/meblekuchenne.pl\/sklep\/product\/zestaw-mebli-kuchennych-300-cm-nr-4\/#primaryimage\"},\"image\":{\"@id\":\"https:\/\/meblekuchenne.pl\/sklep\/product\/zestaw-mebli-kuchennych-300-cm-nr-4\/#primaryimage\"},\"thumbnailUrl\":\"https:\/\/meblekuchenne.pl\/sklep\/wp-content\/uploads\/2025\/01\/zestaw30041-_w.webp\",\"datePublished\":\"2025-01-02T00:06:42+00:00\",\"dateModified\":\"2025-04-28T08:54:48+00:00\",\"description\":\"Zestaw mebli kuchennych Kam 300 cm Nr 4 \u2013 funkcjonalna kuchnia z witryn\u0105 i szafk\u0105 do zabudowy piekarnika. Idealny do nowoczesnych i loftowych kuchni.\",\"breadcrumb\":{\"@id\":\"https:\/\/meblekuchenne.pl\/sklep\/product\/zestaw-mebli-kuchennych-300-cm-nr-4\/#breadcrumb\"},\"inLanguage\":\"pl-PL\",\"potentialAction\":[{\"@type\":\"ReadAction\",\"target\":[\"https:\/\/meblekuchenne.pl\/sklep\/product\/zestaw-mebli-kuchennych-300-cm-nr-4\/\"]}]},{\"@type\":\"ImageObject\",\"inLanguage\":\"pl-PL\",\"@id\":\"https:\/\/meblekuchenne.pl\/sklep\/product\/zestaw-mebli-kuchennych-300-cm-nr-4\/#primaryimage\",\"url\":\"https:\/\/meblekuchenne.pl\/sklep\/wp-content\/uploads\/2025\/01\/zestaw30041-_w.webp\",\"contentUrl\":\"https:\/\/meblekuchenne.pl\/sklep\/wp-content\/uploads\/2025\/01\/zestaw30041-_w.webp\",\"width\":1920,\"height\":1080},{\"@type\":\"BreadcrumbList\",\"@id\":\"https:\/\/meblekuchenne.pl\/sklep\/product\/zestaw-mebli-kuchennych-300-cm-nr-4\/#breadcrumb\",\"itemListElement\":[{\"@type\":\"ListItem\",\"position\":1,\"name\":\"Strona g\u0142\u00f3wna\",\"item\":\"https:\/\/meblekuchenne.pl\/sklep\/\"},{\"@type\":\"ListItem\",\"position\":2,\"name\":\"Sklep\",\"item\":\"https:\/\/meblekuchenne.pl\/sklep\/sklep\/\"},{\"@type\":\"ListItem\",\"position\":3,\"name\":\"Zestaw mebli kuchennych 300 cm Nr 4\"}]},{\"@type\":\"WebSite\",\"@id\":\"https:\/\/meblekuchenne.pl\/sklep\/#website\",\"url\":\"https:\/\/meblekuchenne.pl\/sklep\/\",\"name\":\"MebleKuchenne.PL - SKLEP\",\"description\":\"\",\"publisher\":{\"@id\":\"https:\/\/meblekuchenne.pl\/sklep\/#organization\"},\"potentialAction\":[{\"@type\":\"SearchAction\",\"target\":{\"@type\":\"EntryPoint\",\"urlTemplate\":\"https:\/\/meblekuchenne.pl\/sklep\/?s={search_term_string}\"},\"query-input\":{\"@type\":\"PropertyValueSpecification\",\"valueRequired\":true,\"valueName\":\"search_term_string\"}}],\"inLanguage\":\"pl-PL\"},{\"@type\":\"Organization\",\"@id\":\"https:\/\/meblekuchenne.pl\/sklep\/#organization\",\"name\":\"MebleKuchenne.PL - SKLEP\",\"url\":\"https:\/\/meblekuchenne.pl\/sklep\/\",\"logo\":{\"@type\":\"ImageObject\",\"inLanguage\":\"pl-PL\",\"@id\":\"https:\/\/meblekuchenne.pl\/sklep\/#\/schema\/logo\/image\/\",\"url\":\"https:\/\/meblekuchenne.pl\/sklep\/wp-content\/uploads\/2025\/06\/cropped-cropped-logo.webp\",\"contentUrl\":\"https:\/\/meblekuchenne.pl\/sklep\/wp-content\/uploads\/2025\/06\/cropped-cropped-logo.webp\",\"width\":735,\"height\":715,\"caption\":\"MebleKuchenne.PL - SKLEP\"},\"image\":{\"@id\":\"https:\/\/meblekuchenne.pl\/sklep\/#\/schema\/logo\/image\/\"}}]}<\/script>\n<meta property=\"og:availability\" content=\"instock\" \/>\n<meta property=\"product:availability\" content=\"instock\" \/>\n<meta property=\"product:retailer_item_id\" content=\"Zes300-4\" \/>\n<meta property=\"product:condition\" content=\"new\" \/>\n<!-- \/ Yoast SEO Premium plugin. -->","yoast_head_json":{"title":"Zestaw mebli kuchennych  300 cm Nr 4 - MebleKuchenne.PL - SKLEP","description":"Zestaw mebli kuchennych Kam 300 cm Nr 4 \u2013 funkcjonalna kuchnia z witryn\u0105 i szafk\u0105 do zabudowy piekarnika. Idealny do nowoczesnych i loftowych kuchni.","robots":{"index":"index","follow":"follow","max-snippet":"max-snippet:-1","max-image-preview":"max-image-preview:large","max-video-preview":"max-video-preview:-1"},"canonical":"https:\/\/meblekuchenne.pl\/sklep\/product\/zestaw-mebli-kuchennych-300-cm-nr-4\/","og_locale":"pl_PL","og_type":"article","og_title":"Zestaw mebli kuchennych  300 cm Nr 4","og_description":"Zestaw mebli kuchennych Kam 300 cm Nr 4 \u2013 funkcjonalna kuchnia z witryn\u0105 i szafk\u0105 do zabudowy piekarnika. Idealny do nowoczesnych i loftowych kuchni.","og_url":"https:\/\/meblekuchenne.pl\/sklep\/product\/zestaw-mebli-kuchennych-300-cm-nr-4\/","og_site_name":"MebleKuchenne.PL - SKLEP","article_modified_time":"2025-04-28T08:54:48+00:00","og_image":[{"width":1920,"height":1080,"url":"https:\/\/meblekuchenne.pl\/sklep\/wp-content\/uploads\/2025\/01\/zestaw30041-_w.webp","type":"image\/webp"}],"twitter_card":"summary_large_image","twitter_misc":{"Dost\u0119pno\u015b\u0107":"Dost\u0119pny"},"schema":{"@context":"https:\/\/schema.org","@graph":[{"@type":"WebPage","@id":"https:\/\/meblekuchenne.pl\/sklep\/product\/zestaw-mebli-kuchennych-300-cm-nr-4\/","url":"https:\/\/meblekuchenne.pl\/sklep\/product\/zestaw-mebli-kuchennych-300-cm-nr-4\/","name":"Zestaw mebli kuchennych 300 cm Nr 4 - MebleKuchenne.PL - SKLEP","isPartOf":{"@id":"https:\/\/meblekuchenne.pl\/sklep\/#website"},"primaryImageOfPage":{"@id":"https:\/\/meblekuchenne.pl\/sklep\/product\/zestaw-mebli-kuchennych-300-cm-nr-4\/#primaryimage"},"image":{"@id":"https:\/\/meblekuchenne.pl\/sklep\/product\/zestaw-mebli-kuchennych-300-cm-nr-4\/#primaryimage"},"thumbnailUrl":"https:\/\/meblekuchenne.pl\/sklep\/wp-content\/uploads\/2025\/01\/zestaw30041-_w.webp","datePublished":"2025-01-02T00:06:42+00:00","dateModified":"2025-04-28T08:54:48+00:00","description":"Zestaw mebli kuchennych Kam 300 cm Nr 4 \u2013 funkcjonalna kuchnia z witryn\u0105 i szafk\u0105 do zabudowy piekarnika. Idealny do nowoczesnych i loftowych kuchni.","breadcrumb":{"@id":"https:\/\/meblekuchenne.pl\/sklep\/product\/zestaw-mebli-kuchennych-300-cm-nr-4\/#breadcrumb"},"inLanguage":"pl-PL","potentialAction":[{"@type":"ReadAction","target":["https:\/\/meblekuchenne.pl\/sklep\/product\/zestaw-mebli-kuchennych-300-cm-nr-4\/"]}]},{"@type":"ImageObject","inLanguage":"pl-PL","@id":"https:\/\/meblekuchenne.pl\/sklep\/product\/zestaw-mebli-kuchennych-300-cm-nr-4\/#primaryimage","url":"https:\/\/meblekuchenne.pl\/sklep\/wp-content\/uploads\/2025\/01\/zestaw30041-_w.webp","contentUrl":"https:\/\/meblekuchenne.pl\/sklep\/wp-content\/uploads\/2025\/01\/zestaw30041-_w.webp","width":1920,"height":1080},{"@type":"BreadcrumbList","@id":"https:\/\/meblekuchenne.pl\/sklep\/product\/zestaw-mebli-kuchennych-300-cm-nr-4\/#breadcrumb","itemListElement":[{"@type":"ListItem","position":1,"name":"Strona g\u0142\u00f3wna","item":"https:\/\/meblekuchenne.pl\/sklep\/"},{"@type":"ListItem","position":2,"name":"Sklep","item":"https:\/\/meblekuchenne.pl\/sklep\/sklep\/"},{"@type":"ListItem","position":3,"name":"Zestaw mebli kuchennych 300 cm Nr 4"}]},{"@type":"WebSite","@id":"https:\/\/meblekuchenne.pl\/sklep\/#website","url":"https:\/\/meblekuchenne.pl\/sklep\/","name":"MebleKuchenne.PL - SKLEP","description":"","publisher":{"@id":"https:\/\/meblekuchenne.pl\/sklep\/#organization"},"potentialAction":[{"@type":"SearchAction","target":{"@type":"EntryPoint","urlTemplate":"https:\/\/meblekuchenne.pl\/sklep\/?s={search_term_string}"},"query-input":{"@type":"PropertyValueSpecification","valueRequired":true,"valueName":"search_term_string"}}],"inLanguage":"pl-PL"},{"@type":"Organization","@id":"https:\/\/meblekuchenne.pl\/sklep\/#organization","name":"MebleKuchenne.PL - SKLEP","url":"https:\/\/meblekuchenne.pl\/sklep\/","logo":{"@type":"ImageObject","inLanguage":"pl-PL","@id":"https:\/\/meblekuchenne.pl\/sklep\/#\/schema\/logo\/image\/","url":"https:\/\/meblekuchenne.pl\/sklep\/wp-content\/uploads\/2025\/06\/cropped-cropped-logo.webp","contentUrl":"https:\/\/meblekuchenne.pl\/sklep\/wp-content\/uploads\/2025\/06\/cropped-cropped-logo.webp","width":735,"height":715,"caption":"MebleKuchenne.PL - SKLEP"},"image":{"@id":"https:\/\/meblekuchenne.pl\/sklep\/#\/schema\/logo\/image\/"}}]},"og_availability":"instock","product_availability":"instock","product_retailer_item_id":"Zes300-4","product_condition":"new"},"_links":{"self":[{"href":"https:\/\/meblekuchenne.pl\/sklep\/wp-json\/wp\/v2\/product\/7922","targetHints":{"allow":["GET"]}}],"collection":[{"href":"https:\/\/meblekuchenne.pl\/sklep\/wp-json\/wp\/v2\/product"}],"about":[{"href":"https:\/\/meblekuchenne.pl\/sklep\/wp-json\/wp\/v2\/types\/product"}],"wp:featuredmedia":[{"embeddable":true,"href":"https:\/\/meblekuchenne.pl\/sklep\/wp-json\/wp\/v2\/media\/7986"}],"wp:attachment":[{"href":"https:\/\/meblekuchenne.pl\/sklep\/wp-json\/wp\/v2\/media?parent=7922"}],"wp:term":[{"taxonomy":"product_brand","embeddable":true,"href":"https:\/\/meblekuchenne.pl\/sklep\/wp-json\/wp\/v2\/product_brand?post=7922"},{"taxonomy":"product_cat","embeddable":true,"href":"https:\/\/meblekuchenne.pl\/sklep\/wp-json\/wp\/v2\/product_cat?post=7922"},{"taxonomy":"product_tag","embeddable":true,"href":"https:\/\/meblekuchenne.pl\/sklep\/wp-json\/wp\/v2\/product_tag?post=7922"}],"curies":[{"name":"wp","href":"https:\/\/api.w.org\/{rel}","templated":true}]}}