{"id":7842,"date":"2024-12-31T01:38:47","date_gmt":"2024-12-31T00:38:47","guid":{"rendered":"http:\/\/meblek88.webd.pro\/meblekuchenne\/?post_type=product&#038;p=7842"},"modified":"2025-04-28T10:54:40","modified_gmt":"2025-04-28T08:54:40","slug":"zestaw-mebli-kuchennych-280-cm-nr-7","status":"publish","type":"product","link":"https:\/\/meblekuchenne.pl\/sklep\/product\/zestaw-mebli-kuchennych-280-cm-nr-7\/","title":{"rendered":"Zestaw mebli kuchennych <br>280 cm Nr 7"},"content":{"rendered":"<h2><strong>Zestaw mebli kuchennych 280 cm Nr 7<\/strong><\/h2>\n<p>Nowoczesny zestaw mebli kuchennych o d\u0142ugo\u015bci ca\u0142kowitej 280 cm to najlepsza propozycja niedrogiej, jako\u015bciowej i funkcjonalnej kuchni. Daje j\u0105 nam polski producent mebli kuchennych Kam. Proponowany zestaw dost\u0119pny jest w dw\u00f3ch topowych kolorach do wyboru. Dzi\u0119ki nam mo\u017cesz stworzy\u0107 kuchni\u0119 w zawsze modnej i eleganckiej bieli, albo te\u017c dowolnie zestawia\u0107 ze sob\u0105 kolor bia\u0142y platynowy i d\u0105b z\u0142oty. Pami\u0119taj, wyb\u00f3r zale\u017cy wy\u0142\u0105cznie od Ciebie i od Twoich wyj\u0105tkowych upodoba\u0144.<\/p>\n<p><strong>Je\u015bli szukasz zestawu tanich mebli kuchennych<\/strong> to jest to niew\u0105tpliwie jedna z najlepszych naszych propozycji na rynku. Ponadto je\u015bli zale\u017cy Ci na dobrej jako\u015bci wykonania kuchni i chcesz, \u017ceby <strong>meble s\u0142u\u017cy\u0142y Ci przez d\u0142ugie lata<\/strong> to tym bardziej jeste\u015b w dobrym miejscu, to kuchnia dla Ciebie.<\/p>\n<p>Z naszymi meblami kuchennymi Kam zaaran\u017cujesz swoj\u0105 przestrze\u0144 kuchenn\u0105 jak tylko sobie wymarzysz. Mo\u017cesz nada\u0107 jej zar\u00f3wno charakter kuchni nowoczesnej, kuchni klasycznej, kuchni loft. Baw si\u0119 dodatkami, kolorami i fakturami w swoim wn\u0119trzu i stw\u00f3rz co\u015b na swoj\u0105 miar\u0119, co\u015b unikatowego.<\/p>\n<p>W sk\u0142ad pokazanego zestawu mebli kuchennych Kam wchodzi \u0142\u0105cznie 8 szafek i 2 coko\u0142y do zas\u0142oni\u0119cia n\u00f3\u017cek meblowych. Meble te idealnie wkomponuj\u0105 si\u0119 zar\u00f3wno w wi\u0119ksze jak i w \u015bredniej wielko\u015bci pomieszczenia kuchenne. Mimo, i\u017c to tani zestaw mebli do kuchni to jego<strong> jako\u015b\u0107 wykonania jest bardzo dobra i absolutnie w niczym nie ust\u0119puje innym dro\u017cszym meblom kuchennym<\/strong>.<\/p>\n<p>Szafki wyposa\u017cone s\u0105 w ciche domykanie wi\u0119c fronty zamykaj\u0105 si\u0119 w spos\u00f3b lekki i p\u0142ynny. Zapomnij ju\u017c o trzaskaniu! Reasumuj\u0105c, proponowany przez nas tani zestaw mebli kuchennych Kam bez w\u0105tpienia znajdzie zastosowanie w wielu r\u00f3\u017cnych wi\u0119kszych i mniejszych domach, domkach czy mieszkaniach z r\u00f3\u017cnym przeznaczeniem.<\/p>\n<p><em><strong>Ustawienie mebli jest wy\u0142\u0105cznie nasz\u0105 sugesti\u0105 &#8211; Ty mo\u017cesz zrobi\u0107 to inaczej, zdecyduj jak chcesz!<\/strong><\/em><\/p>\n<h3><strong>\u00a0Zestaw mebli kuchennych Kam 280 cm Nr 7:<\/strong><\/h3>\n<p>zestaw mebli zawiera szafki dolne, szafki wisz\u0105ce, szafk\u0119 pod zlewozmywak o szeroko\u015bci 80 cm. Zestaw jest bez blatu, natomiast jest mo\u017cliwo\u015b\u0107 dokupienia go w naszym sklepie &#8211; wybierz ten, kt\u00f3ry Twoim zdaniem b\u0119dzie najlepiej pasowa\u0142. D\u0142ugo\u015b\u0107 zestawu 280 cm uwzgl\u0119dnia piekarnik 60 cm w zabudowie &#8211; okap kuchenny nie jest wliczony w cen\u0119.<\/p>\n<p>SET DZ80 &#8211; szafka zlewozmywakowa 80 cm<br \/>\nSET DP60 &#8211; szafka do zabudowy piekarnika 60 cm<br \/>\nSET DS60.1\/1 &#8211; szafka 60 cm z jedn\u0105 szuflad\u0105 ze spowalniaczem<br \/>\nSET D80 &#8211; szafka dolna o szeroko\u015bci 80 cm<\/p>\n<p>SET WW80\/71 &#8211; szafka wisz\u0105ca witryna o szeroko\u015bci 80 cm, szk\u0142o mleczne<br \/>\nSET W60.1\/71 &#8211; szafka wisz\u0105ca 60 cm<br \/>\nSET W60.1\/71 &#8211; szafka wisz\u0105ca 60 cm (bez okapu)\u00a0 \u00a0 \u00a0 \u00a0 \u00a0 \u00a0 \u00a0 \u00a0 \u00a0 \u00a0 \u00a0 \u00a0 \u00a0 \u00a0 \u00a0 \u00a0 \u00a0 \u00a0 \u00a0 \u00a0 \u00a0 \u00a0 \u00a0 \u00a0 \u00a0 \u00a0 \u00a0 \u00a0 \u00a0 \u00a0 \u00a0 \u00a0 \u00a0 \u00a0 \u00a0 \u00a0 \u00a0 \u00a0 \u00a0 \u00a0 \u00a0 \u00a0 \u00a0 \u00a0 \u00a0 \u00a0 \u00a0 \u00a0 \u00a0 \u00a0 \u00a0 \u00a0 \u00a0 \u00a0 \u00a0 \u00a0 \u00a0 \u00a0 \u00a0 \u00a0 \u00a0 \u00a0 \u00a0 \u00a0 \u00a0 \u00a0 \u00a0 \u00a0 \u00a0 \u00a0 \u00a0 \u00a0 \u00a0 \u00a0 \u00a0 \u00a0 \u00a0 SET WW80\/71 &#8211; szafka wisz\u0105ca witryna o szeroko\u015bci 80 cm, szk\u0142o mleczne<\/p>\n<p>SET COK\u00d3\u0141 200 &#8211; z p\u0142yty w kolorze bia\u0142a platyna\/d\u0105b z\u0142oty, d\u0142. 200 cm, wysoko\u015b\u0107 10 cm<br \/>\nSET COK\u00d3\u0141 200 &#8211; p\u0142yty w kolorze bia\u0142a platyna\/d\u0105b z\u0142oty, d\u0142. 200 cm, wysoko\u015b\u0107 10 cm<\/p>\n<h3>Materia\u0142 wykonania prezentowanych mebli kuchennych:<\/h3>\n<ol>\n<li>fronty laminowane o grubo\u015bci 18 mm w kolorze d\u0105b z\u0142oty lub bia\u0142y platynowy<\/li>\n<li>korpus bia\u0142y o grubo\u015bci 16 mm<\/li>\n<li>uchwyt metalowy w szafkach dolnych i w s\u0142upkach<\/li>\n<li>szafki wisz\u0105ce bez uchwytu ze sp\u0142yconym wie\u0144cem &#8211; wygodne otwieranie podchwytem<\/li>\n<\/ol>\n<p>&nbsp;<\/p>\n","protected":false},"excerpt":{"rendered":"<p>Zestaw mebli kuchennych Kam 280 cm Nr 7 zawiera 8 szafek, w tym dwie witryny ze szk\u0142em mlecznym. Idealna propozycja do nowoczesnych i klasycznych wn\u0119trz. Ciche domykanie, trwa\u0142e fronty laminowane.<\/p>\n<p>&nbsp;<\/p>\n","protected":false},"featured_media":7912,"template":"","meta":[],"product_brand":[710],"product_cat":[15,455,458,465],"product_tag":[140,151,83,144,131,117,123,150,139],"class_list":{"0":"post-7842","1":"product","2":"type-product","3":"status-publish","4":"has-post-thumbnail","6":"product_brand-meble-kam","7":"product_cat-uncategorized","8":"product_cat-tanie-kuchnie","9":"product_cat-kam-set","10":"product_cat-zestaw-mebli-kuchennych-280-cm","11":"product_tag-bialy-platynowy","12":"product_tag-ciche-domykanie","13":"product_tag-dab-zloty","14":"product_tag-kuchnia-z-piekarnikiem-w-zabudowie","15":"product_tag-meble-kuchenne-280-cm","16":"product_tag-nowoczesna-kuchnia","17":"product_tag-tanie-meble-kuchenne","18":"product_tag-witryna-ze-szklem-mlecznym","19":"product_tag-zestaw-mebli-kuchennych-kam","20":"product_shipping_class-zestawy","22":"first","23":"instock","24":"shipping-taxable","25":"purchasable","26":"product-type-variable"},"yoast_head":"<!-- This site is optimized with the Yoast SEO Premium plugin v25.0 (Yoast SEO v25.0) - https:\/\/yoast.com\/wordpress\/plugins\/seo\/ -->\n<title>Zestaw mebli kuchennych 280 cm Nr 7 - MebleKuchenne.PL - SKLEP<\/title>\n<meta name=\"description\" content=\"Meble kuchenne Kam 280 cm Nr 7 \u2013 to zestaw nowoczesny i funkcjonalny. Kuchnia z witrynami, miejscem na piekarnik w zabudowie i cichym domykaniem. Zobacz sam\" \/>\n<meta name=\"robots\" content=\"index, follow, max-snippet:-1, max-image-preview:large, max-video-preview:-1\" \/>\n<link rel=\"canonical\" href=\"https:\/\/meblekuchenne.pl\/sklep\/product\/zestaw-mebli-kuchennych-280-cm-nr-7\/\" \/>\n<meta property=\"og:locale\" content=\"pl_PL\" \/>\n<meta property=\"og:type\" content=\"article\" \/>\n<meta property=\"og:title\" content=\"Zestaw mebli kuchennych 280 cm Nr 7\" \/>\n<meta property=\"og:description\" content=\"Meble kuchenne Kam 280 cm Nr 7 \u2013 to zestaw nowoczesny i funkcjonalny. Kuchnia z witrynami, miejscem na piekarnik w zabudowie i cichym domykaniem. Zobacz sam\" \/>\n<meta property=\"og:url\" content=\"https:\/\/meblekuchenne.pl\/sklep\/product\/zestaw-mebli-kuchennych-280-cm-nr-7\/\" \/>\n<meta property=\"og:site_name\" content=\"MebleKuchenne.PL - SKLEP\" \/>\n<meta property=\"article:modified_time\" content=\"2025-04-28T08:54:40+00:00\" \/>\n<meta property=\"og:image\" content=\"https:\/\/meblekuchenne.pl\/sklep\/wp-content\/uploads\/2024\/12\/zestaw-28022-_w-2.webp\" \/>\n\t<meta property=\"og:image:width\" content=\"1920\" \/>\n\t<meta property=\"og:image:height\" content=\"1080\" \/>\n\t<meta property=\"og:image:type\" content=\"image\/webp\" \/>\n<meta name=\"twitter:card\" content=\"summary_large_image\" \/>\n<meta name=\"twitter:label1\" content=\"Dost\u0119pno\u015b\u0107\" \/>\n\t<meta name=\"twitter:data1\" content=\"Dost\u0119pny\" \/>\n<script type=\"application\/ld+json\" class=\"yoast-schema-graph\">{\"@context\":\"https:\/\/schema.org\",\"@graph\":[{\"@type\":\"WebPage\",\"@id\":\"https:\/\/meblekuchenne.pl\/sklep\/product\/zestaw-mebli-kuchennych-280-cm-nr-7\/\",\"url\":\"https:\/\/meblekuchenne.pl\/sklep\/product\/zestaw-mebli-kuchennych-280-cm-nr-7\/\",\"name\":\"Zestaw mebli kuchennych 280 cm Nr 7 - MebleKuchenne.PL - SKLEP\",\"isPartOf\":{\"@id\":\"https:\/\/meblekuchenne.pl\/sklep\/#website\"},\"primaryImageOfPage\":{\"@id\":\"https:\/\/meblekuchenne.pl\/sklep\/product\/zestaw-mebli-kuchennych-280-cm-nr-7\/#primaryimage\"},\"image\":{\"@id\":\"https:\/\/meblekuchenne.pl\/sklep\/product\/zestaw-mebli-kuchennych-280-cm-nr-7\/#primaryimage\"},\"thumbnailUrl\":\"https:\/\/meblekuchenne.pl\/sklep\/wp-content\/uploads\/2024\/12\/zestaw-28022-_w-2.webp\",\"datePublished\":\"2024-12-31T00:38:47+00:00\",\"dateModified\":\"2025-04-28T08:54:40+00:00\",\"description\":\"Meble kuchenne Kam 280 cm Nr 7 \u2013 to zestaw nowoczesny i funkcjonalny. Kuchnia z witrynami, miejscem na piekarnik w zabudowie i cichym domykaniem. Zobacz sam\",\"breadcrumb\":{\"@id\":\"https:\/\/meblekuchenne.pl\/sklep\/product\/zestaw-mebli-kuchennych-280-cm-nr-7\/#breadcrumb\"},\"inLanguage\":\"pl-PL\",\"potentialAction\":[{\"@type\":\"ReadAction\",\"target\":[\"https:\/\/meblekuchenne.pl\/sklep\/product\/zestaw-mebli-kuchennych-280-cm-nr-7\/\"]}]},{\"@type\":\"ImageObject\",\"inLanguage\":\"pl-PL\",\"@id\":\"https:\/\/meblekuchenne.pl\/sklep\/product\/zestaw-mebli-kuchennych-280-cm-nr-7\/#primaryimage\",\"url\":\"https:\/\/meblekuchenne.pl\/sklep\/wp-content\/uploads\/2024\/12\/zestaw-28022-_w-2.webp\",\"contentUrl\":\"https:\/\/meblekuchenne.pl\/sklep\/wp-content\/uploads\/2024\/12\/zestaw-28022-_w-2.webp\",\"width\":1920,\"height\":1080},{\"@type\":\"BreadcrumbList\",\"@id\":\"https:\/\/meblekuchenne.pl\/sklep\/product\/zestaw-mebli-kuchennych-280-cm-nr-7\/#breadcrumb\",\"itemListElement\":[{\"@type\":\"ListItem\",\"position\":1,\"name\":\"Strona g\u0142\u00f3wna\",\"item\":\"https:\/\/meblekuchenne.pl\/sklep\/\"},{\"@type\":\"ListItem\",\"position\":2,\"name\":\"Sklep\",\"item\":\"https:\/\/meblekuchenne.pl\/sklep\/sklep\/\"},{\"@type\":\"ListItem\",\"position\":3,\"name\":\"Zestaw mebli kuchennych 280 cm Nr 7\"}]},{\"@type\":\"WebSite\",\"@id\":\"https:\/\/meblekuchenne.pl\/sklep\/#website\",\"url\":\"https:\/\/meblekuchenne.pl\/sklep\/\",\"name\":\"MebleKuchenne.PL - SKLEP\",\"description\":\"\",\"publisher\":{\"@id\":\"https:\/\/meblekuchenne.pl\/sklep\/#organization\"},\"potentialAction\":[{\"@type\":\"SearchAction\",\"target\":{\"@type\":\"EntryPoint\",\"urlTemplate\":\"https:\/\/meblekuchenne.pl\/sklep\/?s={search_term_string}\"},\"query-input\":{\"@type\":\"PropertyValueSpecification\",\"valueRequired\":true,\"valueName\":\"search_term_string\"}}],\"inLanguage\":\"pl-PL\"},{\"@type\":\"Organization\",\"@id\":\"https:\/\/meblekuchenne.pl\/sklep\/#organization\",\"name\":\"MebleKuchenne.PL - SKLEP\",\"url\":\"https:\/\/meblekuchenne.pl\/sklep\/\",\"logo\":{\"@type\":\"ImageObject\",\"inLanguage\":\"pl-PL\",\"@id\":\"https:\/\/meblekuchenne.pl\/sklep\/#\/schema\/logo\/image\/\",\"url\":\"https:\/\/meblekuchenne.pl\/sklep\/wp-content\/uploads\/2025\/06\/cropped-cropped-logo.webp\",\"contentUrl\":\"https:\/\/meblekuchenne.pl\/sklep\/wp-content\/uploads\/2025\/06\/cropped-cropped-logo.webp\",\"width\":735,\"height\":715,\"caption\":\"MebleKuchenne.PL - SKLEP\"},\"image\":{\"@id\":\"https:\/\/meblekuchenne.pl\/sklep\/#\/schema\/logo\/image\/\"}}]}<\/script>\n<meta property=\"og:availability\" content=\"instock\" \/>\n<meta property=\"product:availability\" content=\"instock\" \/>\n<meta property=\"product:retailer_item_id\" content=\"Zes280-7\" \/>\n<meta property=\"product:condition\" content=\"new\" \/>\n<!-- \/ Yoast SEO Premium plugin. -->","yoast_head_json":{"title":"Zestaw mebli kuchennych 280 cm Nr 7 - MebleKuchenne.PL - SKLEP","description":"Meble kuchenne Kam 280 cm Nr 7 \u2013 to zestaw nowoczesny i funkcjonalny. Kuchnia z witrynami, miejscem na piekarnik w zabudowie i cichym domykaniem. Zobacz sam","robots":{"index":"index","follow":"follow","max-snippet":"max-snippet:-1","max-image-preview":"max-image-preview:large","max-video-preview":"max-video-preview:-1"},"canonical":"https:\/\/meblekuchenne.pl\/sklep\/product\/zestaw-mebli-kuchennych-280-cm-nr-7\/","og_locale":"pl_PL","og_type":"article","og_title":"Zestaw mebli kuchennych 280 cm Nr 7","og_description":"Meble kuchenne Kam 280 cm Nr 7 \u2013 to zestaw nowoczesny i funkcjonalny. Kuchnia z witrynami, miejscem na piekarnik w zabudowie i cichym domykaniem. Zobacz sam","og_url":"https:\/\/meblekuchenne.pl\/sklep\/product\/zestaw-mebli-kuchennych-280-cm-nr-7\/","og_site_name":"MebleKuchenne.PL - SKLEP","article_modified_time":"2025-04-28T08:54:40+00:00","og_image":[{"width":1920,"height":1080,"url":"https:\/\/meblekuchenne.pl\/sklep\/wp-content\/uploads\/2024\/12\/zestaw-28022-_w-2.webp","type":"image\/webp"}],"twitter_card":"summary_large_image","twitter_misc":{"Dost\u0119pno\u015b\u0107":"Dost\u0119pny"},"schema":{"@context":"https:\/\/schema.org","@graph":[{"@type":"WebPage","@id":"https:\/\/meblekuchenne.pl\/sklep\/product\/zestaw-mebli-kuchennych-280-cm-nr-7\/","url":"https:\/\/meblekuchenne.pl\/sklep\/product\/zestaw-mebli-kuchennych-280-cm-nr-7\/","name":"Zestaw mebli kuchennych 280 cm Nr 7 - MebleKuchenne.PL - SKLEP","isPartOf":{"@id":"https:\/\/meblekuchenne.pl\/sklep\/#website"},"primaryImageOfPage":{"@id":"https:\/\/meblekuchenne.pl\/sklep\/product\/zestaw-mebli-kuchennych-280-cm-nr-7\/#primaryimage"},"image":{"@id":"https:\/\/meblekuchenne.pl\/sklep\/product\/zestaw-mebli-kuchennych-280-cm-nr-7\/#primaryimage"},"thumbnailUrl":"https:\/\/meblekuchenne.pl\/sklep\/wp-content\/uploads\/2024\/12\/zestaw-28022-_w-2.webp","datePublished":"2024-12-31T00:38:47+00:00","dateModified":"2025-04-28T08:54:40+00:00","description":"Meble kuchenne Kam 280 cm Nr 7 \u2013 to zestaw nowoczesny i funkcjonalny. Kuchnia z witrynami, miejscem na piekarnik w zabudowie i cichym domykaniem. Zobacz sam","breadcrumb":{"@id":"https:\/\/meblekuchenne.pl\/sklep\/product\/zestaw-mebli-kuchennych-280-cm-nr-7\/#breadcrumb"},"inLanguage":"pl-PL","potentialAction":[{"@type":"ReadAction","target":["https:\/\/meblekuchenne.pl\/sklep\/product\/zestaw-mebli-kuchennych-280-cm-nr-7\/"]}]},{"@type":"ImageObject","inLanguage":"pl-PL","@id":"https:\/\/meblekuchenne.pl\/sklep\/product\/zestaw-mebli-kuchennych-280-cm-nr-7\/#primaryimage","url":"https:\/\/meblekuchenne.pl\/sklep\/wp-content\/uploads\/2024\/12\/zestaw-28022-_w-2.webp","contentUrl":"https:\/\/meblekuchenne.pl\/sklep\/wp-content\/uploads\/2024\/12\/zestaw-28022-_w-2.webp","width":1920,"height":1080},{"@type":"BreadcrumbList","@id":"https:\/\/meblekuchenne.pl\/sklep\/product\/zestaw-mebli-kuchennych-280-cm-nr-7\/#breadcrumb","itemListElement":[{"@type":"ListItem","position":1,"name":"Strona g\u0142\u00f3wna","item":"https:\/\/meblekuchenne.pl\/sklep\/"},{"@type":"ListItem","position":2,"name":"Sklep","item":"https:\/\/meblekuchenne.pl\/sklep\/sklep\/"},{"@type":"ListItem","position":3,"name":"Zestaw mebli kuchennych 280 cm Nr 7"}]},{"@type":"WebSite","@id":"https:\/\/meblekuchenne.pl\/sklep\/#website","url":"https:\/\/meblekuchenne.pl\/sklep\/","name":"MebleKuchenne.PL - SKLEP","description":"","publisher":{"@id":"https:\/\/meblekuchenne.pl\/sklep\/#organization"},"potentialAction":[{"@type":"SearchAction","target":{"@type":"EntryPoint","urlTemplate":"https:\/\/meblekuchenne.pl\/sklep\/?s={search_term_string}"},"query-input":{"@type":"PropertyValueSpecification","valueRequired":true,"valueName":"search_term_string"}}],"inLanguage":"pl-PL"},{"@type":"Organization","@id":"https:\/\/meblekuchenne.pl\/sklep\/#organization","name":"MebleKuchenne.PL - SKLEP","url":"https:\/\/meblekuchenne.pl\/sklep\/","logo":{"@type":"ImageObject","inLanguage":"pl-PL","@id":"https:\/\/meblekuchenne.pl\/sklep\/#\/schema\/logo\/image\/","url":"https:\/\/meblekuchenne.pl\/sklep\/wp-content\/uploads\/2025\/06\/cropped-cropped-logo.webp","contentUrl":"https:\/\/meblekuchenne.pl\/sklep\/wp-content\/uploads\/2025\/06\/cropped-cropped-logo.webp","width":735,"height":715,"caption":"MebleKuchenne.PL - SKLEP"},"image":{"@id":"https:\/\/meblekuchenne.pl\/sklep\/#\/schema\/logo\/image\/"}}]},"og_availability":"instock","product_availability":"instock","product_retailer_item_id":"Zes280-7","product_condition":"new"},"_links":{"self":[{"href":"https:\/\/meblekuchenne.pl\/sklep\/wp-json\/wp\/v2\/product\/7842","targetHints":{"allow":["GET"]}}],"collection":[{"href":"https:\/\/meblekuchenne.pl\/sklep\/wp-json\/wp\/v2\/product"}],"about":[{"href":"https:\/\/meblekuchenne.pl\/sklep\/wp-json\/wp\/v2\/types\/product"}],"wp:featuredmedia":[{"embeddable":true,"href":"https:\/\/meblekuchenne.pl\/sklep\/wp-json\/wp\/v2\/media\/7912"}],"wp:attachment":[{"href":"https:\/\/meblekuchenne.pl\/sklep\/wp-json\/wp\/v2\/media?parent=7842"}],"wp:term":[{"taxonomy":"product_brand","embeddable":true,"href":"https:\/\/meblekuchenne.pl\/sklep\/wp-json\/wp\/v2\/product_brand?post=7842"},{"taxonomy":"product_cat","embeddable":true,"href":"https:\/\/meblekuchenne.pl\/sklep\/wp-json\/wp\/v2\/product_cat?post=7842"},{"taxonomy":"product_tag","embeddable":true,"href":"https:\/\/meblekuchenne.pl\/sklep\/wp-json\/wp\/v2\/product_tag?post=7842"}],"curies":[{"name":"wp","href":"https:\/\/api.w.org\/{rel}","templated":true}]}}