{"id":7839,"date":"2024-12-31T01:38:37","date_gmt":"2024-12-31T00:38:37","guid":{"rendered":"http:\/\/meblek88.webd.pro\/meblekuchenne\/?post_type=product&#038;p=7839"},"modified":"2025-04-28T10:54:39","modified_gmt":"2025-04-28T08:54:39","slug":"zestaw-mebli-kuchennych-280-cm-nr-4","status":"publish","type":"product","link":"https:\/\/meblekuchenne.pl\/sklep\/product\/zestaw-mebli-kuchennych-280-cm-nr-4\/","title":{"rendered":"Zestaw mebli kuchennych <br>280 cm Nr 4"},"content":{"rendered":"<h2><strong>Zestaw mebli kuchennych 280 cm Nr 4<\/strong><\/h2>\n<p>Zestaw mebli kuchennych o d\u0142ugo\u015bci 280 cm to idealna propozycja niedrogiej, jako\u015bciowej i funkcjonalnej kuchni jak\u0105 daje polski producent mebli &#8211; KAM. Zestaw dost\u0119pny jest w dw\u00f3ch kolorach do wyboru. Mo\u017cesz stworzy\u0107 kuchni\u0119 w zawsze modnej i eleganckiej bieli, albo te\u017c dowolnie zestawia\u0107 ze sob\u0105 kolor bia\u0142y platynowy i d\u0105b z\u0142oty. Wyb\u00f3r zale\u017cy wy\u0142\u0105cznie od Ciebie i od Twoich wyj\u0105tkowych upodoba\u0144.<\/p>\n<p><strong>Je\u015bli szukasz taniego zestawu mebli kuchennych<\/strong> to jest to niew\u0105tpliwie jedna z najlepszych naszych propozycji. Ponadto je\u015bli zale\u017cy Ci na dobrej jako\u015bci wykonania kuchni i chcesz, \u017ceby <strong>meble te by\u0142y na d\u0142ugie lata<\/strong> to tym bardziej jeste\u015b w dobrym miejscu.<\/p>\n<p>Z naszymi meblami kuchennymi Kam zaaran\u017cujesz swoj\u0105 przestrze\u0144 jak tylko sobie wymarzysz. Mo\u017cesz nada\u0107 jej zar\u00f3wno charakter kuchni nowoczesnej jak i kuchni klasycznej. Baw si\u0119 dodatkami, kolorami i fakturami w swoim wn\u0119trzu i stw\u00f3rz co\u015b unikatowego.<\/p>\n<p>W sk\u0142ad pokazanego zestawu mebli kuchennych Kam wchodzi \u0142\u0105cznie 8 szafek i 2 coko\u0142y do zas\u0142oni\u0119cia n\u00f3\u017cek meblowych. Meble te idealnie wkomponuj\u0105 si\u0119 zar\u00f3wno w wi\u0119ksze jak i w \u015bredniej wielko\u015bci kuchnie. Mimo, i\u017c to tani zestaw mebli do kuchni to jego<strong> jako\u015b\u0107 wykonania jest bardzo dobra i absolutnie w niczym nie ust\u0119puje innym dro\u017cszym meblom kuchennym<\/strong>.<\/p>\n<p>Szafki wyposa\u017cone s\u0105 w ciche domykanie wi\u0119c fronty zamykaj\u0105 si\u0119 w spos\u00f3b lekki i p\u0142ynny. Zapomnij ju\u017c o trzaskaniu! Reasumuj\u0105c, proponowany przez nas tani zestaw mebli kuchennych Kam bez w\u0105tpienia znajdzie zastosowanie w wielu r\u00f3\u017cnych wi\u0119kszych i mniejszych domach, domkach czy mieszkaniach z r\u00f3\u017cnym przeznaczeniem.<\/p>\n<p><em><strong>Ustawienie mebli jest wy\u0142\u0105cznie nasz\u0105 sugesti\u0105 &#8211; Ty mo\u017cesz zrobi\u0107 to inaczej, zdecyduj jak chcesz!<\/strong><\/em><\/p>\n<h3><strong>\u00a0Zestaw mebli kuchennych Kam 280 cm Nr 4:<\/strong><\/h3>\n<p>zestaw mebli zawiera szafki dolne, szafki wisz\u0105ce, szafk\u0119 pod zlewozmywak o szeroko\u015bci 80 cm. Zestaw jest bez blatu, natomiast jest mo\u017cliwo\u015b\u0107 dokupienia go w naszym sklepie. D\u0142ugo\u015b\u0107 zestawu 280 cm uwzgl\u0119dnia piekarnik 60 cm w zabudowie &#8211; okap kuchenny nie jest wliczony w cen\u0119.<\/p>\n<p>SET DZ80 &#8211; szafka zlewozmywakowa 80 cm<br \/>\nSET DP60 &#8211; szafka do zabudowy piekarnika 60 cm<br \/>\nSET DS60.1\/1 &#8211; szafka 60 cm z jedn\u0105 szuflad\u0105 ze spowalniaczem<br \/>\nSET D80 &#8211; szafka dolna o szeroko\u015bci 80 cm<\/p>\n<p>SET W80\/71 &#8211; szafka wisz\u0105ca o szeroko\u015bci80 cm<br \/>\nSET W60.1\/71 &#8211; szafka wisz\u0105ca 60 cm<br \/>\nSET W60.1\/71 &#8211; szafka wisz\u0105ca 60 cm (bez okapu)<br \/>\nSET W80\/71 &#8211; szafka wisz\u0105ca o szeroko\u015bci 80 cm<\/p>\n<p>SET COK\u00d3\u0141 200 &#8211; z p\u0142yty w kolorze bia\u0142a platyna\/d\u0105b z\u0142oty, d\u0142. 200 cm, wysoko\u015b\u0107 10 cm<br \/>\nSET COK\u00d3\u0141 200 &#8211; p\u0142yty w kolorze bia\u0142a platyna\/d\u0105b z\u0142oty, d\u0142. 200 cm, wysoko\u015b\u0107 10 cm<\/p>\n<h3>Materia\u0142 wykonania prezentowanych mebli kuchennych:<\/h3>\n<ol>\n<li>fronty laminowane o grubo\u015bci 18 mm w kolorze d\u0105b z\u0142oty lub bia\u0142y platynowy<\/li>\n<li>korpus bia\u0142y o grubo\u015bci 16 mm<\/li>\n<li>uchwyt metalowy w szafkach dolnych i w s\u0142upkach<\/li>\n<li>szafki wisz\u0105ce bez uchwytu ze sp\u0142yconym wie\u0144cem &#8211; wygodne otwieranie podchwytem<\/li>\n<\/ol>\n<p>&nbsp;<\/p>\n","protected":false},"excerpt":{"rendered":"<p>Zestaw mebli kuchennych Kam 280 cm Nr 4 z 8 szafkami, miejscem na piekarnik w zabudowie, cichym domykaniem front\u00f3w i nowoczesnym designem. Wybierz spo\u015br\u00f3d modnych kolor\u00f3w bia\u0142y platynowy lub d\u0105b z\u0142oty.<\/p>\n","protected":false},"featured_media":7898,"template":"","meta":[],"product_brand":[710],"product_cat":[15,455,458,465],"product_tag":[140,83,144,141,131,148,147,149,143,139],"class_list":{"0":"post-7839","1":"product","2":"type-product","3":"status-publish","4":"has-post-thumbnail","6":"product_brand-meble-kam","7":"product_cat-uncategorized","8":"product_cat-tanie-kuchnie","9":"product_cat-kam-set","10":"product_cat-zestaw-mebli-kuchennych-280-cm","11":"product_tag-bialy-platynowy","12":"product_tag-dab-zloty","13":"product_tag-kuchnia-z-piekarnikiem-w-zabudowie","14":"product_tag-meble-do-kuchni-na-wynajem","15":"product_tag-meble-kuchenne-280-cm","16":"product_tag-nowoczesne-i-klasyczne-wnetrza","17":"product_tag-szafki-kuchenne-z-cichym-domykiem","18":"product_tag-tani-zestaw-mebli-kuchennych","19":"product_tag-tanie-meble-do-kuchni","20":"product_tag-zestaw-mebli-kuchennych-kam","21":"product_shipping_class-zestawy","23":"first","24":"instock","25":"shipping-taxable","26":"purchasable","27":"product-type-variable"},"yoast_head":"<!-- This site is optimized with the Yoast SEO Premium plugin v25.0 (Yoast SEO v25.0) - https:\/\/yoast.com\/wordpress\/plugins\/seo\/ -->\n<title>Zestaw mebli kuchennych 280 cm Nr 4 - MebleKuchenne.PL - SKLEP<\/title>\n<meta name=\"description\" content=\"Zestaw mebli kuchennych Kam 280 cm Nr 4 \u2013 funkcjonalne, tanie meble z miejscem na piekarnik w zabudowie. Dost\u0119pny w kolorach bia\u0142y platynowy i d\u0105b z\u0142oty.\" \/>\n<meta name=\"robots\" content=\"index, follow, max-snippet:-1, max-image-preview:large, max-video-preview:-1\" \/>\n<link rel=\"canonical\" href=\"https:\/\/meblekuchenne.pl\/sklep\/product\/zestaw-mebli-kuchennych-280-cm-nr-4\/\" \/>\n<meta property=\"og:locale\" content=\"pl_PL\" \/>\n<meta property=\"og:type\" content=\"article\" \/>\n<meta property=\"og:title\" content=\"Zestaw mebli kuchennych 280 cm Nr 4\" \/>\n<meta property=\"og:description\" content=\"Zestaw mebli kuchennych Kam 280 cm Nr 4 \u2013 funkcjonalne, tanie meble z miejscem na piekarnik w zabudowie. Dost\u0119pny w kolorach bia\u0142y platynowy i d\u0105b z\u0142oty.\" \/>\n<meta property=\"og:url\" content=\"https:\/\/meblekuchenne.pl\/sklep\/product\/zestaw-mebli-kuchennych-280-cm-nr-4\/\" \/>\n<meta property=\"og:site_name\" content=\"MebleKuchenne.PL - SKLEP\" \/>\n<meta property=\"article:modified_time\" content=\"2025-04-28T08:54:39+00:00\" \/>\n<meta property=\"og:image\" content=\"https:\/\/meblekuchenne.pl\/sklep\/wp-content\/uploads\/2024\/12\/zestaw-28041-_w.webp\" \/>\n\t<meta property=\"og:image:width\" content=\"1920\" \/>\n\t<meta property=\"og:image:height\" content=\"1080\" \/>\n\t<meta property=\"og:image:type\" content=\"image\/webp\" \/>\n<meta name=\"twitter:card\" content=\"summary_large_image\" \/>\n<meta name=\"twitter:label1\" content=\"Dost\u0119pno\u015b\u0107\" \/>\n\t<meta name=\"twitter:data1\" content=\"Dost\u0119pny\" \/>\n<script type=\"application\/ld+json\" class=\"yoast-schema-graph\">{\"@context\":\"https:\/\/schema.org\",\"@graph\":[{\"@type\":\"WebPage\",\"@id\":\"https:\/\/meblekuchenne.pl\/sklep\/product\/zestaw-mebli-kuchennych-280-cm-nr-4\/\",\"url\":\"https:\/\/meblekuchenne.pl\/sklep\/product\/zestaw-mebli-kuchennych-280-cm-nr-4\/\",\"name\":\"Zestaw mebli kuchennych 280 cm Nr 4 - MebleKuchenne.PL - SKLEP\",\"isPartOf\":{\"@id\":\"https:\/\/meblekuchenne.pl\/sklep\/#website\"},\"primaryImageOfPage\":{\"@id\":\"https:\/\/meblekuchenne.pl\/sklep\/product\/zestaw-mebli-kuchennych-280-cm-nr-4\/#primaryimage\"},\"image\":{\"@id\":\"https:\/\/meblekuchenne.pl\/sklep\/product\/zestaw-mebli-kuchennych-280-cm-nr-4\/#primaryimage\"},\"thumbnailUrl\":\"https:\/\/meblekuchenne.pl\/sklep\/wp-content\/uploads\/2024\/12\/zestaw-28041-_w.webp\",\"datePublished\":\"2024-12-31T00:38:37+00:00\",\"dateModified\":\"2025-04-28T08:54:39+00:00\",\"description\":\"Zestaw mebli kuchennych Kam 280 cm Nr 4 \u2013 funkcjonalne, tanie meble z miejscem na piekarnik w zabudowie. Dost\u0119pny w kolorach bia\u0142y platynowy i d\u0105b z\u0142oty.\",\"breadcrumb\":{\"@id\":\"https:\/\/meblekuchenne.pl\/sklep\/product\/zestaw-mebli-kuchennych-280-cm-nr-4\/#breadcrumb\"},\"inLanguage\":\"pl-PL\",\"potentialAction\":[{\"@type\":\"ReadAction\",\"target\":[\"https:\/\/meblekuchenne.pl\/sklep\/product\/zestaw-mebli-kuchennych-280-cm-nr-4\/\"]}]},{\"@type\":\"ImageObject\",\"inLanguage\":\"pl-PL\",\"@id\":\"https:\/\/meblekuchenne.pl\/sklep\/product\/zestaw-mebli-kuchennych-280-cm-nr-4\/#primaryimage\",\"url\":\"https:\/\/meblekuchenne.pl\/sklep\/wp-content\/uploads\/2024\/12\/zestaw-28041-_w.webp\",\"contentUrl\":\"https:\/\/meblekuchenne.pl\/sklep\/wp-content\/uploads\/2024\/12\/zestaw-28041-_w.webp\",\"width\":1920,\"height\":1080},{\"@type\":\"BreadcrumbList\",\"@id\":\"https:\/\/meblekuchenne.pl\/sklep\/product\/zestaw-mebli-kuchennych-280-cm-nr-4\/#breadcrumb\",\"itemListElement\":[{\"@type\":\"ListItem\",\"position\":1,\"name\":\"Strona g\u0142\u00f3wna\",\"item\":\"https:\/\/meblekuchenne.pl\/sklep\/\"},{\"@type\":\"ListItem\",\"position\":2,\"name\":\"Sklep\",\"item\":\"https:\/\/meblekuchenne.pl\/sklep\/sklep\/\"},{\"@type\":\"ListItem\",\"position\":3,\"name\":\"Zestaw mebli kuchennych 280 cm Nr 4\"}]},{\"@type\":\"WebSite\",\"@id\":\"https:\/\/meblekuchenne.pl\/sklep\/#website\",\"url\":\"https:\/\/meblekuchenne.pl\/sklep\/\",\"name\":\"MebleKuchenne.PL - SKLEP\",\"description\":\"\",\"publisher\":{\"@id\":\"https:\/\/meblekuchenne.pl\/sklep\/#organization\"},\"potentialAction\":[{\"@type\":\"SearchAction\",\"target\":{\"@type\":\"EntryPoint\",\"urlTemplate\":\"https:\/\/meblekuchenne.pl\/sklep\/?s={search_term_string}\"},\"query-input\":{\"@type\":\"PropertyValueSpecification\",\"valueRequired\":true,\"valueName\":\"search_term_string\"}}],\"inLanguage\":\"pl-PL\"},{\"@type\":\"Organization\",\"@id\":\"https:\/\/meblekuchenne.pl\/sklep\/#organization\",\"name\":\"MebleKuchenne.PL - SKLEP\",\"url\":\"https:\/\/meblekuchenne.pl\/sklep\/\",\"logo\":{\"@type\":\"ImageObject\",\"inLanguage\":\"pl-PL\",\"@id\":\"https:\/\/meblekuchenne.pl\/sklep\/#\/schema\/logo\/image\/\",\"url\":\"https:\/\/meblekuchenne.pl\/sklep\/wp-content\/uploads\/2025\/06\/cropped-cropped-logo.webp\",\"contentUrl\":\"https:\/\/meblekuchenne.pl\/sklep\/wp-content\/uploads\/2025\/06\/cropped-cropped-logo.webp\",\"width\":735,\"height\":715,\"caption\":\"MebleKuchenne.PL - SKLEP\"},\"image\":{\"@id\":\"https:\/\/meblekuchenne.pl\/sklep\/#\/schema\/logo\/image\/\"}}]}<\/script>\n<meta property=\"og:availability\" content=\"instock\" \/>\n<meta property=\"product:availability\" content=\"instock\" \/>\n<meta property=\"product:retailer_item_id\" content=\"Zes280-4\" \/>\n<meta property=\"product:condition\" content=\"new\" \/>\n<!-- \/ Yoast SEO Premium plugin. -->","yoast_head_json":{"title":"Zestaw mebli kuchennych 280 cm Nr 4 - MebleKuchenne.PL - SKLEP","description":"Zestaw mebli kuchennych Kam 280 cm Nr 4 \u2013 funkcjonalne, tanie meble z miejscem na piekarnik w zabudowie. Dost\u0119pny w kolorach bia\u0142y platynowy i d\u0105b z\u0142oty.","robots":{"index":"index","follow":"follow","max-snippet":"max-snippet:-1","max-image-preview":"max-image-preview:large","max-video-preview":"max-video-preview:-1"},"canonical":"https:\/\/meblekuchenne.pl\/sklep\/product\/zestaw-mebli-kuchennych-280-cm-nr-4\/","og_locale":"pl_PL","og_type":"article","og_title":"Zestaw mebli kuchennych 280 cm Nr 4","og_description":"Zestaw mebli kuchennych Kam 280 cm Nr 4 \u2013 funkcjonalne, tanie meble z miejscem na piekarnik w zabudowie. Dost\u0119pny w kolorach bia\u0142y platynowy i d\u0105b z\u0142oty.","og_url":"https:\/\/meblekuchenne.pl\/sklep\/product\/zestaw-mebli-kuchennych-280-cm-nr-4\/","og_site_name":"MebleKuchenne.PL - SKLEP","article_modified_time":"2025-04-28T08:54:39+00:00","og_image":[{"width":1920,"height":1080,"url":"https:\/\/meblekuchenne.pl\/sklep\/wp-content\/uploads\/2024\/12\/zestaw-28041-_w.webp","type":"image\/webp"}],"twitter_card":"summary_large_image","twitter_misc":{"Dost\u0119pno\u015b\u0107":"Dost\u0119pny"},"schema":{"@context":"https:\/\/schema.org","@graph":[{"@type":"WebPage","@id":"https:\/\/meblekuchenne.pl\/sklep\/product\/zestaw-mebli-kuchennych-280-cm-nr-4\/","url":"https:\/\/meblekuchenne.pl\/sklep\/product\/zestaw-mebli-kuchennych-280-cm-nr-4\/","name":"Zestaw mebli kuchennych 280 cm Nr 4 - MebleKuchenne.PL - SKLEP","isPartOf":{"@id":"https:\/\/meblekuchenne.pl\/sklep\/#website"},"primaryImageOfPage":{"@id":"https:\/\/meblekuchenne.pl\/sklep\/product\/zestaw-mebli-kuchennych-280-cm-nr-4\/#primaryimage"},"image":{"@id":"https:\/\/meblekuchenne.pl\/sklep\/product\/zestaw-mebli-kuchennych-280-cm-nr-4\/#primaryimage"},"thumbnailUrl":"https:\/\/meblekuchenne.pl\/sklep\/wp-content\/uploads\/2024\/12\/zestaw-28041-_w.webp","datePublished":"2024-12-31T00:38:37+00:00","dateModified":"2025-04-28T08:54:39+00:00","description":"Zestaw mebli kuchennych Kam 280 cm Nr 4 \u2013 funkcjonalne, tanie meble z miejscem na piekarnik w zabudowie. Dost\u0119pny w kolorach bia\u0142y platynowy i d\u0105b z\u0142oty.","breadcrumb":{"@id":"https:\/\/meblekuchenne.pl\/sklep\/product\/zestaw-mebli-kuchennych-280-cm-nr-4\/#breadcrumb"},"inLanguage":"pl-PL","potentialAction":[{"@type":"ReadAction","target":["https:\/\/meblekuchenne.pl\/sklep\/product\/zestaw-mebli-kuchennych-280-cm-nr-4\/"]}]},{"@type":"ImageObject","inLanguage":"pl-PL","@id":"https:\/\/meblekuchenne.pl\/sklep\/product\/zestaw-mebli-kuchennych-280-cm-nr-4\/#primaryimage","url":"https:\/\/meblekuchenne.pl\/sklep\/wp-content\/uploads\/2024\/12\/zestaw-28041-_w.webp","contentUrl":"https:\/\/meblekuchenne.pl\/sklep\/wp-content\/uploads\/2024\/12\/zestaw-28041-_w.webp","width":1920,"height":1080},{"@type":"BreadcrumbList","@id":"https:\/\/meblekuchenne.pl\/sklep\/product\/zestaw-mebli-kuchennych-280-cm-nr-4\/#breadcrumb","itemListElement":[{"@type":"ListItem","position":1,"name":"Strona g\u0142\u00f3wna","item":"https:\/\/meblekuchenne.pl\/sklep\/"},{"@type":"ListItem","position":2,"name":"Sklep","item":"https:\/\/meblekuchenne.pl\/sklep\/sklep\/"},{"@type":"ListItem","position":3,"name":"Zestaw mebli kuchennych 280 cm Nr 4"}]},{"@type":"WebSite","@id":"https:\/\/meblekuchenne.pl\/sklep\/#website","url":"https:\/\/meblekuchenne.pl\/sklep\/","name":"MebleKuchenne.PL - SKLEP","description":"","publisher":{"@id":"https:\/\/meblekuchenne.pl\/sklep\/#organization"},"potentialAction":[{"@type":"SearchAction","target":{"@type":"EntryPoint","urlTemplate":"https:\/\/meblekuchenne.pl\/sklep\/?s={search_term_string}"},"query-input":{"@type":"PropertyValueSpecification","valueRequired":true,"valueName":"search_term_string"}}],"inLanguage":"pl-PL"},{"@type":"Organization","@id":"https:\/\/meblekuchenne.pl\/sklep\/#organization","name":"MebleKuchenne.PL - SKLEP","url":"https:\/\/meblekuchenne.pl\/sklep\/","logo":{"@type":"ImageObject","inLanguage":"pl-PL","@id":"https:\/\/meblekuchenne.pl\/sklep\/#\/schema\/logo\/image\/","url":"https:\/\/meblekuchenne.pl\/sklep\/wp-content\/uploads\/2025\/06\/cropped-cropped-logo.webp","contentUrl":"https:\/\/meblekuchenne.pl\/sklep\/wp-content\/uploads\/2025\/06\/cropped-cropped-logo.webp","width":735,"height":715,"caption":"MebleKuchenne.PL - SKLEP"},"image":{"@id":"https:\/\/meblekuchenne.pl\/sklep\/#\/schema\/logo\/image\/"}}]},"og_availability":"instock","product_availability":"instock","product_retailer_item_id":"Zes280-4","product_condition":"new"},"_links":{"self":[{"href":"https:\/\/meblekuchenne.pl\/sklep\/wp-json\/wp\/v2\/product\/7839","targetHints":{"allow":["GET"]}}],"collection":[{"href":"https:\/\/meblekuchenne.pl\/sklep\/wp-json\/wp\/v2\/product"}],"about":[{"href":"https:\/\/meblekuchenne.pl\/sklep\/wp-json\/wp\/v2\/types\/product"}],"wp:featuredmedia":[{"embeddable":true,"href":"https:\/\/meblekuchenne.pl\/sklep\/wp-json\/wp\/v2\/media\/7898"}],"wp:attachment":[{"href":"https:\/\/meblekuchenne.pl\/sklep\/wp-json\/wp\/v2\/media?parent=7839"}],"wp:term":[{"taxonomy":"product_brand","embeddable":true,"href":"https:\/\/meblekuchenne.pl\/sklep\/wp-json\/wp\/v2\/product_brand?post=7839"},{"taxonomy":"product_cat","embeddable":true,"href":"https:\/\/meblekuchenne.pl\/sklep\/wp-json\/wp\/v2\/product_cat?post=7839"},{"taxonomy":"product_tag","embeddable":true,"href":"https:\/\/meblekuchenne.pl\/sklep\/wp-json\/wp\/v2\/product_tag?post=7839"}],"curies":[{"name":"wp","href":"https:\/\/api.w.org\/{rel}","templated":true}]}}