{"id":7836,"date":"2024-12-31T01:38:28","date_gmt":"2024-12-31T00:38:28","guid":{"rendered":"http:\/\/meblek88.webd.pro\/meblekuchenne\/?post_type=product&#038;p=7836"},"modified":"2025-04-28T10:54:38","modified_gmt":"2025-04-28T08:54:38","slug":"zestaw-mebli-kuchennych-280-cm-nr-1","status":"publish","type":"product","link":"https:\/\/meblekuchenne.pl\/sklep\/product\/zestaw-mebli-kuchennych-280-cm-nr-1\/","title":{"rendered":"Zestaw mebli kuchennych <br>280 cm Nr 1"},"content":{"rendered":"<h2><strong>Zestaw mebli kuchennych 280 cm Nr 1<\/strong><\/h2>\n<p>Zestaw mebli kuchennych o d\u0142ugo\u015bci 280 cm to idealna propozycja funkcjonalnej kuchni jak\u0105 daje polski producent mebli &#8211; KAM. Zestaw dost\u0119pny jest w dw\u00f3ch kolorach do wyboru tak jak jest to przedstawione na zdj\u0119ciach. Mo\u017cesz dowolnie zestawia\u0107 ze sob\u0105 te dwa kolory, lub wybra\u0107 kuchni\u0119 w jednym kolorze &#8211; bia\u0142\u0105 lub d\u0105b z\u0142oty. Wyb\u00f3r zale\u017cy wy\u0142\u0105cznie od Ciebie i od Twoich upodoba\u0144.<\/p>\n<p><strong>Je\u015bli szukasz niedrogich zestaw\u00f3w mebli kuchennych<\/strong> to jest to niew\u0105tpliwie najlepsza propozycja. Ponadto je\u015bli zale\u017cy Ci na dobrej jako\u015bci wykonania i <strong>mebli na d\u0142ugie lata<\/strong> to tym bardziej jeste\u015b w dobrym miejscu. Z tymi meblami kuchennymi Kam zaaran\u017cujesz swoj\u0105 przestrze\u0144 jak tylko sobie wymarzysz. Mo\u017cesz nada\u0107 jej zar\u00f3wno charakter kuchni nowoczesne jak i kuchni klasycznej. Bawi\u0105c si\u0119 dodatkami, kolorami i fakturami w swoim unikatowym wn\u0119trzu.<\/p>\n<p>W sk\u0142ad pokazanego zestawu mebli kuchennych Kam wchodzi \u0142\u0105cznie 6 szafek i 2 coko\u0142y do zas\u0142oni\u0119cia n\u00f3\u017cek meblowych. Meble te idealnie wkomponuj\u0105 si\u0119 zar\u00f3wno w wi\u0119ksze jak i w \u015bredniej wielko\u015bci kuchnie. Mimo, i\u017c to tani zestaw mebli do kuchni to jego<strong> jako\u015b\u0107 wykonania jest bardzo dobra i absolutnie w niczym nie ust\u0119puje innym dro\u017cszym meblom kuchennym<\/strong>.<\/p>\n<p>Szafki wyposa\u017cone s\u0105 w ciche domykanie wi\u0119c fronty zamykaj\u0105 si\u0119 w spos\u00f3b lekki i p\u0142ynny. Zapomnij o trzaskaniu! Podsumowuj\u0105c, prezentowany tani zestaw mebli kuchennych Kam bez w\u0105tpienia znajdzie zastosowanie w wielu r\u00f3\u017cnych wi\u0119kszych i mniejszych domach, domkach i mieszkaniach z przeznaczeniem np. na wynajem.<\/p>\n<p><em><strong>Ustawienie mebli jest wy\u0142\u0105cznie nasz\u0105 sugesti\u0105 &#8211; Ty mo\u017cesz zrobi\u0107 to inaczej<\/strong><\/em><\/p>\n<h3><strong>\u00a0Zestaw mebli kuchennych Kam 280 cm Nr 1:<\/strong><\/h3>\n<p>zawiera szafki dolne, szafki wisz\u0105ce, a tak\u017ce szafk\u0119 pod zlewozmywak o szeroko\u015bci 80 cm. Zestaw jest bez blatu, natomiast jest mo\u017cliwo\u015b\u0107 dokupienia go w naszym sklepie. D\u0142ugo\u015b\u0107 zestawu 280 cm uwzgl\u0119dnia miejsce na kuchenk\u0119 wolnostoj\u0105c\u0105 60 cm i okap kuchenny &#8211; sprz\u0119ty te nie s\u0105 wliczone w cen\u0119.<\/p>\n<p>SET DZ80 &#8211; szafka zlewozmywakowa 80 cm<br \/>\nSET DS60.1\/1 &#8211; szafka dolna 60 cm<br \/>\nSET D80 &#8211; szafka dolna o szeroko\u015bci 60 cm<\/p>\n<p>SET WW80\/71 &#8211; szafka wisz\u0105ca witryna, szk\u0142o mleczne, szeroko\u015b\u0107 80 cm<br \/>\nSET W60.1\/71 &#8211; szafka wisz\u0105ca 60 cm<br \/>\nSET W80\/71 &#8211; szafka wisz\u0105ca 80 cm<\/p>\n<p>SET COK\u00d3\u0141 200 &#8211; z p\u0142yty w kolorze bia\u0142a platyna\/d\u0105b z\u0142oty, d\u0142. 200 cm, wysoko\u015b\u0107 10 cm<br \/>\nSET COK\u00d3\u0141 200 &#8211; p\u0142yty w kolorze bia\u0142a platyna\/d\u0105b z\u0142oty, d\u0142. 200 cm, wysoko\u015b\u0107 10 cm<\/p>\n<h3>Materia\u0142 wykonania prezentowanych mebli kuchennych:<\/h3>\n<ol>\n<li>fronty laminowane o grubo\u015bci 18 mm w kolorze d\u0105b z\u0142oty lub bia\u0142y platynowy<\/li>\n<li>korpus bia\u0142y o grubo\u015bci 16 mm<\/li>\n<li>uchwyt metalowy w szafkach dolnych i w s\u0142upkach<\/li>\n<li>szafki wisz\u0105ce bez uchwytu ze sp\u0142yconym wie\u0144cem &#8211; wygodne otwieranie podchwytem<\/li>\n<\/ol>\n","protected":false},"excerpt":{"rendered":"<p>Zestaw mebli kuchennych Kam o d\u0142ugo\u015bci 280 cm, z 6 szafkami (dolne, wisz\u0105ce, witryna) oraz miejscem na kuchenk\u0119 wolnostoj\u0105c\u0105 i okap. Dost\u0119pny w kolorach bia\u0142a platyna i d\u0105b z\u0142oty. Idealny do \u015brednich i wi\u0119kszych kuchni.<\/p>\n","protected":false},"featured_media":7871,"template":"","meta":[],"product_brand":[710],"product_cat":[15,455,458,465],"product_tag":[82,107,83,127,132,134,100,135,131,125,133,137,138,123,78,136],"class_list":{"0":"post-7836","1":"product","2":"type-product","3":"status-publish","4":"has-post-thumbnail","6":"product_brand-meble-kam","7":"product_cat-uncategorized","8":"product_cat-tanie-kuchnie","9":"product_cat-kam-set","10":"product_cat-zestaw-mebli-kuchennych-280-cm","11":"product_tag-biala-platyna","12":"product_tag-cichy-domyk","13":"product_tag-dab-zloty","14":"product_tag-kam","15":"product_tag-kuchnia-klasyczna","16":"product_tag-kuchnia-na-wynajem","17":"product_tag-kuchnia-nowoczesna","18":"product_tag-kuchnie-polskiego-producenta","19":"product_tag-meble-kuchenne-280-cm","20":"product_tag-szafka-zlewozmywakowa","21":"product_tag-szafki-kuchenne-z-witryna","22":"product_tag-tani-zestaw-mebli-280","23":"product_tag-tani-zestaw-mebli-kuchennych-280","24":"product_tag-tanie-meble-kuchenne","25":"product_tag-zestaw-mebli-kuchennych","26":"product_tag-zestaw-mebli-kuchennych-280","27":"product_shipping_class-zestawy","29":"first","30":"instock","31":"shipping-taxable","32":"purchasable","33":"product-type-variable"},"yoast_head":"<!-- This site is optimized with the Yoast SEO Premium plugin v25.0 (Yoast SEO v25.0) - https:\/\/yoast.com\/wordpress\/plugins\/seo\/ -->\n<title>Zestaw mebli kuchennych 280 cm Nr 1 - MebleKuchenne.PL - SKLEP<\/title>\n<meta name=\"description\" content=\"Zestaw nowoczesnych mebli kuchennych Kam 280 cm, Nr 1 to szafki z cichym domykiem i miejscem na kuchenk\u0119 wolnostoj\u0105c\u0105. Niezawodna jako\u015b\u0107 i niska cena.\" \/>\n<meta name=\"robots\" content=\"index, follow, max-snippet:-1, max-image-preview:large, max-video-preview:-1\" \/>\n<link rel=\"canonical\" href=\"https:\/\/meblekuchenne.pl\/sklep\/product\/zestaw-mebli-kuchennych-280-cm-nr-1\/\" \/>\n<meta property=\"og:locale\" content=\"pl_PL\" \/>\n<meta property=\"og:type\" content=\"article\" \/>\n<meta property=\"og:title\" content=\"Zestaw mebli kuchennych 280 cm Nr 1\" \/>\n<meta property=\"og:description\" content=\"Zestaw nowoczesnych mebli kuchennych Kam 280 cm, Nr 1 to szafki z cichym domykiem i miejscem na kuchenk\u0119 wolnostoj\u0105c\u0105. Niezawodna jako\u015b\u0107 i niska cena.\" \/>\n<meta property=\"og:url\" content=\"https:\/\/meblekuchenne.pl\/sklep\/product\/zestaw-mebli-kuchennych-280-cm-nr-1\/\" \/>\n<meta property=\"og:site_name\" content=\"MebleKuchenne.PL - SKLEP\" \/>\n<meta property=\"article:modified_time\" content=\"2025-04-28T08:54:38+00:00\" \/>\n<meta property=\"og:image\" content=\"https:\/\/meblekuchenne.pl\/sklep\/wp-content\/uploads\/2024\/12\/zestaw-28011-_w.webp\" \/>\n\t<meta property=\"og:image:width\" content=\"1920\" \/>\n\t<meta property=\"og:image:height\" content=\"1080\" \/>\n\t<meta property=\"og:image:type\" content=\"image\/webp\" \/>\n<meta name=\"twitter:card\" content=\"summary_large_image\" \/>\n<meta name=\"twitter:label1\" content=\"Dost\u0119pno\u015b\u0107\" \/>\n\t<meta name=\"twitter:data1\" content=\"Dost\u0119pny\" \/>\n<script type=\"application\/ld+json\" class=\"yoast-schema-graph\">{\"@context\":\"https:\/\/schema.org\",\"@graph\":[{\"@type\":\"WebPage\",\"@id\":\"https:\/\/meblekuchenne.pl\/sklep\/product\/zestaw-mebli-kuchennych-280-cm-nr-1\/\",\"url\":\"https:\/\/meblekuchenne.pl\/sklep\/product\/zestaw-mebli-kuchennych-280-cm-nr-1\/\",\"name\":\"Zestaw mebli kuchennych 280 cm Nr 1 - MebleKuchenne.PL - SKLEP\",\"isPartOf\":{\"@id\":\"https:\/\/meblekuchenne.pl\/sklep\/#website\"},\"primaryImageOfPage\":{\"@id\":\"https:\/\/meblekuchenne.pl\/sklep\/product\/zestaw-mebli-kuchennych-280-cm-nr-1\/#primaryimage\"},\"image\":{\"@id\":\"https:\/\/meblekuchenne.pl\/sklep\/product\/zestaw-mebli-kuchennych-280-cm-nr-1\/#primaryimage\"},\"thumbnailUrl\":\"https:\/\/meblekuchenne.pl\/sklep\/wp-content\/uploads\/2024\/12\/zestaw-28011-_w.webp\",\"datePublished\":\"2024-12-31T00:38:28+00:00\",\"dateModified\":\"2025-04-28T08:54:38+00:00\",\"description\":\"Zestaw nowoczesnych mebli kuchennych Kam 280 cm, Nr 1 to szafki z cichym domykiem i miejscem na kuchenk\u0119 wolnostoj\u0105c\u0105. Niezawodna jako\u015b\u0107 i niska cena.\",\"breadcrumb\":{\"@id\":\"https:\/\/meblekuchenne.pl\/sklep\/product\/zestaw-mebli-kuchennych-280-cm-nr-1\/#breadcrumb\"},\"inLanguage\":\"pl-PL\",\"potentialAction\":[{\"@type\":\"ReadAction\",\"target\":[\"https:\/\/meblekuchenne.pl\/sklep\/product\/zestaw-mebli-kuchennych-280-cm-nr-1\/\"]}]},{\"@type\":\"ImageObject\",\"inLanguage\":\"pl-PL\",\"@id\":\"https:\/\/meblekuchenne.pl\/sklep\/product\/zestaw-mebli-kuchennych-280-cm-nr-1\/#primaryimage\",\"url\":\"https:\/\/meblekuchenne.pl\/sklep\/wp-content\/uploads\/2024\/12\/zestaw-28011-_w.webp\",\"contentUrl\":\"https:\/\/meblekuchenne.pl\/sklep\/wp-content\/uploads\/2024\/12\/zestaw-28011-_w.webp\",\"width\":1920,\"height\":1080},{\"@type\":\"BreadcrumbList\",\"@id\":\"https:\/\/meblekuchenne.pl\/sklep\/product\/zestaw-mebli-kuchennych-280-cm-nr-1\/#breadcrumb\",\"itemListElement\":[{\"@type\":\"ListItem\",\"position\":1,\"name\":\"Strona g\u0142\u00f3wna\",\"item\":\"https:\/\/meblekuchenne.pl\/sklep\/\"},{\"@type\":\"ListItem\",\"position\":2,\"name\":\"Sklep\",\"item\":\"https:\/\/meblekuchenne.pl\/sklep\/sklep\/\"},{\"@type\":\"ListItem\",\"position\":3,\"name\":\"Zestaw mebli kuchennych 280 cm Nr 1\"}]},{\"@type\":\"WebSite\",\"@id\":\"https:\/\/meblekuchenne.pl\/sklep\/#website\",\"url\":\"https:\/\/meblekuchenne.pl\/sklep\/\",\"name\":\"MebleKuchenne.PL - SKLEP\",\"description\":\"\",\"publisher\":{\"@id\":\"https:\/\/meblekuchenne.pl\/sklep\/#organization\"},\"potentialAction\":[{\"@type\":\"SearchAction\",\"target\":{\"@type\":\"EntryPoint\",\"urlTemplate\":\"https:\/\/meblekuchenne.pl\/sklep\/?s={search_term_string}\"},\"query-input\":{\"@type\":\"PropertyValueSpecification\",\"valueRequired\":true,\"valueName\":\"search_term_string\"}}],\"inLanguage\":\"pl-PL\"},{\"@type\":\"Organization\",\"@id\":\"https:\/\/meblekuchenne.pl\/sklep\/#organization\",\"name\":\"MebleKuchenne.PL - SKLEP\",\"url\":\"https:\/\/meblekuchenne.pl\/sklep\/\",\"logo\":{\"@type\":\"ImageObject\",\"inLanguage\":\"pl-PL\",\"@id\":\"https:\/\/meblekuchenne.pl\/sklep\/#\/schema\/logo\/image\/\",\"url\":\"https:\/\/meblekuchenne.pl\/sklep\/wp-content\/uploads\/2025\/06\/cropped-cropped-logo.webp\",\"contentUrl\":\"https:\/\/meblekuchenne.pl\/sklep\/wp-content\/uploads\/2025\/06\/cropped-cropped-logo.webp\",\"width\":735,\"height\":715,\"caption\":\"MebleKuchenne.PL - SKLEP\"},\"image\":{\"@id\":\"https:\/\/meblekuchenne.pl\/sklep\/#\/schema\/logo\/image\/\"}}]}<\/script>\n<meta property=\"og:availability\" content=\"instock\" \/>\n<meta property=\"product:availability\" content=\"instock\" \/>\n<meta property=\"product:retailer_item_id\" content=\"Zes280-1\" \/>\n<meta property=\"product:condition\" content=\"new\" \/>\n<!-- \/ Yoast SEO Premium plugin. -->","yoast_head_json":{"title":"Zestaw mebli kuchennych 280 cm Nr 1 - MebleKuchenne.PL - SKLEP","description":"Zestaw nowoczesnych mebli kuchennych Kam 280 cm, Nr 1 to szafki z cichym domykiem i miejscem na kuchenk\u0119 wolnostoj\u0105c\u0105. Niezawodna jako\u015b\u0107 i niska cena.","robots":{"index":"index","follow":"follow","max-snippet":"max-snippet:-1","max-image-preview":"max-image-preview:large","max-video-preview":"max-video-preview:-1"},"canonical":"https:\/\/meblekuchenne.pl\/sklep\/product\/zestaw-mebli-kuchennych-280-cm-nr-1\/","og_locale":"pl_PL","og_type":"article","og_title":"Zestaw mebli kuchennych 280 cm Nr 1","og_description":"Zestaw nowoczesnych mebli kuchennych Kam 280 cm, Nr 1 to szafki z cichym domykiem i miejscem na kuchenk\u0119 wolnostoj\u0105c\u0105. Niezawodna jako\u015b\u0107 i niska cena.","og_url":"https:\/\/meblekuchenne.pl\/sklep\/product\/zestaw-mebli-kuchennych-280-cm-nr-1\/","og_site_name":"MebleKuchenne.PL - SKLEP","article_modified_time":"2025-04-28T08:54:38+00:00","og_image":[{"width":1920,"height":1080,"url":"https:\/\/meblekuchenne.pl\/sklep\/wp-content\/uploads\/2024\/12\/zestaw-28011-_w.webp","type":"image\/webp"}],"twitter_card":"summary_large_image","twitter_misc":{"Dost\u0119pno\u015b\u0107":"Dost\u0119pny"},"schema":{"@context":"https:\/\/schema.org","@graph":[{"@type":"WebPage","@id":"https:\/\/meblekuchenne.pl\/sklep\/product\/zestaw-mebli-kuchennych-280-cm-nr-1\/","url":"https:\/\/meblekuchenne.pl\/sklep\/product\/zestaw-mebli-kuchennych-280-cm-nr-1\/","name":"Zestaw mebli kuchennych 280 cm Nr 1 - MebleKuchenne.PL - SKLEP","isPartOf":{"@id":"https:\/\/meblekuchenne.pl\/sklep\/#website"},"primaryImageOfPage":{"@id":"https:\/\/meblekuchenne.pl\/sklep\/product\/zestaw-mebli-kuchennych-280-cm-nr-1\/#primaryimage"},"image":{"@id":"https:\/\/meblekuchenne.pl\/sklep\/product\/zestaw-mebli-kuchennych-280-cm-nr-1\/#primaryimage"},"thumbnailUrl":"https:\/\/meblekuchenne.pl\/sklep\/wp-content\/uploads\/2024\/12\/zestaw-28011-_w.webp","datePublished":"2024-12-31T00:38:28+00:00","dateModified":"2025-04-28T08:54:38+00:00","description":"Zestaw nowoczesnych mebli kuchennych Kam 280 cm, Nr 1 to szafki z cichym domykiem i miejscem na kuchenk\u0119 wolnostoj\u0105c\u0105. Niezawodna jako\u015b\u0107 i niska cena.","breadcrumb":{"@id":"https:\/\/meblekuchenne.pl\/sklep\/product\/zestaw-mebli-kuchennych-280-cm-nr-1\/#breadcrumb"},"inLanguage":"pl-PL","potentialAction":[{"@type":"ReadAction","target":["https:\/\/meblekuchenne.pl\/sklep\/product\/zestaw-mebli-kuchennych-280-cm-nr-1\/"]}]},{"@type":"ImageObject","inLanguage":"pl-PL","@id":"https:\/\/meblekuchenne.pl\/sklep\/product\/zestaw-mebli-kuchennych-280-cm-nr-1\/#primaryimage","url":"https:\/\/meblekuchenne.pl\/sklep\/wp-content\/uploads\/2024\/12\/zestaw-28011-_w.webp","contentUrl":"https:\/\/meblekuchenne.pl\/sklep\/wp-content\/uploads\/2024\/12\/zestaw-28011-_w.webp","width":1920,"height":1080},{"@type":"BreadcrumbList","@id":"https:\/\/meblekuchenne.pl\/sklep\/product\/zestaw-mebli-kuchennych-280-cm-nr-1\/#breadcrumb","itemListElement":[{"@type":"ListItem","position":1,"name":"Strona g\u0142\u00f3wna","item":"https:\/\/meblekuchenne.pl\/sklep\/"},{"@type":"ListItem","position":2,"name":"Sklep","item":"https:\/\/meblekuchenne.pl\/sklep\/sklep\/"},{"@type":"ListItem","position":3,"name":"Zestaw mebli kuchennych 280 cm Nr 1"}]},{"@type":"WebSite","@id":"https:\/\/meblekuchenne.pl\/sklep\/#website","url":"https:\/\/meblekuchenne.pl\/sklep\/","name":"MebleKuchenne.PL - SKLEP","description":"","publisher":{"@id":"https:\/\/meblekuchenne.pl\/sklep\/#organization"},"potentialAction":[{"@type":"SearchAction","target":{"@type":"EntryPoint","urlTemplate":"https:\/\/meblekuchenne.pl\/sklep\/?s={search_term_string}"},"query-input":{"@type":"PropertyValueSpecification","valueRequired":true,"valueName":"search_term_string"}}],"inLanguage":"pl-PL"},{"@type":"Organization","@id":"https:\/\/meblekuchenne.pl\/sklep\/#organization","name":"MebleKuchenne.PL - SKLEP","url":"https:\/\/meblekuchenne.pl\/sklep\/","logo":{"@type":"ImageObject","inLanguage":"pl-PL","@id":"https:\/\/meblekuchenne.pl\/sklep\/#\/schema\/logo\/image\/","url":"https:\/\/meblekuchenne.pl\/sklep\/wp-content\/uploads\/2025\/06\/cropped-cropped-logo.webp","contentUrl":"https:\/\/meblekuchenne.pl\/sklep\/wp-content\/uploads\/2025\/06\/cropped-cropped-logo.webp","width":735,"height":715,"caption":"MebleKuchenne.PL - SKLEP"},"image":{"@id":"https:\/\/meblekuchenne.pl\/sklep\/#\/schema\/logo\/image\/"}}]},"og_availability":"instock","product_availability":"instock","product_retailer_item_id":"Zes280-1","product_condition":"new"},"_links":{"self":[{"href":"https:\/\/meblekuchenne.pl\/sklep\/wp-json\/wp\/v2\/product\/7836","targetHints":{"allow":["GET"]}}],"collection":[{"href":"https:\/\/meblekuchenne.pl\/sklep\/wp-json\/wp\/v2\/product"}],"about":[{"href":"https:\/\/meblekuchenne.pl\/sklep\/wp-json\/wp\/v2\/types\/product"}],"wp:featuredmedia":[{"embeddable":true,"href":"https:\/\/meblekuchenne.pl\/sklep\/wp-json\/wp\/v2\/media\/7871"}],"wp:attachment":[{"href":"https:\/\/meblekuchenne.pl\/sklep\/wp-json\/wp\/v2\/media?parent=7836"}],"wp:term":[{"taxonomy":"product_brand","embeddable":true,"href":"https:\/\/meblekuchenne.pl\/sklep\/wp-json\/wp\/v2\/product_brand?post=7836"},{"taxonomy":"product_cat","embeddable":true,"href":"https:\/\/meblekuchenne.pl\/sklep\/wp-json\/wp\/v2\/product_cat?post=7836"},{"taxonomy":"product_tag","embeddable":true,"href":"https:\/\/meblekuchenne.pl\/sklep\/wp-json\/wp\/v2\/product_tag?post=7836"}],"curies":[{"name":"wp","href":"https:\/\/api.w.org\/{rel}","templated":true}]}}