{"id":7681,"date":"2024-12-30T23:25:42","date_gmt":"2024-12-30T22:25:42","guid":{"rendered":"http:\/\/meblek88.webd.pro\/meblekuchenne\/?post_type=product&#038;p=7681"},"modified":"2026-04-08T20:47:26","modified_gmt":"2026-04-08T18:47:26","slug":"zestaw-mebli-kuchennych-240-cm-nr-4","status":"publish","type":"product","link":"https:\/\/meblekuchenne.pl\/sklep\/product\/zestaw-mebli-kuchennych-240-cm-nr-4\/","title":{"rendered":"Zestaw mebli kuchennych <br>240 cm Nr 4"},"content":{"rendered":"<h2><strong>Zestaw mebli kuchennych 240 cm Nr 4<\/strong><\/h2>\n<p>Zestaw mebli kuchennych o d\u0142ugo\u015bci 240 cm to produkt polskiego producenta Kam. Dost\u0119pny jest w dw\u00f3ch kolorach do wyboru. Pierwszy wariant to bia\u0142a platyna, a drugi to d\u0105b z\u0142oty. Mo\u017cesz dowolnie zestawia\u0107 ze sob\u0105 te dwa kolory, lub wybra\u0107 kuchni\u0119 w jednym kolorze &#8211; bia\u0142\u0105 lub d\u0105b z\u0142oty.<\/p>\n<p>To bez w\u0105tpienia godna uwagi propozycja niedrogich mebli kuchennych, je\u015bli szukasz dobrej jako\u015bci wykonania i mebli na d\u0142ugie lata. Zaaran\u017cujesz nimi swoj\u0105 przestrze\u0144 jak tylko zechcesz. Mo\u017cesz nada\u0107 jej charakter zar\u00f3wno nowoczesny jak i klasyczny bawi\u0105c si\u0119 dodatkami.<\/p>\n<p>W sk\u0142ad pokazanego zestawu kuchennego wchodzi \u0142\u0105cznie a\u017c 8 szafek. Meble te znajd\u0105 przeznaczenie w ma\u0142ych i \u015bredniej wielko\u015bci pomieszczeniach kuchennych. Mimo, i\u017c to niedrogi zestaw mebli do kuchni to jego jako\u015b\u0107 wykonania absolutnie w niczym nie ust\u0119puje meblom ze \u015bredniej p\u00f3\u0142ki cenowej.<\/p>\n<p>Szafki wyposa\u017cone s\u0105 w cichy domyk, wi\u0119c fronty zamykaj\u0105 si\u0119 w spos\u00f3b p\u0142ynny. Zapomnij o trzaskaniu! Podsumowuj\u0105c, prezentowany zestaw mebli kuchennych Kam bez w\u0105tpienia znajdzie zastosowanie w wielu r\u00f3\u017cnych domach i mieszkaniach.<\/p>\n<h3><strong>Co zawiera zestaw mebli kuchennych Kam 240 cm Nr 4<\/strong><\/h3>\n<p>zawiera szafki dolne i szafki wisz\u0105ce, a tak\u017ce szafk\u0119 zlewow\u0105 o szeroko\u015bci 80 cm. Zestaw jest bez blatu, jednak\u017ce istnieje mo\u017cliwo\u015b\u0107 dokupienia go w naszym sklepie.<\/p>\n<p>SET DZ80 &#8211; szafka zlewowa o szeroko\u015bci 80 cm<br \/>\nSET DP60 &#8211; szafka do zabudowy piekarnika 60 cm<br \/>\nSET DS50\/1 &#8211; szafka dolna o szeroko\u015bci 50 cm<br \/>\nSET D50.1 &#8211; szafka dolna o szeroko\u015bci 50 cm z jedn\u0105 szuflad\u0105<\/p>\n<p>SET WW80\/71 &#8211; szafka wisz\u0105ca witrynowa o szeroko\u015bci 80 cm otwierana od do\u0142u podchwytem<br \/>\nSET W60.1\/71 &#8211; szafka wisz\u0105ca 60 cm do zabudowy okapu (okap nie jest wliczony w cen\u0119)<br \/>\nSET W50.1\/71 &#8211; szafka wisz\u0105ca 50 cm otwierana podchwytem &#8211; 2 szt.<br \/>\nSET COK\u00d3\u0141 200 o d\u0142ugo\u015bci 200 i wysoko\u015bci 10 cm &#8211; 2 szt.<\/p>\n<h3>Materia\u0142 wykonania prezentowanych mebli kuchennych:<\/h3>\n<ol>\n<li>fronty laminowane o grubo\u015bci 18 mm w kolorze d\u0105b z\u0142oty lub bia\u0142y platynowy<\/li>\n<li>korpus bia\u0142y o grubo\u015bci 16 mm<\/li>\n<li>uchwyt metalowy w szafkach dolnych i w s\u0142upkach<\/li>\n<li>szafki wisz\u0105ce bez uchwytu ze sp\u0142yconym wie\u0144cem &#8211; wygodne otwieranie podchwytem<\/li>\n<\/ol>\n","protected":false},"excerpt":{"rendered":"<p>Zestaw mebli kuchennych Kam 240 cm dost\u0119pny w kolorach bia\u0142a platyna lub d\u0105b z\u0142oty. Oferuje 8 szafek, w tym szafk\u0119 zlewow\u0105 80 cm, szafk\u0119 pod piekarnik i szafki wisz\u0105ce. Z cichym domykiem dla p\u0142ynnego zamykania. Praktyczne rozwi\u0105zanie do ma\u0142ych i \u015brednich kuchni. Mo\u017cliwo\u015b\u0107 dokupienia blatu w naszym sklepie.<\/p>\n","protected":false},"featured_media":7729,"template":"","meta":[],"product_brand":[710],"product_cat":[15,455,458,463],"product_tag":[82,107,83,104,92,81,87,106,86,78],"class_list":{"0":"post-7681","1":"product","2":"type-product","3":"status-publish","4":"has-post-thumbnail","6":"product_brand-meble-kam","7":"product_cat-uncategorized","8":"product_cat-tanie-kuchnie","9":"product_cat-kam-set","10":"product_cat-zestaw-mebli-kuchennych-240-cm","11":"product_tag-biala-platyna","12":"product_tag-cichy-domyk","13":"product_tag-dab-zloty","14":"product_tag-kuchnia-240-cm","15":"product_tag-laminowane-fronty-kuchenne","16":"product_tag-male-kuchnie","17":"product_tag-meble-do-kuchni","18":"product_tag-srednie-kuchnie","19":"product_tag-tani-zestaw-mebli","20":"product_tag-zestaw-mebli-kuchennych","21":"product_shipping_class-zestawy","23":"first","24":"instock","25":"shipping-taxable","26":"purchasable","27":"product-type-variable"},"yoast_head":"<!-- This site is optimized with the Yoast SEO Premium plugin v25.0 (Yoast SEO v25.0) - https:\/\/yoast.com\/wordpress\/plugins\/seo\/ -->\n<title>Zestaw mebli kuchennych 240 cm Nr 4 - MebleKuchenne.PL - SKLEP<\/title>\n<meta name=\"description\" content=\"Nowoczesny zestaw mebli kuchennych Kam 240 cm Nr 4 w dw\u00f3ch kolorach do wyboru. Bia\u0142a platyna i d\u0105b z\u0142oty. Szafki z cichym domykiem. Wysoka jako\u015b\u0107 wykonania\" \/>\n<meta name=\"robots\" content=\"index, follow, max-snippet:-1, max-image-preview:large, max-video-preview:-1\" \/>\n<link rel=\"canonical\" href=\"https:\/\/meblekuchenne.pl\/sklep\/product\/zestaw-mebli-kuchennych-240-cm-nr-4\/\" \/>\n<meta property=\"og:locale\" content=\"pl_PL\" \/>\n<meta property=\"og:type\" content=\"article\" \/>\n<meta property=\"og:title\" content=\"Zestaw mebli kuchennych 240 cm Nr 4\" \/>\n<meta property=\"og:description\" content=\"Nowoczesny zestaw mebli kuchennych Kam 240 cm Nr 4 w dw\u00f3ch kolorach do wyboru. Bia\u0142a platyna i d\u0105b z\u0142oty. Szafki z cichym domykiem. Wysoka jako\u015b\u0107 wykonania\" \/>\n<meta property=\"og:url\" content=\"https:\/\/meblekuchenne.pl\/sklep\/product\/zestaw-mebli-kuchennych-240-cm-nr-4\/\" \/>\n<meta property=\"og:site_name\" content=\"MebleKuchenne.PL - SKLEP\" \/>\n<meta property=\"article:modified_time\" content=\"2026-04-08T18:47:26+00:00\" \/>\n<meta property=\"og:image\" content=\"https:\/\/meblekuchenne.pl\/sklep\/wp-content\/uploads\/2024\/12\/zestaw-24042-_w.webp\" \/>\n\t<meta property=\"og:image:width\" content=\"1920\" \/>\n\t<meta property=\"og:image:height\" content=\"1080\" \/>\n\t<meta property=\"og:image:type\" content=\"image\/webp\" \/>\n<meta name=\"twitter:card\" content=\"summary_large_image\" \/>\n<meta name=\"twitter:label1\" content=\"Dost\u0119pno\u015b\u0107\" \/>\n\t<meta name=\"twitter:data1\" content=\"Dost\u0119pny\" \/>\n<script type=\"application\/ld+json\" class=\"yoast-schema-graph\">{\"@context\":\"https:\/\/schema.org\",\"@graph\":[{\"@type\":\"WebPage\",\"@id\":\"https:\/\/meblekuchenne.pl\/sklep\/product\/zestaw-mebli-kuchennych-240-cm-nr-4\/\",\"url\":\"https:\/\/meblekuchenne.pl\/sklep\/product\/zestaw-mebli-kuchennych-240-cm-nr-4\/\",\"name\":\"Zestaw mebli kuchennych 240 cm Nr 4 - MebleKuchenne.PL - SKLEP\",\"isPartOf\":{\"@id\":\"https:\/\/meblekuchenne.pl\/sklep\/#website\"},\"primaryImageOfPage\":{\"@id\":\"https:\/\/meblekuchenne.pl\/sklep\/product\/zestaw-mebli-kuchennych-240-cm-nr-4\/#primaryimage\"},\"image\":{\"@id\":\"https:\/\/meblekuchenne.pl\/sklep\/product\/zestaw-mebli-kuchennych-240-cm-nr-4\/#primaryimage\"},\"thumbnailUrl\":\"https:\/\/meblekuchenne.pl\/sklep\/wp-content\/uploads\/2024\/12\/zestaw-24042-_w.webp\",\"datePublished\":\"2024-12-30T22:25:42+00:00\",\"dateModified\":\"2026-04-08T18:47:26+00:00\",\"description\":\"Nowoczesny zestaw mebli kuchennych Kam 240 cm Nr 4 w dw\u00f3ch kolorach do wyboru. Bia\u0142a platyna i d\u0105b z\u0142oty. Szafki z cichym domykiem. Wysoka jako\u015b\u0107 wykonania\",\"breadcrumb\":{\"@id\":\"https:\/\/meblekuchenne.pl\/sklep\/product\/zestaw-mebli-kuchennych-240-cm-nr-4\/#breadcrumb\"},\"inLanguage\":\"pl-PL\",\"potentialAction\":[{\"@type\":\"ReadAction\",\"target\":[\"https:\/\/meblekuchenne.pl\/sklep\/product\/zestaw-mebli-kuchennych-240-cm-nr-4\/\"]}]},{\"@type\":\"ImageObject\",\"inLanguage\":\"pl-PL\",\"@id\":\"https:\/\/meblekuchenne.pl\/sklep\/product\/zestaw-mebli-kuchennych-240-cm-nr-4\/#primaryimage\",\"url\":\"https:\/\/meblekuchenne.pl\/sklep\/wp-content\/uploads\/2024\/12\/zestaw-24042-_w.webp\",\"contentUrl\":\"https:\/\/meblekuchenne.pl\/sklep\/wp-content\/uploads\/2024\/12\/zestaw-24042-_w.webp\",\"width\":1920,\"height\":1080},{\"@type\":\"BreadcrumbList\",\"@id\":\"https:\/\/meblekuchenne.pl\/sklep\/product\/zestaw-mebli-kuchennych-240-cm-nr-4\/#breadcrumb\",\"itemListElement\":[{\"@type\":\"ListItem\",\"position\":1,\"name\":\"Strona g\u0142\u00f3wna\",\"item\":\"https:\/\/meblekuchenne.pl\/sklep\/\"},{\"@type\":\"ListItem\",\"position\":2,\"name\":\"Sklep\",\"item\":\"https:\/\/meblekuchenne.pl\/sklep\/sklep\/\"},{\"@type\":\"ListItem\",\"position\":3,\"name\":\"Zestaw mebli kuchennych 240 cm Nr 4\"}]},{\"@type\":\"WebSite\",\"@id\":\"https:\/\/meblekuchenne.pl\/sklep\/#website\",\"url\":\"https:\/\/meblekuchenne.pl\/sklep\/\",\"name\":\"MebleKuchenne.PL - SKLEP\",\"description\":\"\",\"publisher\":{\"@id\":\"https:\/\/meblekuchenne.pl\/sklep\/#organization\"},\"potentialAction\":[{\"@type\":\"SearchAction\",\"target\":{\"@type\":\"EntryPoint\",\"urlTemplate\":\"https:\/\/meblekuchenne.pl\/sklep\/?s={search_term_string}\"},\"query-input\":{\"@type\":\"PropertyValueSpecification\",\"valueRequired\":true,\"valueName\":\"search_term_string\"}}],\"inLanguage\":\"pl-PL\"},{\"@type\":\"Organization\",\"@id\":\"https:\/\/meblekuchenne.pl\/sklep\/#organization\",\"name\":\"MebleKuchenne.PL - SKLEP\",\"url\":\"https:\/\/meblekuchenne.pl\/sklep\/\",\"logo\":{\"@type\":\"ImageObject\",\"inLanguage\":\"pl-PL\",\"@id\":\"https:\/\/meblekuchenne.pl\/sklep\/#\/schema\/logo\/image\/\",\"url\":\"https:\/\/meblekuchenne.pl\/sklep\/wp-content\/uploads\/2025\/06\/cropped-cropped-logo.webp\",\"contentUrl\":\"https:\/\/meblekuchenne.pl\/sklep\/wp-content\/uploads\/2025\/06\/cropped-cropped-logo.webp\",\"width\":735,\"height\":715,\"caption\":\"MebleKuchenne.PL - SKLEP\"},\"image\":{\"@id\":\"https:\/\/meblekuchenne.pl\/sklep\/#\/schema\/logo\/image\/\"}}]}<\/script>\n<meta property=\"og:availability\" content=\"instock\" \/>\n<meta property=\"product:availability\" content=\"instock\" \/>\n<meta property=\"product:retailer_item_id\" content=\"Zes240-4\" \/>\n<meta property=\"product:condition\" content=\"new\" \/>\n<!-- \/ Yoast SEO Premium plugin. -->","yoast_head_json":{"title":"Zestaw mebli kuchennych 240 cm Nr 4 - MebleKuchenne.PL - SKLEP","description":"Nowoczesny zestaw mebli kuchennych Kam 240 cm Nr 4 w dw\u00f3ch kolorach do wyboru. Bia\u0142a platyna i d\u0105b z\u0142oty. Szafki z cichym domykiem. Wysoka jako\u015b\u0107 wykonania","robots":{"index":"index","follow":"follow","max-snippet":"max-snippet:-1","max-image-preview":"max-image-preview:large","max-video-preview":"max-video-preview:-1"},"canonical":"https:\/\/meblekuchenne.pl\/sklep\/product\/zestaw-mebli-kuchennych-240-cm-nr-4\/","og_locale":"pl_PL","og_type":"article","og_title":"Zestaw mebli kuchennych 240 cm Nr 4","og_description":"Nowoczesny zestaw mebli kuchennych Kam 240 cm Nr 4 w dw\u00f3ch kolorach do wyboru. Bia\u0142a platyna i d\u0105b z\u0142oty. Szafki z cichym domykiem. Wysoka jako\u015b\u0107 wykonania","og_url":"https:\/\/meblekuchenne.pl\/sklep\/product\/zestaw-mebli-kuchennych-240-cm-nr-4\/","og_site_name":"MebleKuchenne.PL - SKLEP","article_modified_time":"2026-04-08T18:47:26+00:00","og_image":[{"width":1920,"height":1080,"url":"https:\/\/meblekuchenne.pl\/sklep\/wp-content\/uploads\/2024\/12\/zestaw-24042-_w.webp","type":"image\/webp"}],"twitter_card":"summary_large_image","twitter_misc":{"Dost\u0119pno\u015b\u0107":"Dost\u0119pny"},"schema":{"@context":"https:\/\/schema.org","@graph":[{"@type":"WebPage","@id":"https:\/\/meblekuchenne.pl\/sklep\/product\/zestaw-mebli-kuchennych-240-cm-nr-4\/","url":"https:\/\/meblekuchenne.pl\/sklep\/product\/zestaw-mebli-kuchennych-240-cm-nr-4\/","name":"Zestaw mebli kuchennych 240 cm Nr 4 - MebleKuchenne.PL - SKLEP","isPartOf":{"@id":"https:\/\/meblekuchenne.pl\/sklep\/#website"},"primaryImageOfPage":{"@id":"https:\/\/meblekuchenne.pl\/sklep\/product\/zestaw-mebli-kuchennych-240-cm-nr-4\/#primaryimage"},"image":{"@id":"https:\/\/meblekuchenne.pl\/sklep\/product\/zestaw-mebli-kuchennych-240-cm-nr-4\/#primaryimage"},"thumbnailUrl":"https:\/\/meblekuchenne.pl\/sklep\/wp-content\/uploads\/2024\/12\/zestaw-24042-_w.webp","datePublished":"2024-12-30T22:25:42+00:00","dateModified":"2026-04-08T18:47:26+00:00","description":"Nowoczesny zestaw mebli kuchennych Kam 240 cm Nr 4 w dw\u00f3ch kolorach do wyboru. Bia\u0142a platyna i d\u0105b z\u0142oty. Szafki z cichym domykiem. Wysoka jako\u015b\u0107 wykonania","breadcrumb":{"@id":"https:\/\/meblekuchenne.pl\/sklep\/product\/zestaw-mebli-kuchennych-240-cm-nr-4\/#breadcrumb"},"inLanguage":"pl-PL","potentialAction":[{"@type":"ReadAction","target":["https:\/\/meblekuchenne.pl\/sklep\/product\/zestaw-mebli-kuchennych-240-cm-nr-4\/"]}]},{"@type":"ImageObject","inLanguage":"pl-PL","@id":"https:\/\/meblekuchenne.pl\/sklep\/product\/zestaw-mebli-kuchennych-240-cm-nr-4\/#primaryimage","url":"https:\/\/meblekuchenne.pl\/sklep\/wp-content\/uploads\/2024\/12\/zestaw-24042-_w.webp","contentUrl":"https:\/\/meblekuchenne.pl\/sklep\/wp-content\/uploads\/2024\/12\/zestaw-24042-_w.webp","width":1920,"height":1080},{"@type":"BreadcrumbList","@id":"https:\/\/meblekuchenne.pl\/sklep\/product\/zestaw-mebli-kuchennych-240-cm-nr-4\/#breadcrumb","itemListElement":[{"@type":"ListItem","position":1,"name":"Strona g\u0142\u00f3wna","item":"https:\/\/meblekuchenne.pl\/sklep\/"},{"@type":"ListItem","position":2,"name":"Sklep","item":"https:\/\/meblekuchenne.pl\/sklep\/sklep\/"},{"@type":"ListItem","position":3,"name":"Zestaw mebli kuchennych 240 cm Nr 4"}]},{"@type":"WebSite","@id":"https:\/\/meblekuchenne.pl\/sklep\/#website","url":"https:\/\/meblekuchenne.pl\/sklep\/","name":"MebleKuchenne.PL - SKLEP","description":"","publisher":{"@id":"https:\/\/meblekuchenne.pl\/sklep\/#organization"},"potentialAction":[{"@type":"SearchAction","target":{"@type":"EntryPoint","urlTemplate":"https:\/\/meblekuchenne.pl\/sklep\/?s={search_term_string}"},"query-input":{"@type":"PropertyValueSpecification","valueRequired":true,"valueName":"search_term_string"}}],"inLanguage":"pl-PL"},{"@type":"Organization","@id":"https:\/\/meblekuchenne.pl\/sklep\/#organization","name":"MebleKuchenne.PL - SKLEP","url":"https:\/\/meblekuchenne.pl\/sklep\/","logo":{"@type":"ImageObject","inLanguage":"pl-PL","@id":"https:\/\/meblekuchenne.pl\/sklep\/#\/schema\/logo\/image\/","url":"https:\/\/meblekuchenne.pl\/sklep\/wp-content\/uploads\/2025\/06\/cropped-cropped-logo.webp","contentUrl":"https:\/\/meblekuchenne.pl\/sklep\/wp-content\/uploads\/2025\/06\/cropped-cropped-logo.webp","width":735,"height":715,"caption":"MebleKuchenne.PL - SKLEP"},"image":{"@id":"https:\/\/meblekuchenne.pl\/sklep\/#\/schema\/logo\/image\/"}}]},"og_availability":"instock","product_availability":"instock","product_retailer_item_id":"Zes240-4","product_condition":"new"},"_links":{"self":[{"href":"https:\/\/meblekuchenne.pl\/sklep\/wp-json\/wp\/v2\/product\/7681","targetHints":{"allow":["GET"]}}],"collection":[{"href":"https:\/\/meblekuchenne.pl\/sklep\/wp-json\/wp\/v2\/product"}],"about":[{"href":"https:\/\/meblekuchenne.pl\/sklep\/wp-json\/wp\/v2\/types\/product"}],"wp:featuredmedia":[{"embeddable":true,"href":"https:\/\/meblekuchenne.pl\/sklep\/wp-json\/wp\/v2\/media\/7729"}],"wp:attachment":[{"href":"https:\/\/meblekuchenne.pl\/sklep\/wp-json\/wp\/v2\/media?parent=7681"}],"wp:term":[{"taxonomy":"product_brand","embeddable":true,"href":"https:\/\/meblekuchenne.pl\/sklep\/wp-json\/wp\/v2\/product_brand?post=7681"},{"taxonomy":"product_cat","embeddable":true,"href":"https:\/\/meblekuchenne.pl\/sklep\/wp-json\/wp\/v2\/product_cat?post=7681"},{"taxonomy":"product_tag","embeddable":true,"href":"https:\/\/meblekuchenne.pl\/sklep\/wp-json\/wp\/v2\/product_tag?post=7681"}],"curies":[{"name":"wp","href":"https:\/\/api.w.org\/{rel}","templated":true}]}}