{"id":7574,"date":"2024-12-20T15:28:42","date_gmt":"2024-12-20T14:28:42","guid":{"rendered":"https:\/\/meblek88.webd.pro\/meblekuchenne\/?post_type=product&#038;p=7574"},"modified":"2025-04-28T10:54:19","modified_gmt":"2025-04-28T08:54:19","slug":"zestaw-220","status":"publish","type":"product","link":"https:\/\/meblekuchenne.pl\/sklep\/product\/zestaw-220\/","title":{"rendered":"Zestaw mebli kuchennych <br>220 cm Nr 1"},"content":{"rendered":"<h2><strong>Zestaw mebli kuchennych 220 cm Nr 1<\/strong><\/h2>\n<p>Zestaw mebli kuchennych Kam Set o d\u0142ugo\u015bci 220 cm w kolorze bia\u0142a platyna\/d\u0105b z\u0142oty to nasza propozycja tanich mebli kuchennych.<\/p>\n<p>W sk\u0142ad zestawu wchodzi 6 szafek. Komplet tych mebli przeznaczony jest do ma\u0142ych kuchni, kuchni w bloku czy kuchni do mieszka\u0144 pod wynajem.<\/p>\n<h3><strong>Zestaw mebli kuchennych 220 cm Nr 1<\/strong><\/h3>\n<p>ze zdj\u0119cia zawiera szafki dolne i szafki wisz\u0105ce, w tym szafk\u0119 zlewow\u0105 60 cm. Blat nie wchodzi w sk\u0142ad zestawu, jednak istnieje mo\u017cliwo\u015b\u0107 dokupienia.<\/p>\n<p>SET DZ60.1 &#8211; szafka pod zlewozmywak<br \/>\nSET D50.1 &#8211; szafka dolna 50 cm<br \/>\nSET DS50\/1 &#8211; szafka dolna z jedn\u0105 szuflad\u0105<\/p>\n<p>SET WW60.1\/71<br \/>\nSET W50.1\/71<br \/>\nSET W50.1\/71<br \/>\nSET COK\u00d3\u0141\u00a0 od d\u0142ugo\u015bci 200 i wysoko\u015bci 10 cm<\/p>\n<h3>Materia\u0142 wykonania zestawu mebli kuchennych:<\/h3>\n<ol>\n<li>fronty laminowane o grubo\u015bci 18 mm w kolorze d\u0105b z\u0142oty lub bia\u0142y platynowy<\/li>\n<li>korpus bia\u0142y o grubo\u015bci 16 mm<\/li>\n<li>uchwyt metalowy w szafkach dolnych i s\u0142upkach<\/li>\n<li>szafki wisz\u0105ce bez uchwytu ze sp\u0142yconym wie\u0144cem &#8211; otwieranie podchwytem<\/li>\n<\/ol>\n","protected":false},"excerpt":{"rendered":"<p>Zestaw mebli kuchennych Kam Set o d\u0142ugo\u015bci 220 cm w kolorze bia\u0142a platyna\/d\u0105b z\u0142oty zawiera 6 szafek, w tym szafk\u0119 zlewow\u0105 o szeroko\u015bci 60 cm. Materia\u0142y wykonania obejmuj\u0105 laminowane fronty oraz bia\u0142y korpus, a uchwyty s\u0105 metalowe w szafkach dolnych i s\u0142upkach.<\/p>\n","protected":false},"featured_media":7575,"template":"","meta":[],"product_brand":[710],"product_cat":[15,455,458,462],"product_tag":[],"class_list":{"0":"post-7574","1":"product","2":"type-product","3":"status-publish","4":"has-post-thumbnail","6":"product_brand-meble-kam","7":"product_cat-uncategorized","8":"product_cat-tanie-kuchnie","9":"product_cat-kam-set","10":"product_cat-zestaw-mebli-kuchennych-220-cm","11":"product_shipping_class-zestawy","13":"first","14":"instock","15":"shipping-taxable","16":"purchasable","17":"product-type-variable"},"yoast_head":"<!-- This site is optimized with the Yoast SEO Premium plugin v25.0 (Yoast SEO v25.0) - https:\/\/yoast.com\/wordpress\/plugins\/seo\/ -->\n<title>Zestaw mebli kuchennych 220 cm Nr 1 - MebleKuchenne.PL - SKLEP<\/title>\n<meta name=\"description\" content=\"Zestaw mebli kuchennych Kam Set 220 cm, idealny do ma\u0142ych kuchni. Dost\u0119pne kolory front\u00f3w bia\u0142a platyna i d\u0105b z\u0142oty. Zestaw zawiera 6 szafek.\" \/>\n<meta name=\"robots\" content=\"index, follow, max-snippet:-1, max-image-preview:large, max-video-preview:-1\" \/>\n<link rel=\"canonical\" href=\"https:\/\/meblekuchenne.pl\/sklep\/product\/zestaw-220\/\" \/>\n<meta property=\"og:locale\" content=\"pl_PL\" \/>\n<meta property=\"og:type\" content=\"article\" \/>\n<meta property=\"og:title\" content=\"Zestaw mebli kuchennych 220 cm Nr 1\" \/>\n<meta property=\"og:description\" content=\"Zestaw mebli kuchennych Kam Set 220 cm, idealny do ma\u0142ych kuchni. Dost\u0119pne kolory front\u00f3w bia\u0142a platyna i d\u0105b z\u0142oty. Zestaw zawiera 6 szafek.\" \/>\n<meta property=\"og:url\" content=\"https:\/\/meblekuchenne.pl\/sklep\/product\/zestaw-220\/\" \/>\n<meta property=\"og:site_name\" content=\"MebleKuchenne.PL - SKLEP\" \/>\n<meta property=\"article:modified_time\" content=\"2025-04-28T08:54:19+00:00\" \/>\n<meta property=\"og:image\" content=\"https:\/\/meblekuchenne.pl\/sklep\/wp-content\/uploads\/2024\/12\/zestaw-2201-d.zloty-bialy-.jpg\" \/>\n\t<meta property=\"og:image:width\" content=\"1920\" \/>\n\t<meta property=\"og:image:height\" content=\"1080\" \/>\n\t<meta property=\"og:image:type\" content=\"image\/jpeg\" \/>\n<meta name=\"twitter:card\" content=\"summary_large_image\" \/>\n<meta name=\"twitter:label1\" content=\"Dost\u0119pno\u015b\u0107\" \/>\n\t<meta name=\"twitter:data1\" content=\"Dost\u0119pny\" \/>\n<script type=\"application\/ld+json\" class=\"yoast-schema-graph\">{\"@context\":\"https:\/\/schema.org\",\"@graph\":[{\"@type\":\"WebPage\",\"@id\":\"https:\/\/meblekuchenne.pl\/sklep\/product\/zestaw-220\/\",\"url\":\"https:\/\/meblekuchenne.pl\/sklep\/product\/zestaw-220\/\",\"name\":\"Zestaw mebli kuchennych 220 cm Nr 1 - MebleKuchenne.PL - SKLEP\",\"isPartOf\":{\"@id\":\"https:\/\/meblekuchenne.pl\/sklep\/#website\"},\"primaryImageOfPage\":{\"@id\":\"https:\/\/meblekuchenne.pl\/sklep\/product\/zestaw-220\/#primaryimage\"},\"image\":{\"@id\":\"https:\/\/meblekuchenne.pl\/sklep\/product\/zestaw-220\/#primaryimage\"},\"thumbnailUrl\":\"https:\/\/meblekuchenne.pl\/sklep\/wp-content\/uploads\/2024\/12\/zestaw-2201-d.zloty-bialy-.jpg\",\"datePublished\":\"2024-12-20T14:28:42+00:00\",\"dateModified\":\"2025-04-28T08:54:19+00:00\",\"description\":\"Zestaw mebli kuchennych Kam Set 220 cm, idealny do ma\u0142ych kuchni. Dost\u0119pne kolory front\u00f3w bia\u0142a platyna i d\u0105b z\u0142oty. Zestaw zawiera 6 szafek.\",\"breadcrumb\":{\"@id\":\"https:\/\/meblekuchenne.pl\/sklep\/product\/zestaw-220\/#breadcrumb\"},\"inLanguage\":\"pl-PL\",\"potentialAction\":[{\"@type\":\"ReadAction\",\"target\":[\"https:\/\/meblekuchenne.pl\/sklep\/product\/zestaw-220\/\"]}]},{\"@type\":\"ImageObject\",\"inLanguage\":\"pl-PL\",\"@id\":\"https:\/\/meblekuchenne.pl\/sklep\/product\/zestaw-220\/#primaryimage\",\"url\":\"https:\/\/meblekuchenne.pl\/sklep\/wp-content\/uploads\/2024\/12\/zestaw-2201-d.zloty-bialy-.jpg\",\"contentUrl\":\"https:\/\/meblekuchenne.pl\/sklep\/wp-content\/uploads\/2024\/12\/zestaw-2201-d.zloty-bialy-.jpg\",\"width\":1920,\"height\":1080},{\"@type\":\"BreadcrumbList\",\"@id\":\"https:\/\/meblekuchenne.pl\/sklep\/product\/zestaw-220\/#breadcrumb\",\"itemListElement\":[{\"@type\":\"ListItem\",\"position\":1,\"name\":\"Strona g\u0142\u00f3wna\",\"item\":\"https:\/\/meblekuchenne.pl\/sklep\/\"},{\"@type\":\"ListItem\",\"position\":2,\"name\":\"Sklep\",\"item\":\"https:\/\/meblekuchenne.pl\/sklep\/sklep\/\"},{\"@type\":\"ListItem\",\"position\":3,\"name\":\"Zestaw mebli kuchennych 220 cm Nr 1\"}]},{\"@type\":\"WebSite\",\"@id\":\"https:\/\/meblekuchenne.pl\/sklep\/#website\",\"url\":\"https:\/\/meblekuchenne.pl\/sklep\/\",\"name\":\"MebleKuchenne.PL - SKLEP\",\"description\":\"\",\"publisher\":{\"@id\":\"https:\/\/meblekuchenne.pl\/sklep\/#organization\"},\"potentialAction\":[{\"@type\":\"SearchAction\",\"target\":{\"@type\":\"EntryPoint\",\"urlTemplate\":\"https:\/\/meblekuchenne.pl\/sklep\/?s={search_term_string}\"},\"query-input\":{\"@type\":\"PropertyValueSpecification\",\"valueRequired\":true,\"valueName\":\"search_term_string\"}}],\"inLanguage\":\"pl-PL\"},{\"@type\":\"Organization\",\"@id\":\"https:\/\/meblekuchenne.pl\/sklep\/#organization\",\"name\":\"MebleKuchenne.PL - SKLEP\",\"url\":\"https:\/\/meblekuchenne.pl\/sklep\/\",\"logo\":{\"@type\":\"ImageObject\",\"inLanguage\":\"pl-PL\",\"@id\":\"https:\/\/meblekuchenne.pl\/sklep\/#\/schema\/logo\/image\/\",\"url\":\"https:\/\/meblekuchenne.pl\/sklep\/wp-content\/uploads\/2025\/06\/cropped-cropped-logo.webp\",\"contentUrl\":\"https:\/\/meblekuchenne.pl\/sklep\/wp-content\/uploads\/2025\/06\/cropped-cropped-logo.webp\",\"width\":735,\"height\":715,\"caption\":\"MebleKuchenne.PL - SKLEP\"},\"image\":{\"@id\":\"https:\/\/meblekuchenne.pl\/sklep\/#\/schema\/logo\/image\/\"}}]}<\/script>\n<meta property=\"og:availability\" content=\"instock\" \/>\n<meta property=\"product:availability\" content=\"instock\" \/>\n<meta property=\"product:retailer_item_id\" content=\"Zes220-1\" \/>\n<meta property=\"product:condition\" content=\"new\" \/>\n<!-- \/ Yoast SEO Premium plugin. -->","yoast_head_json":{"title":"Zestaw mebli kuchennych 220 cm Nr 1 - MebleKuchenne.PL - SKLEP","description":"Zestaw mebli kuchennych Kam Set 220 cm, idealny do ma\u0142ych kuchni. Dost\u0119pne kolory front\u00f3w bia\u0142a platyna i d\u0105b z\u0142oty. Zestaw zawiera 6 szafek.","robots":{"index":"index","follow":"follow","max-snippet":"max-snippet:-1","max-image-preview":"max-image-preview:large","max-video-preview":"max-video-preview:-1"},"canonical":"https:\/\/meblekuchenne.pl\/sklep\/product\/zestaw-220\/","og_locale":"pl_PL","og_type":"article","og_title":"Zestaw mebli kuchennych 220 cm Nr 1","og_description":"Zestaw mebli kuchennych Kam Set 220 cm, idealny do ma\u0142ych kuchni. Dost\u0119pne kolory front\u00f3w bia\u0142a platyna i d\u0105b z\u0142oty. Zestaw zawiera 6 szafek.","og_url":"https:\/\/meblekuchenne.pl\/sklep\/product\/zestaw-220\/","og_site_name":"MebleKuchenne.PL - SKLEP","article_modified_time":"2025-04-28T08:54:19+00:00","og_image":[{"width":1920,"height":1080,"url":"https:\/\/meblekuchenne.pl\/sklep\/wp-content\/uploads\/2024\/12\/zestaw-2201-d.zloty-bialy-.jpg","type":"image\/jpeg"}],"twitter_card":"summary_large_image","twitter_misc":{"Dost\u0119pno\u015b\u0107":"Dost\u0119pny"},"schema":{"@context":"https:\/\/schema.org","@graph":[{"@type":"WebPage","@id":"https:\/\/meblekuchenne.pl\/sklep\/product\/zestaw-220\/","url":"https:\/\/meblekuchenne.pl\/sklep\/product\/zestaw-220\/","name":"Zestaw mebli kuchennych 220 cm Nr 1 - MebleKuchenne.PL - SKLEP","isPartOf":{"@id":"https:\/\/meblekuchenne.pl\/sklep\/#website"},"primaryImageOfPage":{"@id":"https:\/\/meblekuchenne.pl\/sklep\/product\/zestaw-220\/#primaryimage"},"image":{"@id":"https:\/\/meblekuchenne.pl\/sklep\/product\/zestaw-220\/#primaryimage"},"thumbnailUrl":"https:\/\/meblekuchenne.pl\/sklep\/wp-content\/uploads\/2024\/12\/zestaw-2201-d.zloty-bialy-.jpg","datePublished":"2024-12-20T14:28:42+00:00","dateModified":"2025-04-28T08:54:19+00:00","description":"Zestaw mebli kuchennych Kam Set 220 cm, idealny do ma\u0142ych kuchni. Dost\u0119pne kolory front\u00f3w bia\u0142a platyna i d\u0105b z\u0142oty. Zestaw zawiera 6 szafek.","breadcrumb":{"@id":"https:\/\/meblekuchenne.pl\/sklep\/product\/zestaw-220\/#breadcrumb"},"inLanguage":"pl-PL","potentialAction":[{"@type":"ReadAction","target":["https:\/\/meblekuchenne.pl\/sklep\/product\/zestaw-220\/"]}]},{"@type":"ImageObject","inLanguage":"pl-PL","@id":"https:\/\/meblekuchenne.pl\/sklep\/product\/zestaw-220\/#primaryimage","url":"https:\/\/meblekuchenne.pl\/sklep\/wp-content\/uploads\/2024\/12\/zestaw-2201-d.zloty-bialy-.jpg","contentUrl":"https:\/\/meblekuchenne.pl\/sklep\/wp-content\/uploads\/2024\/12\/zestaw-2201-d.zloty-bialy-.jpg","width":1920,"height":1080},{"@type":"BreadcrumbList","@id":"https:\/\/meblekuchenne.pl\/sklep\/product\/zestaw-220\/#breadcrumb","itemListElement":[{"@type":"ListItem","position":1,"name":"Strona g\u0142\u00f3wna","item":"https:\/\/meblekuchenne.pl\/sklep\/"},{"@type":"ListItem","position":2,"name":"Sklep","item":"https:\/\/meblekuchenne.pl\/sklep\/sklep\/"},{"@type":"ListItem","position":3,"name":"Zestaw mebli kuchennych 220 cm Nr 1"}]},{"@type":"WebSite","@id":"https:\/\/meblekuchenne.pl\/sklep\/#website","url":"https:\/\/meblekuchenne.pl\/sklep\/","name":"MebleKuchenne.PL - SKLEP","description":"","publisher":{"@id":"https:\/\/meblekuchenne.pl\/sklep\/#organization"},"potentialAction":[{"@type":"SearchAction","target":{"@type":"EntryPoint","urlTemplate":"https:\/\/meblekuchenne.pl\/sklep\/?s={search_term_string}"},"query-input":{"@type":"PropertyValueSpecification","valueRequired":true,"valueName":"search_term_string"}}],"inLanguage":"pl-PL"},{"@type":"Organization","@id":"https:\/\/meblekuchenne.pl\/sklep\/#organization","name":"MebleKuchenne.PL - SKLEP","url":"https:\/\/meblekuchenne.pl\/sklep\/","logo":{"@type":"ImageObject","inLanguage":"pl-PL","@id":"https:\/\/meblekuchenne.pl\/sklep\/#\/schema\/logo\/image\/","url":"https:\/\/meblekuchenne.pl\/sklep\/wp-content\/uploads\/2025\/06\/cropped-cropped-logo.webp","contentUrl":"https:\/\/meblekuchenne.pl\/sklep\/wp-content\/uploads\/2025\/06\/cropped-cropped-logo.webp","width":735,"height":715,"caption":"MebleKuchenne.PL - SKLEP"},"image":{"@id":"https:\/\/meblekuchenne.pl\/sklep\/#\/schema\/logo\/image\/"}}]},"og_availability":"instock","product_availability":"instock","product_retailer_item_id":"Zes220-1","product_condition":"new"},"_links":{"self":[{"href":"https:\/\/meblekuchenne.pl\/sklep\/wp-json\/wp\/v2\/product\/7574","targetHints":{"allow":["GET"]}}],"collection":[{"href":"https:\/\/meblekuchenne.pl\/sklep\/wp-json\/wp\/v2\/product"}],"about":[{"href":"https:\/\/meblekuchenne.pl\/sklep\/wp-json\/wp\/v2\/types\/product"}],"wp:featuredmedia":[{"embeddable":true,"href":"https:\/\/meblekuchenne.pl\/sklep\/wp-json\/wp\/v2\/media\/7575"}],"wp:attachment":[{"href":"https:\/\/meblekuchenne.pl\/sklep\/wp-json\/wp\/v2\/media?parent=7574"}],"wp:term":[{"taxonomy":"product_brand","embeddable":true,"href":"https:\/\/meblekuchenne.pl\/sklep\/wp-json\/wp\/v2\/product_brand?post=7574"},{"taxonomy":"product_cat","embeddable":true,"href":"https:\/\/meblekuchenne.pl\/sklep\/wp-json\/wp\/v2\/product_cat?post=7574"},{"taxonomy":"product_tag","embeddable":true,"href":"https:\/\/meblekuchenne.pl\/sklep\/wp-json\/wp\/v2\/product_tag?post=7574"}],"curies":[{"name":"wp","href":"https:\/\/api.w.org\/{rel}","templated":true}]}}