{"id":52776,"date":"2025-02-21T20:23:49","date_gmt":"2025-02-21T19:23:49","guid":{"rendered":"https:\/\/meblekuchenne.pl\/sklep\/?post_type=product&#038;p=52776"},"modified":"2026-04-01T11:34:04","modified_gmt":"2026-04-01T09:34:04","slug":"szafka-wiszaca-wom60-90-mikrofala-wolnostojaca-kam-mono","status":"publish","type":"product","link":"https:\/\/meblekuchenne.pl\/sklep\/product\/szafka-wiszaca-wom60-90-mikrofala-wolnostojaca-kam-mono\/","title":{"rendered":"Szafka wisz\u0105ca WOM60\/90 &#8211; mikrofala wolnostoj\u0105ca &#8211; Kam Mono"},"content":{"rendered":"<h2 data-start=\"98\" data-end=\"161\"><strong data-start=\"98\" data-end=\"161\">Szafka wisz\u0105ca WOM60\/90 \u2013 Mikrofala Wolnostoj\u0105ca<\/strong><\/h2>\n<p data-start=\"163\" data-end=\"262\">Szafka wisz\u0105ca z przestrzeni\u0105 na mikrofal\u00f3wk\u0119 wolnostoj\u0105c\u0105 \u2013 szer. 60 cm, wys. 90 cm, g\u0142. 32 cm<\/p>\n<h3 data-start=\"264\" data-end=\"354\"><strong data-start=\"264\" data-end=\"354\">Przestrze\u0144 na mikrofal\u00f3wk\u0119 w zabudowie \u2013 szafka WOM60\/90 do mikrofal\u00f3wki wolnostoj\u0105cej<\/strong><\/h3>\n<p data-start=\"356\" data-end=\"872\">Szafka wisz\u0105ca WOM60\/90 to funkcjonalne rozwi\u0105zanie, kt\u00f3re umo\u017cliwia wygodne przechowywanie mikrofal\u00f3wki wolnostoj\u0105cej w zabudowie kuchennej. Dzi\u0119ki g\u0142\u0119boko\u015bci 32 cm, szafka zapewnia odpowiedni\u0105 przestrze\u0144, aby pomie\u015bci\u0107 mikrofal\u00f3wk\u0119, a jednocze\u015bnie pozwala na zaoszcz\u0119dzenie miejsca na blacie roboczym. To idealna opcja do nowoczesnych kuchni, gdzie liczy si\u0119 zar\u00f3wno estetyka, jak i funkcjonalno\u015b\u0107. Wybieraj\u0105c szafk\u0119 WOM60\/90, zapewniasz sobie estetyczn\u0105 przestrze\u0144, kt\u00f3ra pomo\u017ce w lepszym zagospodarowaniu kuchni. Wykorzystaj szanse, kt\u00f3re daj\u0105 Ci meble kuchenne KAM.<\/p>\n<h3 data-start=\"874\" data-end=\"901\"><strong data-start=\"874\" data-end=\"901\">Zalety szafki:<\/strong><\/h3>\n<ul data-start=\"902\" data-end=\"1366\">\n<li data-start=\"902\" data-end=\"1024\"><strong data-start=\"904\" data-end=\"918\">Ergonomia:<\/strong> Przestronny wn\u0119trze, kt\u00f3re pomie\u015bci mikrofal\u00f3wk\u0119 wolnostoj\u0105c\u0105, pozwalaj\u0105c zaoszcz\u0119dzi\u0107 miejsce na blacie.<\/li>\n<li data-start=\"1025\" data-end=\"1167\"><strong data-start=\"1027\" data-end=\"1050\">Kompaktowy rozmiar:<\/strong> G\u0142\u0119boko\u015b\u0107 32 cm sprawia, \u017ce szafka b\u0119dzie pasowa\u0107 do mniejszych kuchni, w kt\u00f3rych liczy si\u0119 oszcz\u0119dno\u015b\u0107 przestrzeni.<\/li>\n<li data-start=\"1168\" data-end=\"1270\"><strong data-start=\"1170\" data-end=\"1188\">Wysoka jako\u015b\u0107:<\/strong> Solidna konstrukcja zapewnia trwa\u0142o\u015b\u0107 i stabilno\u015b\u0107 szafki przez lata u\u017cytkowania.<\/li>\n<li data-start=\"1271\" data-end=\"1366\"><strong data-start=\"1273\" data-end=\"1294\">Elegancki design:<\/strong> Prosty, ale nowoczesny wygl\u0105d, kt\u00f3ry wpasuje si\u0119 w styl r\u00f3\u017cnych wn\u0119trz.<\/li>\n<\/ul>\n<h3 data-start=\"1368\" data-end=\"1431\"><strong data-start=\"1368\" data-end=\"1431\">Dopasowanie do stylu wn\u0119trza \u2013 szeroka gama kolor\u00f3w front\u00f3w<\/strong><\/h3>\n<p data-start=\"1433\" data-end=\"1650\">Szafka WOM60\/90 oferuje mo\u017cliwo\u015b\u0107 wyboru front\u00f3w w r\u00f3\u017cnych kolorach, co pozwala na idealne dopasowanie jej do reszty kuchni. Mo\u017cliwo\u015b\u0107 dopasowania front\u00f3w do innych element\u00f3w zabudowy tworzy sp\u00f3jn\u0105 i eleganck\u0105 ca\u0142o\u015b\u0107.<\/p>\n<h3 data-start=\"1652\" data-end=\"1694\"><strong data-start=\"1652\" data-end=\"1694\">Dlaczego szafka wisz\u0105ca WOM60\/90 &#8211; Mikrofala Wolnostoj\u0105ca?<\/strong><\/h3>\n<ul data-start=\"1695\" data-end=\"2114\">\n<li data-start=\"1695\" data-end=\"1814\"><strong data-start=\"1697\" data-end=\"1714\">Praktyczno\u015b\u0107:<\/strong> Dzi\u0119ki szafce z miejscem na mikrofal\u00f3wk\u0119 wolnostoj\u0105c\u0105 zyskasz wi\u0119cej przestrzeni roboczej w kuchni.<\/li>\n<li data-start=\"1815\" data-end=\"1932\"><strong data-start=\"1817\" data-end=\"1836\">Stylowy wygl\u0105d:<\/strong> Nowoczesny design szafki, kt\u00f3ry doskonale komponuje si\u0119 z innymi elementami kuchennej zabudowy.<\/li>\n<li data-start=\"1933\" data-end=\"2011\"><strong data-start=\"1935\" data-end=\"1953\">Wysoka jako\u015b\u0107:<\/strong> Solidna konstrukcja, kt\u00f3ra zapewnia niezawodno\u015b\u0107 na lata.<\/li>\n<li data-start=\"2012\" data-end=\"2114\"><strong data-start=\"2014\" data-end=\"2038\">\u0141atwo\u015b\u0107 dopasowania:<\/strong> Mo\u017cliwo\u015b\u0107 wyboru front\u00f3w sprawia, \u017ce szafka pasuje do ka\u017cdego stylu kuchni.<\/li>\n<\/ul>\n<h3>Meble kuchenne KAM to gwarancja zadowolenia<\/h3>\n<p data-start=\"2116\" data-end=\"2354\">Szafka wisz\u0105ca WOM60\/90 to idealne rozwi\u0105zanie do ka\u017cdej kuchni, w kt\u00f3rej liczy si\u0119 funkcjonalno\u015b\u0107, oszcz\u0119dno\u015b\u0107 miejsca i estetyka. Dzi\u0119ki temu meblowi zyskasz wi\u0119cej przestrzeni, a Twoja kuchnia nabierze nowoczesnego, schludnego wygl\u0105du.<\/p>\n","protected":false},"excerpt":{"rendered":"<p data-start=\"98\" data-end=\"161\"><strong data-start=\"98\" data-end=\"161\">Szafka wisz\u0105ca WOM60\/90 \u2013 Mikrofala Wolnostoj\u0105ca<\/strong><strong data-start=\"163\" data-end=\"262\">m<\/strong><\/p>\n<p data-start=\"356\" data-end=\"872\">Szafka wisz\u0105ca WOM60\/90 to funkcjonalne rozwi\u0105zanie, kt\u00f3re umo\u017cliwia wygodne przechowywanie mikrofal\u00f3wki wolnostoj\u0105cej w zabudowie kuchennej. Dzi\u0119ki g\u0142\u0119boko\u015bci 32 cm, szafka zapewnia odpowiedni\u0105 przestrze\u0144, aby pomie\u015bci\u0107 mikrofal\u00f3wk\u0119, a jednocze\u015bnie pozwala na zaoszcz\u0119dzenie miejsca na blacie roboczym.<\/p>\n","protected":false},"featured_media":60177,"template":"","meta":[],"product_brand":[710],"product_cat":[786,775,777,454,471,486],"product_tag":[],"class_list":{"0":"post-52776","1":"product","2":"type-product","3":"status-publish","4":"has-post-thumbnail","6":"product_brand-meble-kam","7":"product_cat-pod-mikrofale-sklep","8":"product_cat-wszystko","9":"product_cat-zabudowa-agd-sklep","10":"product_cat-meble-kam-mono","11":"product_cat-szafki-agd","12":"product_cat-szafki-wiszace-do-mikrofali-wolnostojacej","13":"product_shipping_class-szafka-wiszaca-kam","14":"pa_front-f10","15":"pa_front-f11","16":"pa_front-f4","17":"pa_front-f6","18":"pa_front-f7","19":"pa_front-f8","20":"pa_front-fg2","21":"pa_front-k2","22":"pa_front-kc2","23":"pa_front-kc4","24":"pa_front-l4-mat","25":"pa_front-l4-polysk","26":"pa_front-m4","27":"pa_front-os_2","28":"pa_front-os_2black","29":"pa_front-p00","30":"pa_front-p2","31":"pa_front-p4","33":"first","34":"instock","35":"shipping-taxable","36":"purchasable","37":"product-type-variable"},"yoast_head":"<!-- This site is optimized with the Yoast SEO Premium plugin v25.0 (Yoast SEO v25.0) - https:\/\/yoast.com\/wordpress\/plugins\/seo\/ -->\n<title>Szafka wisz\u0105ca WOM60\/90 \u2013 Mikrofala Wolnostoj\u0105ca<\/title>\n<meta name=\"description\" content=\"Szafka wisz\u0105ca WOM60\/90 zapewnia odpowiedni\u0105 przestrze\u0144, aby pomie\u015bci\u0107 mikrofal\u00f3wk\u0119, a jednocze\u015bnie pozwala na zaoszcz\u0119dzenie miejsca na blacie roboczym.\u00a0\" \/>\n<meta name=\"robots\" content=\"index, follow, max-snippet:-1, max-image-preview:large, max-video-preview:-1\" \/>\n<link rel=\"canonical\" href=\"https:\/\/meblekuchenne.pl\/sklep\/product\/szafka-wiszaca-wom60-90-mikrofala-wolnostojaca-kam-mono\/\" \/>\n<meta property=\"og:locale\" content=\"pl_PL\" \/>\n<meta property=\"og:type\" content=\"article\" \/>\n<meta property=\"og:title\" content=\"Szafka wisz\u0105ca WOM60\/90 - mikrofala wolnostoj\u0105ca - Kam Mono\" \/>\n<meta property=\"og:description\" content=\"Szafka wisz\u0105ca WOM60\/90 zapewnia odpowiedni\u0105 przestrze\u0144, aby pomie\u015bci\u0107 mikrofal\u00f3wk\u0119, a jednocze\u015bnie pozwala na zaoszcz\u0119dzenie miejsca na blacie roboczym.\u00a0\" \/>\n<meta property=\"og:url\" content=\"https:\/\/meblekuchenne.pl\/sklep\/product\/szafka-wiszaca-wom60-90-mikrofala-wolnostojaca-kam-mono\/\" \/>\n<meta property=\"og:site_name\" content=\"MebleKuchenne.PL - SKLEP\" \/>\n<meta property=\"article:modified_time\" content=\"2026-04-01T09:34:04+00:00\" \/>\n<meta property=\"og:image\" content=\"https:\/\/meblekuchenne.pl\/sklep\/wp-content\/uploads\/2025\/02\/WOM60-90-1.webp\" \/>\n\t<meta property=\"og:image:width\" content=\"1600\" \/>\n\t<meta property=\"og:image:height\" content=\"1080\" \/>\n\t<meta property=\"og:image:type\" content=\"image\/webp\" \/>\n<meta name=\"twitter:card\" content=\"summary_large_image\" \/>\n<meta name=\"twitter:label1\" content=\"Dost\u0119pno\u015b\u0107\" \/>\n\t<meta name=\"twitter:data1\" content=\"Dost\u0119pny\" \/>\n<script type=\"application\/ld+json\" class=\"yoast-schema-graph\">{\"@context\":\"https:\/\/schema.org\",\"@graph\":[{\"@type\":\"WebPage\",\"@id\":\"https:\/\/meblekuchenne.pl\/sklep\/product\/szafka-wiszaca-wom60-90-mikrofala-wolnostojaca-kam-mono\/\",\"url\":\"https:\/\/meblekuchenne.pl\/sklep\/product\/szafka-wiszaca-wom60-90-mikrofala-wolnostojaca-kam-mono\/\",\"name\":\"Szafka wisz\u0105ca WOM60\/90 \u2013 Mikrofala Wolnostoj\u0105ca\",\"isPartOf\":{\"@id\":\"https:\/\/meblekuchenne.pl\/sklep\/#website\"},\"primaryImageOfPage\":{\"@id\":\"https:\/\/meblekuchenne.pl\/sklep\/product\/szafka-wiszaca-wom60-90-mikrofala-wolnostojaca-kam-mono\/#primaryimage\"},\"image\":{\"@id\":\"https:\/\/meblekuchenne.pl\/sklep\/product\/szafka-wiszaca-wom60-90-mikrofala-wolnostojaca-kam-mono\/#primaryimage\"},\"thumbnailUrl\":\"https:\/\/meblekuchenne.pl\/sklep\/wp-content\/uploads\/2025\/02\/WOM60-90-1.webp\",\"datePublished\":\"2025-02-21T19:23:49+00:00\",\"dateModified\":\"2026-04-01T09:34:04+00:00\",\"description\":\"Szafka wisz\u0105ca WOM60\/90 zapewnia odpowiedni\u0105 przestrze\u0144, aby pomie\u015bci\u0107 mikrofal\u00f3wk\u0119, a jednocze\u015bnie pozwala na zaoszcz\u0119dzenie miejsca na blacie roboczym.\u00a0\",\"breadcrumb\":{\"@id\":\"https:\/\/meblekuchenne.pl\/sklep\/product\/szafka-wiszaca-wom60-90-mikrofala-wolnostojaca-kam-mono\/#breadcrumb\"},\"inLanguage\":\"pl-PL\",\"potentialAction\":[{\"@type\":\"ReadAction\",\"target\":[\"https:\/\/meblekuchenne.pl\/sklep\/product\/szafka-wiszaca-wom60-90-mikrofala-wolnostojaca-kam-mono\/\"]}]},{\"@type\":\"ImageObject\",\"inLanguage\":\"pl-PL\",\"@id\":\"https:\/\/meblekuchenne.pl\/sklep\/product\/szafka-wiszaca-wom60-90-mikrofala-wolnostojaca-kam-mono\/#primaryimage\",\"url\":\"https:\/\/meblekuchenne.pl\/sklep\/wp-content\/uploads\/2025\/02\/WOM60-90-1.webp\",\"contentUrl\":\"https:\/\/meblekuchenne.pl\/sklep\/wp-content\/uploads\/2025\/02\/WOM60-90-1.webp\",\"width\":1600,\"height\":1080},{\"@type\":\"BreadcrumbList\",\"@id\":\"https:\/\/meblekuchenne.pl\/sklep\/product\/szafka-wiszaca-wom60-90-mikrofala-wolnostojaca-kam-mono\/#breadcrumb\",\"itemListElement\":[{\"@type\":\"ListItem\",\"position\":1,\"name\":\"Strona g\u0142\u00f3wna\",\"item\":\"https:\/\/meblekuchenne.pl\/sklep\/\"},{\"@type\":\"ListItem\",\"position\":2,\"name\":\"Sklep\",\"item\":\"https:\/\/meblekuchenne.pl\/sklep\/sklep\/\"},{\"@type\":\"ListItem\",\"position\":3,\"name\":\"Szafka wisz\u0105ca WOM60\/90 &#8211; mikrofala wolnostoj\u0105ca &#8211; Kam Mono\"}]},{\"@type\":\"WebSite\",\"@id\":\"https:\/\/meblekuchenne.pl\/sklep\/#website\",\"url\":\"https:\/\/meblekuchenne.pl\/sklep\/\",\"name\":\"MebleKuchenne.PL - SKLEP\",\"description\":\"\",\"publisher\":{\"@id\":\"https:\/\/meblekuchenne.pl\/sklep\/#organization\"},\"potentialAction\":[{\"@type\":\"SearchAction\",\"target\":{\"@type\":\"EntryPoint\",\"urlTemplate\":\"https:\/\/meblekuchenne.pl\/sklep\/?s={search_term_string}\"},\"query-input\":{\"@type\":\"PropertyValueSpecification\",\"valueRequired\":true,\"valueName\":\"search_term_string\"}}],\"inLanguage\":\"pl-PL\"},{\"@type\":\"Organization\",\"@id\":\"https:\/\/meblekuchenne.pl\/sklep\/#organization\",\"name\":\"MebleKuchenne.PL - SKLEP\",\"url\":\"https:\/\/meblekuchenne.pl\/sklep\/\",\"logo\":{\"@type\":\"ImageObject\",\"inLanguage\":\"pl-PL\",\"@id\":\"https:\/\/meblekuchenne.pl\/sklep\/#\/schema\/logo\/image\/\",\"url\":\"https:\/\/meblekuchenne.pl\/sklep\/wp-content\/uploads\/2025\/06\/cropped-cropped-logo.webp\",\"contentUrl\":\"https:\/\/meblekuchenne.pl\/sklep\/wp-content\/uploads\/2025\/06\/cropped-cropped-logo.webp\",\"width\":735,\"height\":715,\"caption\":\"MebleKuchenne.PL - SKLEP\"},\"image\":{\"@id\":\"https:\/\/meblekuchenne.pl\/sklep\/#\/schema\/logo\/image\/\"}}]}<\/script>\n<meta property=\"og:availability\" content=\"instock\" \/>\n<meta property=\"product:availability\" content=\"instock\" \/>\n<meta property=\"product:retailer_item_id\" content=\"WOM60\/90\" \/>\n<meta property=\"product:condition\" content=\"new\" \/>\n<!-- \/ Yoast SEO Premium plugin. -->","yoast_head_json":{"title":"Szafka wisz\u0105ca WOM60\/90 \u2013 Mikrofala Wolnostoj\u0105ca","description":"Szafka wisz\u0105ca WOM60\/90 zapewnia odpowiedni\u0105 przestrze\u0144, aby pomie\u015bci\u0107 mikrofal\u00f3wk\u0119, a jednocze\u015bnie pozwala na zaoszcz\u0119dzenie miejsca na blacie roboczym.\u00a0","robots":{"index":"index","follow":"follow","max-snippet":"max-snippet:-1","max-image-preview":"max-image-preview:large","max-video-preview":"max-video-preview:-1"},"canonical":"https:\/\/meblekuchenne.pl\/sklep\/product\/szafka-wiszaca-wom60-90-mikrofala-wolnostojaca-kam-mono\/","og_locale":"pl_PL","og_type":"article","og_title":"Szafka wisz\u0105ca WOM60\/90 - mikrofala wolnostoj\u0105ca - Kam Mono","og_description":"Szafka wisz\u0105ca WOM60\/90 zapewnia odpowiedni\u0105 przestrze\u0144, aby pomie\u015bci\u0107 mikrofal\u00f3wk\u0119, a jednocze\u015bnie pozwala na zaoszcz\u0119dzenie miejsca na blacie roboczym.\u00a0","og_url":"https:\/\/meblekuchenne.pl\/sklep\/product\/szafka-wiszaca-wom60-90-mikrofala-wolnostojaca-kam-mono\/","og_site_name":"MebleKuchenne.PL - SKLEP","article_modified_time":"2026-04-01T09:34:04+00:00","og_image":[{"width":1600,"height":1080,"url":"https:\/\/meblekuchenne.pl\/sklep\/wp-content\/uploads\/2025\/02\/WOM60-90-1.webp","type":"image\/webp"}],"twitter_card":"summary_large_image","twitter_misc":{"Dost\u0119pno\u015b\u0107":"Dost\u0119pny"},"schema":{"@context":"https:\/\/schema.org","@graph":[{"@type":"WebPage","@id":"https:\/\/meblekuchenne.pl\/sklep\/product\/szafka-wiszaca-wom60-90-mikrofala-wolnostojaca-kam-mono\/","url":"https:\/\/meblekuchenne.pl\/sklep\/product\/szafka-wiszaca-wom60-90-mikrofala-wolnostojaca-kam-mono\/","name":"Szafka wisz\u0105ca WOM60\/90 \u2013 Mikrofala Wolnostoj\u0105ca","isPartOf":{"@id":"https:\/\/meblekuchenne.pl\/sklep\/#website"},"primaryImageOfPage":{"@id":"https:\/\/meblekuchenne.pl\/sklep\/product\/szafka-wiszaca-wom60-90-mikrofala-wolnostojaca-kam-mono\/#primaryimage"},"image":{"@id":"https:\/\/meblekuchenne.pl\/sklep\/product\/szafka-wiszaca-wom60-90-mikrofala-wolnostojaca-kam-mono\/#primaryimage"},"thumbnailUrl":"https:\/\/meblekuchenne.pl\/sklep\/wp-content\/uploads\/2025\/02\/WOM60-90-1.webp","datePublished":"2025-02-21T19:23:49+00:00","dateModified":"2026-04-01T09:34:04+00:00","description":"Szafka wisz\u0105ca WOM60\/90 zapewnia odpowiedni\u0105 przestrze\u0144, aby pomie\u015bci\u0107 mikrofal\u00f3wk\u0119, a jednocze\u015bnie pozwala na zaoszcz\u0119dzenie miejsca na blacie roboczym.\u00a0","breadcrumb":{"@id":"https:\/\/meblekuchenne.pl\/sklep\/product\/szafka-wiszaca-wom60-90-mikrofala-wolnostojaca-kam-mono\/#breadcrumb"},"inLanguage":"pl-PL","potentialAction":[{"@type":"ReadAction","target":["https:\/\/meblekuchenne.pl\/sklep\/product\/szafka-wiszaca-wom60-90-mikrofala-wolnostojaca-kam-mono\/"]}]},{"@type":"ImageObject","inLanguage":"pl-PL","@id":"https:\/\/meblekuchenne.pl\/sklep\/product\/szafka-wiszaca-wom60-90-mikrofala-wolnostojaca-kam-mono\/#primaryimage","url":"https:\/\/meblekuchenne.pl\/sklep\/wp-content\/uploads\/2025\/02\/WOM60-90-1.webp","contentUrl":"https:\/\/meblekuchenne.pl\/sklep\/wp-content\/uploads\/2025\/02\/WOM60-90-1.webp","width":1600,"height":1080},{"@type":"BreadcrumbList","@id":"https:\/\/meblekuchenne.pl\/sklep\/product\/szafka-wiszaca-wom60-90-mikrofala-wolnostojaca-kam-mono\/#breadcrumb","itemListElement":[{"@type":"ListItem","position":1,"name":"Strona g\u0142\u00f3wna","item":"https:\/\/meblekuchenne.pl\/sklep\/"},{"@type":"ListItem","position":2,"name":"Sklep","item":"https:\/\/meblekuchenne.pl\/sklep\/sklep\/"},{"@type":"ListItem","position":3,"name":"Szafka wisz\u0105ca WOM60\/90 &#8211; mikrofala wolnostoj\u0105ca &#8211; Kam Mono"}]},{"@type":"WebSite","@id":"https:\/\/meblekuchenne.pl\/sklep\/#website","url":"https:\/\/meblekuchenne.pl\/sklep\/","name":"MebleKuchenne.PL - SKLEP","description":"","publisher":{"@id":"https:\/\/meblekuchenne.pl\/sklep\/#organization"},"potentialAction":[{"@type":"SearchAction","target":{"@type":"EntryPoint","urlTemplate":"https:\/\/meblekuchenne.pl\/sklep\/?s={search_term_string}"},"query-input":{"@type":"PropertyValueSpecification","valueRequired":true,"valueName":"search_term_string"}}],"inLanguage":"pl-PL"},{"@type":"Organization","@id":"https:\/\/meblekuchenne.pl\/sklep\/#organization","name":"MebleKuchenne.PL - SKLEP","url":"https:\/\/meblekuchenne.pl\/sklep\/","logo":{"@type":"ImageObject","inLanguage":"pl-PL","@id":"https:\/\/meblekuchenne.pl\/sklep\/#\/schema\/logo\/image\/","url":"https:\/\/meblekuchenne.pl\/sklep\/wp-content\/uploads\/2025\/06\/cropped-cropped-logo.webp","contentUrl":"https:\/\/meblekuchenne.pl\/sklep\/wp-content\/uploads\/2025\/06\/cropped-cropped-logo.webp","width":735,"height":715,"caption":"MebleKuchenne.PL - SKLEP"},"image":{"@id":"https:\/\/meblekuchenne.pl\/sklep\/#\/schema\/logo\/image\/"}}]},"og_availability":"instock","product_availability":"instock","product_retailer_item_id":"WOM60\/90","product_condition":"new"},"_links":{"self":[{"href":"https:\/\/meblekuchenne.pl\/sklep\/wp-json\/wp\/v2\/product\/52776","targetHints":{"allow":["GET"]}}],"collection":[{"href":"https:\/\/meblekuchenne.pl\/sklep\/wp-json\/wp\/v2\/product"}],"about":[{"href":"https:\/\/meblekuchenne.pl\/sklep\/wp-json\/wp\/v2\/types\/product"}],"wp:featuredmedia":[{"embeddable":true,"href":"https:\/\/meblekuchenne.pl\/sklep\/wp-json\/wp\/v2\/media\/60177"}],"wp:attachment":[{"href":"https:\/\/meblekuchenne.pl\/sklep\/wp-json\/wp\/v2\/media?parent=52776"}],"wp:term":[{"taxonomy":"product_brand","embeddable":true,"href":"https:\/\/meblekuchenne.pl\/sklep\/wp-json\/wp\/v2\/product_brand?post=52776"},{"taxonomy":"product_cat","embeddable":true,"href":"https:\/\/meblekuchenne.pl\/sklep\/wp-json\/wp\/v2\/product_cat?post=52776"},{"taxonomy":"product_tag","embeddable":true,"href":"https:\/\/meblekuchenne.pl\/sklep\/wp-json\/wp\/v2\/product_tag?post=52776"}],"curies":[{"name":"wp","href":"https:\/\/api.w.org\/{rel}","templated":true}]}}