{"id":49673,"date":"2025-02-21T19:46:20","date_gmt":"2025-02-21T18:46:20","guid":{"rendered":"https:\/\/meblekuchenne.pl\/sklep\/?post_type=product&#038;p=49673"},"modified":"2026-03-31T13:08:20","modified_gmt":"2026-03-31T11:08:20","slug":"szafka-wiszaca-specjalna-w21-39-1-100_spec-szer-co-1-cm-kammono","status":"publish","type":"product","link":"https:\/\/meblekuchenne.pl\/sklep\/product\/szafka-wiszaca-specjalna-w21-39-1-100_spec-szer-co-1-cm-kammono\/","title":{"rendered":"Szafka wisz\u0105ca specjalna W21-39.1\/100_SPEC &#8211; szer. co 1 cm &#8211; KamMono"},"content":{"rendered":"<h2 data-start=\"0\" data-end=\"91\"><strong data-start=\"4\" data-end=\"89\">Szafka wisz\u0105ca specjalna W21-39.1\/100_SPEC<\/strong><\/h2>\n<p>Szafka wisz\u0105ca specjalna \u2013 szer. co 1 cm w zakresie 21-39 cm, wys. 100 cm, g\u0142. 32 cm<\/p>\n<h3 data-start=\"0\" data-end=\"91\"><strong data-start=\"4\" data-end=\"89\">Idealne dopasowanie do Twojej kuchni<\/strong><\/h3>\n<p data-start=\"93\" data-end=\"369\"><strong data-start=\"93\" data-end=\"114\">W21-39.1\/100_SPEC<\/strong> to <strong data-start=\"118\" data-end=\"146\">specjalna szafka <\/strong>\u00a0od <strong data-start=\"150\" data-end=\"163\">Meble KAM<\/strong>, kt\u00f3r\u0105 mo\u017cesz zam\u00f3wi\u0107 <strong data-start=\"186\" data-end=\"206\">co do centymetra<\/strong> w zakresie szeroko\u015bci <strong data-start=\"229\" data-end=\"241\">21-39 cm<\/strong>. To \u015bwietne rozwi\u0105zanie dla os\u00f3b, kt\u00f3re chc\u0105 maksymalnie wykorzysta\u0107 dost\u0119pn\u0105 przestrze\u0144, szczeg\u00f3lnie w systemie <strong data-start=\"355\" data-end=\"366\">KAMMONO<\/strong>.<\/p>\n<h3 data-start=\"371\" data-end=\"409\"><strong data-start=\"375\" data-end=\"407\">Dostosowana do Twojej kuchni<\/strong><\/h3>\n<p data-start=\"411\" data-end=\"635\">Dzi\u0119ki opcji wyboru szeroko\u015bci <strong data-start=\"442\" data-end=\"453\">co 1 cm<\/strong> szafka sprawdzi si\u0119 nawet w niewielkich wn\u0119kach czy nietypowych uk\u0142adach kuchennych. Wysoko\u015b\u0107 <strong data-start=\"548\" data-end=\"558\">100 cm<\/strong> oraz <strong data-start=\"564\" data-end=\"583\">g\u0142\u0119boko\u015b\u0107 32 cm<\/strong> zapewniaj\u0105 optymaln\u0105 pojemno\u015b\u0107 do przechowywania.<\/p>\n<h3 data-start=\"637\" data-end=\"667\"><strong data-start=\"641\" data-end=\"665\">Najwa\u017cniejsze cechy <\/strong><strong data-start=\"4\" data-end=\"89\">W21-39.1\/100_SPEC<\/strong><strong data-start=\"641\" data-end=\"665\">:<\/strong><\/h3>\n<ul data-start=\"668\" data-end=\"933\">\n<li data-start=\"668\" data-end=\"730\"><strong data-start=\"670\" data-end=\"684\">Szeroko\u015b\u0107:<\/strong> mo\u017cliwo\u015b\u0107 wyboru od 21 do 39 cm <strong data-start=\"717\" data-end=\"728\">co 1 cm<\/strong><\/li>\n<li data-start=\"731\" data-end=\"755\"><strong data-start=\"733\" data-end=\"746\">Wysoko\u015b\u0107:<\/strong> 100 cm<\/li>\n<li data-start=\"756\" data-end=\"780\"><strong data-start=\"758\" data-end=\"772\">G\u0142\u0119boko\u015b\u0107:<\/strong> 32 cm<\/li>\n<li data-start=\"781\" data-end=\"837\"><strong data-start=\"783\" data-end=\"835\">Pe\u0142ny front \u2013 jednolita, estetyczna powierzchnia<\/strong><\/li>\n<li data-start=\"838\" data-end=\"884\"><strong data-start=\"840\" data-end=\"882\">Trwa\u0142a konstrukcja i nowoczesny design<\/strong><\/li>\n<li data-start=\"885\" data-end=\"933\"><strong data-start=\"887\" data-end=\"931\">Doskona\u0142e dopasowanie do systemu KAMMONO<\/strong><\/li>\n<\/ul>\n<h3 data-start=\"935\" data-end=\"973\"><strong data-start=\"939\" data-end=\"971\">Praktyczno\u015b\u0107 i styl w jednym<\/strong><\/h3>\n<p data-start=\"975\" data-end=\"1197\">Szafka <strong data-start=\"982\" data-end=\"1003\">W21-39.1\/100_SPEC<\/strong> to doskona\u0142e uzupe\u0142nienie zabudowy kuchennej <strong data-start=\"1049\" data-end=\"1062\">Meble KAM<\/strong>. Dzi\u0119ki swojej funkcjonalno\u015bci i minimalistycznej formie pozwala na stworzenie <strong data-start=\"1142\" data-end=\"1194\">sp\u00f3jnej, nowoczesnej i ergonomicznej przestrzeni<\/strong>.<\/p>\n<p data-start=\"1199\" data-end=\"1257\" data-is-last-node=\"\" data-is-only-node=\"\">Zam\u00f3w teraz i stw\u00f3rz kuchni\u0119 dopasowan\u0105 do Twoich potrzeb!<\/p>\n","protected":false},"excerpt":{"rendered":"<p><strong data-start=\"93\" data-end=\"114\">W21-39.1\/100_SPEC<\/strong> to specjalna szafka wisz\u0105ca od <strong data-start=\"150\" data-end=\"163\">Meble KAM<\/strong>, kt\u00f3r\u0105 mo\u017cesz zam\u00f3wi\u0107 <strong data-start=\"186\" data-end=\"206\">co do centymetra<\/strong> w zakresie szeroko\u015bci <strong data-start=\"229\" data-end=\"241\">21-39 cm<\/strong>. To \u015bwietne rozwi\u0105zanie dla os\u00f3b, kt\u00f3re chc\u0105 maksymalnie wykorzysta\u0107 dost\u0119pn\u0105 przestrze\u0144, szczeg\u00f3lnie w systemie <strong data-st=\"\">art=&#8221;355&#8243; data-end=&#8221;366&#8243;&gt;KAMMONO<\/strong>.<\/p>\n","protected":false},"featured_media":60122,"template":"","meta":[],"product_brand":[710],"product_cat":[778,775,454,474,498,548],"product_tag":[],"class_list":{"0":"post-49673","1":"product","2":"type-product","3":"status-publish","4":"has-post-thumbnail","6":"product_brand-meble-kam","7":"product_cat-szafki-kuchenne-wiszace-sklep","8":"product_cat-wszystko","9":"product_cat-meble-kam-mono","10":"product_cat-szafki-wiszace","11":"product_cat-szafki-wiszace-100","12":"product_cat-szafki-wiszace-w-glebokosc-32-cm-szafki-wiszace-100","13":"product_shipping_class-szafka-wiszaca-kam","14":"pa_front-f10","15":"pa_front-f11","16":"pa_front-f4","17":"pa_front-f6","18":"pa_front-f7","19":"pa_front-f8","20":"pa_front-fg2","21":"pa_front-k2","22":"pa_front-kc2","23":"pa_front-kc4","24":"pa_front-l4-mat","25":"pa_front-l4-polysk","26":"pa_front-m4","27":"pa_front-os_2","28":"pa_front-os_2black","29":"pa_front-p00","30":"pa_front-p2","31":"pa_front-p4","33":"first","34":"instock","35":"shipping-taxable","36":"purchasable","37":"product-type-variable"},"yoast_head":"<!-- This site is optimized with the Yoast SEO Premium plugin v25.0 (Yoast SEO v25.0) - https:\/\/yoast.com\/wordpress\/plugins\/seo\/ -->\n<title>Szafka wisz\u0105ca specjalna W21-39.1\/100_SPEC<\/title>\n<meta name=\"description\" content=\"W21-39.1\/100_SPEC to specjalna szafka wisz\u0105ca od Meble KAM, kt\u00f3r\u0105 mo\u017cesz zam\u00f3wi\u0107 co do centymetra w zakresie szeroko\u015bci 21-39 cm\" \/>\n<meta name=\"robots\" content=\"index, follow, max-snippet:-1, max-image-preview:large, max-video-preview:-1\" \/>\n<link rel=\"canonical\" href=\"https:\/\/meblekuchenne.pl\/sklep\/product\/szafka-wiszaca-specjalna-w21-39-1-100_spec-szer-co-1-cm-kammono\/\" \/>\n<meta property=\"og:locale\" content=\"pl_PL\" \/>\n<meta property=\"og:type\" content=\"article\" \/>\n<meta property=\"og:title\" content=\"Szafka wisz\u0105ca specjalna W21-39.1\/100_SPEC - szer. co 1 cm - KamMono\" \/>\n<meta property=\"og:description\" content=\"W21-39.1\/100_SPEC to specjalna szafka wisz\u0105ca od Meble KAM, kt\u00f3r\u0105 mo\u017cesz zam\u00f3wi\u0107 co do centymetra w zakresie szeroko\u015bci 21-39 cm\" \/>\n<meta property=\"og:url\" content=\"https:\/\/meblekuchenne.pl\/sklep\/product\/szafka-wiszaca-specjalna-w21-39-1-100_spec-szer-co-1-cm-kammono\/\" \/>\n<meta property=\"og:site_name\" content=\"MebleKuchenne.PL - SKLEP\" \/>\n<meta property=\"article:modified_time\" content=\"2026-03-31T11:08:20+00:00\" \/>\n<meta property=\"og:image\" content=\"https:\/\/meblekuchenne.pl\/sklep\/wp-content\/uploads\/2025\/02\/w.1-100-spec-1.webp\" \/>\n\t<meta property=\"og:image:width\" content=\"1600\" \/>\n\t<meta property=\"og:image:height\" content=\"1080\" \/>\n\t<meta property=\"og:image:type\" content=\"image\/webp\" \/>\n<meta name=\"twitter:card\" content=\"summary_large_image\" \/>\n<meta name=\"twitter:label1\" content=\"Dost\u0119pno\u015b\u0107\" \/>\n\t<meta name=\"twitter:data1\" content=\"Dost\u0119pny\" \/>\n<script type=\"application\/ld+json\" class=\"yoast-schema-graph\">{\"@context\":\"https:\/\/schema.org\",\"@graph\":[{\"@type\":\"WebPage\",\"@id\":\"https:\/\/meblekuchenne.pl\/sklep\/product\/szafka-wiszaca-specjalna-w21-39-1-100_spec-szer-co-1-cm-kammono\/\",\"url\":\"https:\/\/meblekuchenne.pl\/sklep\/product\/szafka-wiszaca-specjalna-w21-39-1-100_spec-szer-co-1-cm-kammono\/\",\"name\":\"Szafka wisz\u0105ca specjalna W21-39.1\/100_SPEC\",\"isPartOf\":{\"@id\":\"https:\/\/meblekuchenne.pl\/sklep\/#website\"},\"primaryImageOfPage\":{\"@id\":\"https:\/\/meblekuchenne.pl\/sklep\/product\/szafka-wiszaca-specjalna-w21-39-1-100_spec-szer-co-1-cm-kammono\/#primaryimage\"},\"image\":{\"@id\":\"https:\/\/meblekuchenne.pl\/sklep\/product\/szafka-wiszaca-specjalna-w21-39-1-100_spec-szer-co-1-cm-kammono\/#primaryimage\"},\"thumbnailUrl\":\"https:\/\/meblekuchenne.pl\/sklep\/wp-content\/uploads\/2025\/02\/w.1-100-spec-1.webp\",\"datePublished\":\"2025-02-21T18:46:20+00:00\",\"dateModified\":\"2026-03-31T11:08:20+00:00\",\"description\":\"W21-39.1\/100_SPEC to specjalna szafka wisz\u0105ca od Meble KAM, kt\u00f3r\u0105 mo\u017cesz zam\u00f3wi\u0107 co do centymetra w zakresie szeroko\u015bci 21-39 cm\",\"breadcrumb\":{\"@id\":\"https:\/\/meblekuchenne.pl\/sklep\/product\/szafka-wiszaca-specjalna-w21-39-1-100_spec-szer-co-1-cm-kammono\/#breadcrumb\"},\"inLanguage\":\"pl-PL\",\"potentialAction\":[{\"@type\":\"ReadAction\",\"target\":[\"https:\/\/meblekuchenne.pl\/sklep\/product\/szafka-wiszaca-specjalna-w21-39-1-100_spec-szer-co-1-cm-kammono\/\"]}]},{\"@type\":\"ImageObject\",\"inLanguage\":\"pl-PL\",\"@id\":\"https:\/\/meblekuchenne.pl\/sklep\/product\/szafka-wiszaca-specjalna-w21-39-1-100_spec-szer-co-1-cm-kammono\/#primaryimage\",\"url\":\"https:\/\/meblekuchenne.pl\/sklep\/wp-content\/uploads\/2025\/02\/w.1-100-spec-1.webp\",\"contentUrl\":\"https:\/\/meblekuchenne.pl\/sklep\/wp-content\/uploads\/2025\/02\/w.1-100-spec-1.webp\",\"width\":1600,\"height\":1080},{\"@type\":\"BreadcrumbList\",\"@id\":\"https:\/\/meblekuchenne.pl\/sklep\/product\/szafka-wiszaca-specjalna-w21-39-1-100_spec-szer-co-1-cm-kammono\/#breadcrumb\",\"itemListElement\":[{\"@type\":\"ListItem\",\"position\":1,\"name\":\"Strona g\u0142\u00f3wna\",\"item\":\"https:\/\/meblekuchenne.pl\/sklep\/\"},{\"@type\":\"ListItem\",\"position\":2,\"name\":\"Sklep\",\"item\":\"https:\/\/meblekuchenne.pl\/sklep\/sklep\/\"},{\"@type\":\"ListItem\",\"position\":3,\"name\":\"Szafka wisz\u0105ca specjalna W21-39.1\/100_SPEC &#8211; szer. co 1 cm &#8211; KamMono\"}]},{\"@type\":\"WebSite\",\"@id\":\"https:\/\/meblekuchenne.pl\/sklep\/#website\",\"url\":\"https:\/\/meblekuchenne.pl\/sklep\/\",\"name\":\"MebleKuchenne.PL - SKLEP\",\"description\":\"\",\"publisher\":{\"@id\":\"https:\/\/meblekuchenne.pl\/sklep\/#organization\"},\"potentialAction\":[{\"@type\":\"SearchAction\",\"target\":{\"@type\":\"EntryPoint\",\"urlTemplate\":\"https:\/\/meblekuchenne.pl\/sklep\/?s={search_term_string}\"},\"query-input\":{\"@type\":\"PropertyValueSpecification\",\"valueRequired\":true,\"valueName\":\"search_term_string\"}}],\"inLanguage\":\"pl-PL\"},{\"@type\":\"Organization\",\"@id\":\"https:\/\/meblekuchenne.pl\/sklep\/#organization\",\"name\":\"MebleKuchenne.PL - SKLEP\",\"url\":\"https:\/\/meblekuchenne.pl\/sklep\/\",\"logo\":{\"@type\":\"ImageObject\",\"inLanguage\":\"pl-PL\",\"@id\":\"https:\/\/meblekuchenne.pl\/sklep\/#\/schema\/logo\/image\/\",\"url\":\"https:\/\/meblekuchenne.pl\/sklep\/wp-content\/uploads\/2025\/06\/cropped-cropped-logo.webp\",\"contentUrl\":\"https:\/\/meblekuchenne.pl\/sklep\/wp-content\/uploads\/2025\/06\/cropped-cropped-logo.webp\",\"width\":735,\"height\":715,\"caption\":\"MebleKuchenne.PL - SKLEP\"},\"image\":{\"@id\":\"https:\/\/meblekuchenne.pl\/sklep\/#\/schema\/logo\/image\/\"}}]}<\/script>\n<meta property=\"og:availability\" content=\"instock\" \/>\n<meta property=\"product:availability\" content=\"instock\" \/>\n<meta property=\"product:retailer_item_id\" content=\"W21-39.1\/100_SPEC\" \/>\n<meta property=\"product:condition\" content=\"new\" \/>\n<!-- \/ Yoast SEO Premium plugin. -->","yoast_head_json":{"title":"Szafka wisz\u0105ca specjalna W21-39.1\/100_SPEC","description":"W21-39.1\/100_SPEC to specjalna szafka wisz\u0105ca od Meble KAM, kt\u00f3r\u0105 mo\u017cesz zam\u00f3wi\u0107 co do centymetra w zakresie szeroko\u015bci 21-39 cm","robots":{"index":"index","follow":"follow","max-snippet":"max-snippet:-1","max-image-preview":"max-image-preview:large","max-video-preview":"max-video-preview:-1"},"canonical":"https:\/\/meblekuchenne.pl\/sklep\/product\/szafka-wiszaca-specjalna-w21-39-1-100_spec-szer-co-1-cm-kammono\/","og_locale":"pl_PL","og_type":"article","og_title":"Szafka wisz\u0105ca specjalna W21-39.1\/100_SPEC - szer. co 1 cm - KamMono","og_description":"W21-39.1\/100_SPEC to specjalna szafka wisz\u0105ca od Meble KAM, kt\u00f3r\u0105 mo\u017cesz zam\u00f3wi\u0107 co do centymetra w zakresie szeroko\u015bci 21-39 cm","og_url":"https:\/\/meblekuchenne.pl\/sklep\/product\/szafka-wiszaca-specjalna-w21-39-1-100_spec-szer-co-1-cm-kammono\/","og_site_name":"MebleKuchenne.PL - SKLEP","article_modified_time":"2026-03-31T11:08:20+00:00","og_image":[{"width":1600,"height":1080,"url":"https:\/\/meblekuchenne.pl\/sklep\/wp-content\/uploads\/2025\/02\/w.1-100-spec-1.webp","type":"image\/webp"}],"twitter_card":"summary_large_image","twitter_misc":{"Dost\u0119pno\u015b\u0107":"Dost\u0119pny"},"schema":{"@context":"https:\/\/schema.org","@graph":[{"@type":"WebPage","@id":"https:\/\/meblekuchenne.pl\/sklep\/product\/szafka-wiszaca-specjalna-w21-39-1-100_spec-szer-co-1-cm-kammono\/","url":"https:\/\/meblekuchenne.pl\/sklep\/product\/szafka-wiszaca-specjalna-w21-39-1-100_spec-szer-co-1-cm-kammono\/","name":"Szafka wisz\u0105ca specjalna W21-39.1\/100_SPEC","isPartOf":{"@id":"https:\/\/meblekuchenne.pl\/sklep\/#website"},"primaryImageOfPage":{"@id":"https:\/\/meblekuchenne.pl\/sklep\/product\/szafka-wiszaca-specjalna-w21-39-1-100_spec-szer-co-1-cm-kammono\/#primaryimage"},"image":{"@id":"https:\/\/meblekuchenne.pl\/sklep\/product\/szafka-wiszaca-specjalna-w21-39-1-100_spec-szer-co-1-cm-kammono\/#primaryimage"},"thumbnailUrl":"https:\/\/meblekuchenne.pl\/sklep\/wp-content\/uploads\/2025\/02\/w.1-100-spec-1.webp","datePublished":"2025-02-21T18:46:20+00:00","dateModified":"2026-03-31T11:08:20+00:00","description":"W21-39.1\/100_SPEC to specjalna szafka wisz\u0105ca od Meble KAM, kt\u00f3r\u0105 mo\u017cesz zam\u00f3wi\u0107 co do centymetra w zakresie szeroko\u015bci 21-39 cm","breadcrumb":{"@id":"https:\/\/meblekuchenne.pl\/sklep\/product\/szafka-wiszaca-specjalna-w21-39-1-100_spec-szer-co-1-cm-kammono\/#breadcrumb"},"inLanguage":"pl-PL","potentialAction":[{"@type":"ReadAction","target":["https:\/\/meblekuchenne.pl\/sklep\/product\/szafka-wiszaca-specjalna-w21-39-1-100_spec-szer-co-1-cm-kammono\/"]}]},{"@type":"ImageObject","inLanguage":"pl-PL","@id":"https:\/\/meblekuchenne.pl\/sklep\/product\/szafka-wiszaca-specjalna-w21-39-1-100_spec-szer-co-1-cm-kammono\/#primaryimage","url":"https:\/\/meblekuchenne.pl\/sklep\/wp-content\/uploads\/2025\/02\/w.1-100-spec-1.webp","contentUrl":"https:\/\/meblekuchenne.pl\/sklep\/wp-content\/uploads\/2025\/02\/w.1-100-spec-1.webp","width":1600,"height":1080},{"@type":"BreadcrumbList","@id":"https:\/\/meblekuchenne.pl\/sklep\/product\/szafka-wiszaca-specjalna-w21-39-1-100_spec-szer-co-1-cm-kammono\/#breadcrumb","itemListElement":[{"@type":"ListItem","position":1,"name":"Strona g\u0142\u00f3wna","item":"https:\/\/meblekuchenne.pl\/sklep\/"},{"@type":"ListItem","position":2,"name":"Sklep","item":"https:\/\/meblekuchenne.pl\/sklep\/sklep\/"},{"@type":"ListItem","position":3,"name":"Szafka wisz\u0105ca specjalna W21-39.1\/100_SPEC &#8211; szer. co 1 cm &#8211; KamMono"}]},{"@type":"WebSite","@id":"https:\/\/meblekuchenne.pl\/sklep\/#website","url":"https:\/\/meblekuchenne.pl\/sklep\/","name":"MebleKuchenne.PL - SKLEP","description":"","publisher":{"@id":"https:\/\/meblekuchenne.pl\/sklep\/#organization"},"potentialAction":[{"@type":"SearchAction","target":{"@type":"EntryPoint","urlTemplate":"https:\/\/meblekuchenne.pl\/sklep\/?s={search_term_string}"},"query-input":{"@type":"PropertyValueSpecification","valueRequired":true,"valueName":"search_term_string"}}],"inLanguage":"pl-PL"},{"@type":"Organization","@id":"https:\/\/meblekuchenne.pl\/sklep\/#organization","name":"MebleKuchenne.PL - SKLEP","url":"https:\/\/meblekuchenne.pl\/sklep\/","logo":{"@type":"ImageObject","inLanguage":"pl-PL","@id":"https:\/\/meblekuchenne.pl\/sklep\/#\/schema\/logo\/image\/","url":"https:\/\/meblekuchenne.pl\/sklep\/wp-content\/uploads\/2025\/06\/cropped-cropped-logo.webp","contentUrl":"https:\/\/meblekuchenne.pl\/sklep\/wp-content\/uploads\/2025\/06\/cropped-cropped-logo.webp","width":735,"height":715,"caption":"MebleKuchenne.PL - SKLEP"},"image":{"@id":"https:\/\/meblekuchenne.pl\/sklep\/#\/schema\/logo\/image\/"}}]},"og_availability":"instock","product_availability":"instock","product_retailer_item_id":"W21-39.1\/100_SPEC","product_condition":"new"},"_links":{"self":[{"href":"https:\/\/meblekuchenne.pl\/sklep\/wp-json\/wp\/v2\/product\/49673","targetHints":{"allow":["GET"]}}],"collection":[{"href":"https:\/\/meblekuchenne.pl\/sklep\/wp-json\/wp\/v2\/product"}],"about":[{"href":"https:\/\/meblekuchenne.pl\/sklep\/wp-json\/wp\/v2\/types\/product"}],"wp:featuredmedia":[{"embeddable":true,"href":"https:\/\/meblekuchenne.pl\/sklep\/wp-json\/wp\/v2\/media\/60122"}],"wp:attachment":[{"href":"https:\/\/meblekuchenne.pl\/sklep\/wp-json\/wp\/v2\/media?parent=49673"}],"wp:term":[{"taxonomy":"product_brand","embeddable":true,"href":"https:\/\/meblekuchenne.pl\/sklep\/wp-json\/wp\/v2\/product_brand?post=49673"},{"taxonomy":"product_cat","embeddable":true,"href":"https:\/\/meblekuchenne.pl\/sklep\/wp-json\/wp\/v2\/product_cat?post=49673"},{"taxonomy":"product_tag","embeddable":true,"href":"https:\/\/meblekuchenne.pl\/sklep\/wp-json\/wp\/v2\/product_tag?post=49673"}],"curies":[{"name":"wp","href":"https:\/\/api.w.org\/{rel}","templated":true}]}}