{"id":49253,"date":"2025-02-21T19:41:27","date_gmt":"2025-02-21T18:41:27","guid":{"rendered":"https:\/\/meblekuchenne.pl\/sklep\/?post_type=product&#038;p=49253"},"modified":"2026-03-31T13:08:28","modified_gmt":"2026-03-31T11:08:28","slug":"szafka-wiszaca-gleboka-specjalna-bw21-39-1-90_spec-szer-co-1-cm-kammono","status":"publish","type":"product","link":"https:\/\/meblekuchenne.pl\/sklep\/product\/szafka-wiszaca-gleboka-specjalna-bw21-39-1-90_spec-szer-co-1-cm-kammono\/","title":{"rendered":"Szafka wisz\u0105ca g\u0142\u0119boka specjalna BW21-39.1\/90_SPEC &#8211; szer. co 1 cm &#8211; KamMono"},"content":{"rendered":"<h2 data-start=\"0\" data-end=\"80\"><strong data-start=\"4\" data-end=\"78\">Szafka wisz\u0105ca g\u0142\u0119boka specjalna BW21-39.1\/90_SPEC \u2013 szeroko\u015b\u0107 co 1 cm<\/strong><\/h2>\n<p>Szafka wisz\u0105ca specjalna \u2013 szer. co 1 cm w zakresie 21-39 cm, wys. 90 cm, g\u0142. 36 cm<\/p>\n<h3 data-start=\"82\" data-end=\"146\"><strong data-start=\"82\" data-end=\"144\">Doskona\u0142e dopasowanie do Twojej kuchni \u2013 Meble KAM KAMMONO<\/strong><\/h3>\n<p data-start=\"148\" data-end=\"542\">Szafka wisz\u0105ca g\u0142\u0119boka <strong data-start=\"171\" data-end=\"192\">BW21-39.1\/90_SPEC<\/strong> to funkcjonalne rozwi\u0105zanie, kt\u00f3re idealnie sprawdzi si\u0119 w nowoczesnych i klasycznych kuchniach. Dzi\u0119ki mo\u017cliwo\u015bci wyboru szeroko\u015bci <strong data-start=\"326\" data-end=\"337\">co 1 cm<\/strong>, mo\u017cesz precyzyjnie dopasowa\u0107 j\u0105 do swojej zabudowy, maksymalnie wykorzystuj\u0105c przestrze\u0144. To cz\u0119\u015b\u0107 systemu <strong data-start=\"446\" data-end=\"467\">Meble KAM KAMMONO<\/strong>, kt\u00f3ry wyr\u00f3\u017cnia si\u0119 wysok\u0105 jako\u015bci\u0105 wykonania oraz nowoczesnym designem.<\/p>\n<h3 data-start=\"544\" data-end=\"587\"><strong data-start=\"548\" data-end=\"585\">Precyzyjne dopasowanie do wn\u0119trza<\/strong><\/h3>\n<p data-start=\"0\" data-end=\"80\"><strong data-start=\"4\" data-end=\"78\">Szafka wisz\u0105ca g\u0142\u0119boka specjalna BW21-39.1\/90_SPEC <\/strong>dost\u0119pna jest w szeroko\u015bciach <strong data-start=\"625\" data-end=\"643\">od 21 do 39 cm<\/strong>, dzi\u0119ki czemu \u015bwietnie sprawdzi si\u0119 jako element uzupe\u0142niaj\u0105cy zabudow\u0119 kuchenn\u0105.<\/p>\n<ul data-start=\"729\" data-end=\"875\">\n<li data-start=\"729\" data-end=\"789\"><strong data-start=\"731\" data-end=\"745\">Szeroko\u015b\u0107:<\/strong> od 21 do 39 cm (mo\u017cliwo\u015b\u0107 wyboru co 1 cm)<\/li>\n<li data-start=\"790\" data-end=\"813\"><strong data-start=\"792\" data-end=\"805\">Wysoko\u015b\u0107:<\/strong> 90 cm<\/li>\n<li data-start=\"814\" data-end=\"838\"><strong data-start=\"816\" data-end=\"830\">G\u0142\u0119boko\u015b\u0107:<\/strong> 36 cm<\/li>\n<li data-start=\"839\" data-end=\"875\"><strong data-start=\"841\" data-end=\"851\">Front:<\/strong> pe\u0142ny, bez przeszkle\u0144<\/li>\n<\/ul>\n<p data-start=\"877\" data-end=\"1011\">To idealne rozwi\u0105zanie do przechowywania artyku\u0142\u00f3w spo\u017cywczych, naczy\u0144 lub innych akcesori\u00f3w kuchennych, kt\u00f3re chcesz mie\u0107 pod r\u0119k\u0105.<\/p>\n<h3 data-start=\"1013\" data-end=\"1047\"><strong data-start=\"1017\" data-end=\"1045\">Wysoka jako\u015b\u0107 i trwa\u0142o\u015b\u0107 <\/strong><strong data-start=\"4\" data-end=\"78\">BW21-39.1\/90_SPEC<\/strong><\/h3>\n<p data-start=\"1048\" data-end=\"1174\">Szafka wisz\u0105ca specjalna zosta\u0142a wykonana z wytrzyma\u0142ych materia\u0142\u00f3w, kt\u00f3re zapewniaj\u0105 jej d\u0142ugowieczno\u015b\u0107 i odporno\u015b\u0107 na codzienne u\u017cytkowanie.<\/p>\n<ul data-start=\"1176\" data-end=\"1458\">\n<li data-start=\"1176\" data-end=\"1214\"><strong data-start=\"1178\" data-end=\"1189\">Korpus:<\/strong> p\u0142yta laminowana 16 mm<\/li>\n<li data-start=\"1215\" data-end=\"1270\"><strong data-start=\"1217\" data-end=\"1227\">Front:<\/strong> dopasowany do stylistyki systemu KAMMONO<\/li>\n<li data-start=\"1271\" data-end=\"1341\"><strong data-start=\"1273\" data-end=\"1285\">Zawiasy:<\/strong> z funkcj\u0105 cichego domyku dla komfortowego u\u017cytkowania<\/li>\n<li data-start=\"1342\" data-end=\"1458\"><strong data-start=\"1344\" data-end=\"1355\">Monta\u017c:<\/strong> produkt dostarczany w paczkach do samodzielnego monta\u017cu, w zestawie instrukcja i akcesoria monta\u017cowe<\/li>\n<\/ul>\n<h3 data-start=\"1460\" data-end=\"1506\"><strong data-start=\"1464\" data-end=\"1504\">Idealne rozwi\u0105zanie do ka\u017cdej kuchni<\/strong><\/h3>\n<p data-start=\"1507\" data-end=\"1777\">Dzi\u0119ki mo\u017cliwo\u015bci wyboru szeroko\u015bci co 1 cm, szafka <strong data-start=\"1559\" data-end=\"1580\">BW21-39.1\/90_SPEC<\/strong> pozwala na optymalne zagospodarowanie miejsca w kuchni. To praktyczny i estetyczny element systemu <strong data-start=\"1680\" data-end=\"1701\">Meble KAM KAMMONO<\/strong>, kt\u00f3ry doskonale komponuje si\u0119 z pozosta\u0142ymi modu\u0142ami zabudowy kuchennej.<\/p>\n<p data-start=\"1779\" data-end=\"1896\" data-is-last-node=\"\" data-is-only-node=\"\">Stw\u00f3rz kuchni\u0119 na miar\u0119 swoich potrzeb \u2013 postaw na <strong data-start=\"1830\" data-end=\"1843\">Meble KAM<\/strong> i ciesz si\u0119 funkcjonalnym oraz nowoczesnym wn\u0119trzem!<\/p>\n","protected":false},"excerpt":{"rendered":"<p>Szafka wisz\u0105ca g\u0142\u0119boka <strong data-start=\"171\" data-end=\"192\">BW21-39.1\/90_SPEC<\/strong> to funkcjonalne rozwi\u0105zanie, kt\u00f3re idealnie sprawdzi si\u0119 w nowoczesnych i klasycznych kuchniach. Dzi\u0119ki mo\u017cliwo\u015bci wyboru szeroko\u015bci <strong data-start=\"326\" data-end=\"337\">co 1 cm<\/strong>, mo\u017cesz precyzyjnie dopasowa\u0107 j\u0105 do swojej zabudowy, maksymalnie wykorzystuj\u0105c przestrze\u0144. To cz\u0119\u015b\u0107 systemu <strong data-start=\"446\" data-end=\"467\">Meble KAM KAMMONO<\/strong>, kt\u00f3ry wyr\u00f3\u017cnia si\u0119 wysok\u0105 jako\u015bci\u0105 wykonania oraz nowoczesnym designem.<\/p>\n","protected":false},"featured_media":60087,"template":"","meta":[],"product_brand":[710],"product_cat":[778,775,454,474,497,545],"product_tag":[],"class_list":{"0":"post-49253","1":"product","2":"type-product","3":"status-publish","4":"has-post-thumbnail","6":"product_brand-meble-kam","7":"product_cat-szafki-kuchenne-wiszace-sklep","8":"product_cat-wszystko","9":"product_cat-meble-kam-mono","10":"product_cat-szafki-wiszace","11":"product_cat-szafki-wiszace-90","12":"product_cat-szafki-wiszace-bw-glebokosc-36-cm-szafki-wiszace-90","13":"product_shipping_class-szafka-wiszaca-kam","14":"pa_front-f10","15":"pa_front-f11","16":"pa_front-f4","17":"pa_front-f6","18":"pa_front-f7","19":"pa_front-f8","20":"pa_front-fg2","21":"pa_front-k2","22":"pa_front-kc2","23":"pa_front-kc4","24":"pa_front-l4-mat","25":"pa_front-l4-polysk","26":"pa_front-m4","27":"pa_front-os_2","28":"pa_front-os_2black","29":"pa_front-p00","30":"pa_front-p2","31":"pa_front-p4","33":"first","34":"instock","35":"shipping-taxable","36":"purchasable","37":"product-type-variable"},"yoast_head":"<!-- This site is optimized with the Yoast SEO Premium plugin v25.0 (Yoast SEO v25.0) - https:\/\/yoast.com\/wordpress\/plugins\/seo\/ -->\n<title>Szafka wisz\u0105ca g\u0142\u0119boka specjalna BW21-39.1\/90_SPEC<\/title>\n<meta name=\"description\" content=\"Szafka wisz\u0105ca g\u0142\u0119boka specjalna BW21-39.1\/90_SPEC - dzi\u0119ki mo\u017cliwo\u015bci wyboru szeroko\u015bci co 1 cm, mo\u017cesz precyzyjnie dopasowa\u0107 j\u0105 do swojej zabudowy,\" \/>\n<meta name=\"robots\" content=\"index, follow, max-snippet:-1, max-image-preview:large, max-video-preview:-1\" \/>\n<link rel=\"canonical\" href=\"https:\/\/meblekuchenne.pl\/sklep\/product\/szafka-wiszaca-gleboka-specjalna-bw21-39-1-90_spec-szer-co-1-cm-kammono\/\" \/>\n<meta property=\"og:locale\" content=\"pl_PL\" \/>\n<meta property=\"og:type\" content=\"article\" \/>\n<meta property=\"og:title\" content=\"Szafka wisz\u0105ca g\u0142\u0119boka specjalna BW21-39.1\/90_SPEC - szer. co 1 cm - KamMono\" \/>\n<meta property=\"og:description\" content=\"Szafka wisz\u0105ca g\u0142\u0119boka specjalna BW21-39.1\/90_SPEC - dzi\u0119ki mo\u017cliwo\u015bci wyboru szeroko\u015bci co 1 cm, mo\u017cesz precyzyjnie dopasowa\u0107 j\u0105 do swojej zabudowy,\" \/>\n<meta property=\"og:url\" content=\"https:\/\/meblekuchenne.pl\/sklep\/product\/szafka-wiszaca-gleboka-specjalna-bw21-39-1-90_spec-szer-co-1-cm-kammono\/\" \/>\n<meta property=\"og:site_name\" content=\"MebleKuchenne.PL - SKLEP\" \/>\n<meta property=\"article:modified_time\" content=\"2026-03-31T11:08:28+00:00\" \/>\n<meta property=\"og:image\" content=\"https:\/\/meblekuchenne.pl\/sklep\/wp-content\/uploads\/2025\/02\/w-.1-90-spec-1.webp\" \/>\n\t<meta property=\"og:image:width\" content=\"1600\" \/>\n\t<meta property=\"og:image:height\" content=\"1080\" \/>\n\t<meta property=\"og:image:type\" content=\"image\/webp\" \/>\n<meta name=\"twitter:card\" content=\"summary_large_image\" \/>\n<meta name=\"twitter:label1\" content=\"Dost\u0119pno\u015b\u0107\" \/>\n\t<meta name=\"twitter:data1\" content=\"Dost\u0119pny\" \/>\n<script type=\"application\/ld+json\" class=\"yoast-schema-graph\">{\"@context\":\"https:\/\/schema.org\",\"@graph\":[{\"@type\":\"WebPage\",\"@id\":\"https:\/\/meblekuchenne.pl\/sklep\/product\/szafka-wiszaca-gleboka-specjalna-bw21-39-1-90_spec-szer-co-1-cm-kammono\/\",\"url\":\"https:\/\/meblekuchenne.pl\/sklep\/product\/szafka-wiszaca-gleboka-specjalna-bw21-39-1-90_spec-szer-co-1-cm-kammono\/\",\"name\":\"Szafka wisz\u0105ca g\u0142\u0119boka specjalna BW21-39.1\/90_SPEC\",\"isPartOf\":{\"@id\":\"https:\/\/meblekuchenne.pl\/sklep\/#website\"},\"primaryImageOfPage\":{\"@id\":\"https:\/\/meblekuchenne.pl\/sklep\/product\/szafka-wiszaca-gleboka-specjalna-bw21-39-1-90_spec-szer-co-1-cm-kammono\/#primaryimage\"},\"image\":{\"@id\":\"https:\/\/meblekuchenne.pl\/sklep\/product\/szafka-wiszaca-gleboka-specjalna-bw21-39-1-90_spec-szer-co-1-cm-kammono\/#primaryimage\"},\"thumbnailUrl\":\"https:\/\/meblekuchenne.pl\/sklep\/wp-content\/uploads\/2025\/02\/w-.1-90-spec-1.webp\",\"datePublished\":\"2025-02-21T18:41:27+00:00\",\"dateModified\":\"2026-03-31T11:08:28+00:00\",\"description\":\"Szafka wisz\u0105ca g\u0142\u0119boka specjalna BW21-39.1\/90_SPEC - dzi\u0119ki mo\u017cliwo\u015bci wyboru szeroko\u015bci co 1 cm, mo\u017cesz precyzyjnie dopasowa\u0107 j\u0105 do swojej zabudowy,\",\"breadcrumb\":{\"@id\":\"https:\/\/meblekuchenne.pl\/sklep\/product\/szafka-wiszaca-gleboka-specjalna-bw21-39-1-90_spec-szer-co-1-cm-kammono\/#breadcrumb\"},\"inLanguage\":\"pl-PL\",\"potentialAction\":[{\"@type\":\"ReadAction\",\"target\":[\"https:\/\/meblekuchenne.pl\/sklep\/product\/szafka-wiszaca-gleboka-specjalna-bw21-39-1-90_spec-szer-co-1-cm-kammono\/\"]}]},{\"@type\":\"ImageObject\",\"inLanguage\":\"pl-PL\",\"@id\":\"https:\/\/meblekuchenne.pl\/sklep\/product\/szafka-wiszaca-gleboka-specjalna-bw21-39-1-90_spec-szer-co-1-cm-kammono\/#primaryimage\",\"url\":\"https:\/\/meblekuchenne.pl\/sklep\/wp-content\/uploads\/2025\/02\/w-.1-90-spec-1.webp\",\"contentUrl\":\"https:\/\/meblekuchenne.pl\/sklep\/wp-content\/uploads\/2025\/02\/w-.1-90-spec-1.webp\",\"width\":1600,\"height\":1080},{\"@type\":\"BreadcrumbList\",\"@id\":\"https:\/\/meblekuchenne.pl\/sklep\/product\/szafka-wiszaca-gleboka-specjalna-bw21-39-1-90_spec-szer-co-1-cm-kammono\/#breadcrumb\",\"itemListElement\":[{\"@type\":\"ListItem\",\"position\":1,\"name\":\"Strona g\u0142\u00f3wna\",\"item\":\"https:\/\/meblekuchenne.pl\/sklep\/\"},{\"@type\":\"ListItem\",\"position\":2,\"name\":\"Sklep\",\"item\":\"https:\/\/meblekuchenne.pl\/sklep\/sklep\/\"},{\"@type\":\"ListItem\",\"position\":3,\"name\":\"Szafka wisz\u0105ca g\u0142\u0119boka specjalna BW21-39.1\/90_SPEC &#8211; szer. co 1 cm &#8211; KamMono\"}]},{\"@type\":\"WebSite\",\"@id\":\"https:\/\/meblekuchenne.pl\/sklep\/#website\",\"url\":\"https:\/\/meblekuchenne.pl\/sklep\/\",\"name\":\"MebleKuchenne.PL - SKLEP\",\"description\":\"\",\"publisher\":{\"@id\":\"https:\/\/meblekuchenne.pl\/sklep\/#organization\"},\"potentialAction\":[{\"@type\":\"SearchAction\",\"target\":{\"@type\":\"EntryPoint\",\"urlTemplate\":\"https:\/\/meblekuchenne.pl\/sklep\/?s={search_term_string}\"},\"query-input\":{\"@type\":\"PropertyValueSpecification\",\"valueRequired\":true,\"valueName\":\"search_term_string\"}}],\"inLanguage\":\"pl-PL\"},{\"@type\":\"Organization\",\"@id\":\"https:\/\/meblekuchenne.pl\/sklep\/#organization\",\"name\":\"MebleKuchenne.PL - SKLEP\",\"url\":\"https:\/\/meblekuchenne.pl\/sklep\/\",\"logo\":{\"@type\":\"ImageObject\",\"inLanguage\":\"pl-PL\",\"@id\":\"https:\/\/meblekuchenne.pl\/sklep\/#\/schema\/logo\/image\/\",\"url\":\"https:\/\/meblekuchenne.pl\/sklep\/wp-content\/uploads\/2025\/06\/cropped-cropped-logo.webp\",\"contentUrl\":\"https:\/\/meblekuchenne.pl\/sklep\/wp-content\/uploads\/2025\/06\/cropped-cropped-logo.webp\",\"width\":735,\"height\":715,\"caption\":\"MebleKuchenne.PL - SKLEP\"},\"image\":{\"@id\":\"https:\/\/meblekuchenne.pl\/sklep\/#\/schema\/logo\/image\/\"}}]}<\/script>\n<meta property=\"og:availability\" content=\"instock\" \/>\n<meta property=\"product:availability\" content=\"instock\" \/>\n<meta property=\"product:retailer_item_id\" content=\"BW21-39.1\/90_SPEC\" \/>\n<meta property=\"product:condition\" content=\"new\" \/>\n<!-- \/ Yoast SEO Premium plugin. -->","yoast_head_json":{"title":"Szafka wisz\u0105ca g\u0142\u0119boka specjalna BW21-39.1\/90_SPEC","description":"Szafka wisz\u0105ca g\u0142\u0119boka specjalna BW21-39.1\/90_SPEC - dzi\u0119ki mo\u017cliwo\u015bci wyboru szeroko\u015bci co 1 cm, mo\u017cesz precyzyjnie dopasowa\u0107 j\u0105 do swojej zabudowy,","robots":{"index":"index","follow":"follow","max-snippet":"max-snippet:-1","max-image-preview":"max-image-preview:large","max-video-preview":"max-video-preview:-1"},"canonical":"https:\/\/meblekuchenne.pl\/sklep\/product\/szafka-wiszaca-gleboka-specjalna-bw21-39-1-90_spec-szer-co-1-cm-kammono\/","og_locale":"pl_PL","og_type":"article","og_title":"Szafka wisz\u0105ca g\u0142\u0119boka specjalna BW21-39.1\/90_SPEC - szer. co 1 cm - KamMono","og_description":"Szafka wisz\u0105ca g\u0142\u0119boka specjalna BW21-39.1\/90_SPEC - dzi\u0119ki mo\u017cliwo\u015bci wyboru szeroko\u015bci co 1 cm, mo\u017cesz precyzyjnie dopasowa\u0107 j\u0105 do swojej zabudowy,","og_url":"https:\/\/meblekuchenne.pl\/sklep\/product\/szafka-wiszaca-gleboka-specjalna-bw21-39-1-90_spec-szer-co-1-cm-kammono\/","og_site_name":"MebleKuchenne.PL - SKLEP","article_modified_time":"2026-03-31T11:08:28+00:00","og_image":[{"width":1600,"height":1080,"url":"https:\/\/meblekuchenne.pl\/sklep\/wp-content\/uploads\/2025\/02\/w-.1-90-spec-1.webp","type":"image\/webp"}],"twitter_card":"summary_large_image","twitter_misc":{"Dost\u0119pno\u015b\u0107":"Dost\u0119pny"},"schema":{"@context":"https:\/\/schema.org","@graph":[{"@type":"WebPage","@id":"https:\/\/meblekuchenne.pl\/sklep\/product\/szafka-wiszaca-gleboka-specjalna-bw21-39-1-90_spec-szer-co-1-cm-kammono\/","url":"https:\/\/meblekuchenne.pl\/sklep\/product\/szafka-wiszaca-gleboka-specjalna-bw21-39-1-90_spec-szer-co-1-cm-kammono\/","name":"Szafka wisz\u0105ca g\u0142\u0119boka specjalna BW21-39.1\/90_SPEC","isPartOf":{"@id":"https:\/\/meblekuchenne.pl\/sklep\/#website"},"primaryImageOfPage":{"@id":"https:\/\/meblekuchenne.pl\/sklep\/product\/szafka-wiszaca-gleboka-specjalna-bw21-39-1-90_spec-szer-co-1-cm-kammono\/#primaryimage"},"image":{"@id":"https:\/\/meblekuchenne.pl\/sklep\/product\/szafka-wiszaca-gleboka-specjalna-bw21-39-1-90_spec-szer-co-1-cm-kammono\/#primaryimage"},"thumbnailUrl":"https:\/\/meblekuchenne.pl\/sklep\/wp-content\/uploads\/2025\/02\/w-.1-90-spec-1.webp","datePublished":"2025-02-21T18:41:27+00:00","dateModified":"2026-03-31T11:08:28+00:00","description":"Szafka wisz\u0105ca g\u0142\u0119boka specjalna BW21-39.1\/90_SPEC - dzi\u0119ki mo\u017cliwo\u015bci wyboru szeroko\u015bci co 1 cm, mo\u017cesz precyzyjnie dopasowa\u0107 j\u0105 do swojej zabudowy,","breadcrumb":{"@id":"https:\/\/meblekuchenne.pl\/sklep\/product\/szafka-wiszaca-gleboka-specjalna-bw21-39-1-90_spec-szer-co-1-cm-kammono\/#breadcrumb"},"inLanguage":"pl-PL","potentialAction":[{"@type":"ReadAction","target":["https:\/\/meblekuchenne.pl\/sklep\/product\/szafka-wiszaca-gleboka-specjalna-bw21-39-1-90_spec-szer-co-1-cm-kammono\/"]}]},{"@type":"ImageObject","inLanguage":"pl-PL","@id":"https:\/\/meblekuchenne.pl\/sklep\/product\/szafka-wiszaca-gleboka-specjalna-bw21-39-1-90_spec-szer-co-1-cm-kammono\/#primaryimage","url":"https:\/\/meblekuchenne.pl\/sklep\/wp-content\/uploads\/2025\/02\/w-.1-90-spec-1.webp","contentUrl":"https:\/\/meblekuchenne.pl\/sklep\/wp-content\/uploads\/2025\/02\/w-.1-90-spec-1.webp","width":1600,"height":1080},{"@type":"BreadcrumbList","@id":"https:\/\/meblekuchenne.pl\/sklep\/product\/szafka-wiszaca-gleboka-specjalna-bw21-39-1-90_spec-szer-co-1-cm-kammono\/#breadcrumb","itemListElement":[{"@type":"ListItem","position":1,"name":"Strona g\u0142\u00f3wna","item":"https:\/\/meblekuchenne.pl\/sklep\/"},{"@type":"ListItem","position":2,"name":"Sklep","item":"https:\/\/meblekuchenne.pl\/sklep\/sklep\/"},{"@type":"ListItem","position":3,"name":"Szafka wisz\u0105ca g\u0142\u0119boka specjalna BW21-39.1\/90_SPEC &#8211; szer. co 1 cm &#8211; KamMono"}]},{"@type":"WebSite","@id":"https:\/\/meblekuchenne.pl\/sklep\/#website","url":"https:\/\/meblekuchenne.pl\/sklep\/","name":"MebleKuchenne.PL - SKLEP","description":"","publisher":{"@id":"https:\/\/meblekuchenne.pl\/sklep\/#organization"},"potentialAction":[{"@type":"SearchAction","target":{"@type":"EntryPoint","urlTemplate":"https:\/\/meblekuchenne.pl\/sklep\/?s={search_term_string}"},"query-input":{"@type":"PropertyValueSpecification","valueRequired":true,"valueName":"search_term_string"}}],"inLanguage":"pl-PL"},{"@type":"Organization","@id":"https:\/\/meblekuchenne.pl\/sklep\/#organization","name":"MebleKuchenne.PL - SKLEP","url":"https:\/\/meblekuchenne.pl\/sklep\/","logo":{"@type":"ImageObject","inLanguage":"pl-PL","@id":"https:\/\/meblekuchenne.pl\/sklep\/#\/schema\/logo\/image\/","url":"https:\/\/meblekuchenne.pl\/sklep\/wp-content\/uploads\/2025\/06\/cropped-cropped-logo.webp","contentUrl":"https:\/\/meblekuchenne.pl\/sklep\/wp-content\/uploads\/2025\/06\/cropped-cropped-logo.webp","width":735,"height":715,"caption":"MebleKuchenne.PL - SKLEP"},"image":{"@id":"https:\/\/meblekuchenne.pl\/sklep\/#\/schema\/logo\/image\/"}}]},"og_availability":"instock","product_availability":"instock","product_retailer_item_id":"BW21-39.1\/90_SPEC","product_condition":"new"},"_links":{"self":[{"href":"https:\/\/meblekuchenne.pl\/sklep\/wp-json\/wp\/v2\/product\/49253","targetHints":{"allow":["GET"]}}],"collection":[{"href":"https:\/\/meblekuchenne.pl\/sklep\/wp-json\/wp\/v2\/product"}],"about":[{"href":"https:\/\/meblekuchenne.pl\/sklep\/wp-json\/wp\/v2\/types\/product"}],"wp:featuredmedia":[{"embeddable":true,"href":"https:\/\/meblekuchenne.pl\/sklep\/wp-json\/wp\/v2\/media\/60087"}],"wp:attachment":[{"href":"https:\/\/meblekuchenne.pl\/sklep\/wp-json\/wp\/v2\/media?parent=49253"}],"wp:term":[{"taxonomy":"product_brand","embeddable":true,"href":"https:\/\/meblekuchenne.pl\/sklep\/wp-json\/wp\/v2\/product_brand?post=49253"},{"taxonomy":"product_cat","embeddable":true,"href":"https:\/\/meblekuchenne.pl\/sklep\/wp-json\/wp\/v2\/product_cat?post=49253"},{"taxonomy":"product_tag","embeddable":true,"href":"https:\/\/meblekuchenne.pl\/sklep\/wp-json\/wp\/v2\/product_tag?post=49253"}],"curies":[{"name":"wp","href":"https:\/\/api.w.org\/{rel}","templated":true}]}}