{"id":47453,"date":"2025-02-21T19:20:37","date_gmt":"2025-02-21T18:20:37","guid":{"rendered":"https:\/\/meblekuchenne.pl\/sklep\/?post_type=product&#038;p=47453"},"modified":"2026-03-31T13:08:54","modified_gmt":"2026-03-31T11:08:54","slug":"szafka-wiszaca-gleboka-specjalna-bw21-39-1-61_spec-szer-co-1-cm-kammono","status":"publish","type":"product","link":"https:\/\/meblekuchenne.pl\/sklep\/product\/szafka-wiszaca-gleboka-specjalna-bw21-39-1-61_spec-szer-co-1-cm-kammono\/","title":{"rendered":"Szafka wisz\u0105ca g\u0142\u0119boka specjalna BW21-39.1\/61_SPEC &#8211; szer. co 1 cm &#8211; KamMono"},"content":{"rendered":"<h3 data-start=\"0\" data-end=\"60\"><strong data-start=\"4\" data-end=\"58\">Szafka wisz\u0105ca g\u0142\u0119boka specjalna BW21-39.1\/61_SPEC<\/strong><\/h3>\n<p>Szafka wisz\u0105ca specjalna \u2013 szer. co 1 cm w zakresie 21-39 cm, wys. 61 cm, g\u0142. 36 cm<\/p>\n<p data-start=\"62\" data-end=\"417\">Szafka wisz\u0105ca g\u0142\u0119boka BW21-39.1\/61_SPEC to funkcjonalne rozwi\u0105zanie dla os\u00f3b, kt\u00f3re potrzebuj\u0105 <strong data-start=\"162\" data-end=\"208\">precyzyjnie dopasowanej zabudowy kuchennej<\/strong>. Dzi\u0119ki mo\u017cliwo\u015bci wyboru szeroko\u015bci <strong data-start=\"246\" data-end=\"257\">co 1 cm<\/strong> pozwala na idealne wype\u0142nienie dost\u0119pnej przestrzeni. Produkt nale\u017cy do <strong data-start=\"330\" data-end=\"349\">systemu KAMMONO<\/strong> od <strong data-start=\"353\" data-end=\"366\">Meble KAM<\/strong>, co gwarantuje sp\u00f3jno\u015b\u0107 estetyczn\u0105 i praktyczn\u0105.<\/p>\n<h3 data-start=\"424\" data-end=\"454\"><strong data-start=\"428\" data-end=\"452\">Najwa\u017cniejsze cechy:<\/strong><\/h3>\n<ul data-start=\"456\" data-end=\"910\">\n<li data-start=\"456\" data-end=\"542\"><strong data-start=\"458\" data-end=\"484\">Indywidualna szeroko\u015b\u0107<\/strong> \u2013 dost\u0119pna w wymiarach od <strong data-start=\"511\" data-end=\"529\">21 cm do 39 cm<\/strong> (co 1 cm).<\/li>\n<li data-start=\"543\" data-end=\"633\"><strong data-start=\"545\" data-end=\"566\">Wi\u0119ksza pojemno\u015b\u0107<\/strong> \u2013 g\u0142\u0119boko\u015b\u0107 <strong data-start=\"579\" data-end=\"588\">36 cm<\/strong> zapewnia wi\u0119cej miejsca na przechowywanie.<\/li>\n<li data-start=\"634\" data-end=\"698\"><strong data-start=\"636\" data-end=\"655\">Wysoko\u015b\u0107: 61 cm<\/strong> \u2013 zgodna ze standardami systemu KAMMONO.<\/li>\n<li data-start=\"699\" data-end=\"778\"><strong data-start=\"701\" data-end=\"722\">Nowoczesny design<\/strong> \u2013 minimalistyczny styl pasuj\u0105cy do r\u00f3\u017cnych aran\u017cacji.<\/li>\n<li data-start=\"779\" data-end=\"841\"><strong data-start=\"781\" data-end=\"801\">Trwa\u0142e materia\u0142y<\/strong> \u2013 odporno\u015b\u0107 na codzienne u\u017cytkowanie.<\/li>\n<li data-start=\"842\" data-end=\"910\"><strong data-start=\"844\" data-end=\"860\">\u0141atwy monta\u017c<\/strong> \u2013 proste i intuicyjne rozwi\u0105zania instalacyjne.<\/li>\n<\/ul>\n<h3 data-start=\"917\" data-end=\"967\"><strong data-start=\"921\" data-end=\"965\">Dlaczego warto wybra\u0107 BW21-39.1\/61_SPEC?<\/strong><\/h3>\n<ul>\n<li data-start=\"969\" data-end=\"1254\"><strong data-start=\"971\" data-end=\"996\">Doskona\u0142e dopasowanie<\/strong> \u2013 szeroko\u015b\u0107 co 1 cm pozwala optymalnie wykorzysta\u0107 przestrze\u0144.<\/li>\n<li data-start=\"969\" data-end=\"1254\"><strong data-start=\"1064\" data-end=\"1093\">Wi\u0119ksza g\u0142\u0119boko\u015b\u0107 (36 cm)<\/strong> \u2013 zapewnia lepsz\u0105 organizacj\u0119 wn\u0119trza.<\/li>\n<li data-start=\"969\" data-end=\"1254\"><strong data-start=\"1137\" data-end=\"1174\">Kompatybilno\u015b\u0107 z systemem KAMMONO<\/strong> \u2013 sp\u00f3jno\u015b\u0107 estetyczna kuchni.<\/li>\n<li data-start=\"969\" data-end=\"1254\"><strong data-start=\"1209\" data-end=\"1232\">Solidna konstrukcja<\/strong> \u2013 trwa\u0142o\u015b\u0107 na lata.<\/li>\n<\/ul>\n<h3 data-start=\"1261\" data-end=\"1307\"><strong data-start=\"1265\" data-end=\"1305\">Idealne rozwi\u0105zanie do ka\u017cdej kuchni<\/strong><\/h3>\n<p data-start=\"1309\" data-end=\"1612\" data-is-last-node=\"\" data-is-only-node=\"\">Szafka wisz\u0105ca g\u0142\u0119boka <strong data-start=\"1332\" data-end=\"1353\">BW21-39.1\/61_SPEC<\/strong> to \u015bwietny wyb\u00f3r dla os\u00f3b, kt\u00f3re ceni\u0105 <strong data-start=\"1393\" data-end=\"1436\">precyzyjne dopasowanie i funkcjonalno\u015b\u0107<\/strong>. Dzi\u0119ki mo\u017cliwo\u015bci wyboru szeroko\u015bci w <strong data-start=\"1476\" data-end=\"1497\">zakresie 21-39 cm<\/strong> pozwala na <strong data-start=\"1509\" data-end=\"1559\">maksymalne wykorzystanie dost\u0119pnej przestrzeni<\/strong>, co czyni j\u0105 idealnym rozwi\u0105zaniem do ka\u017cdej kuchni.<\/p>\n","protected":false},"excerpt":{"rendered":"<p>Szafka wisz\u0105ca g\u0142\u0119boka specjalna BW21-39.1\/61_SPEC to funkcjonalne rozwi\u0105zanie dla os\u00f3b, kt\u00f3re potrzebuj\u0105 <strong data-start=\"162\" data-end=\"208\">precyzyjnie dopasowanej zabudowy kuchennej<\/strong>. Dzi\u0119ki mo\u017cliwo\u015bci wyboru szeroko\u015bci <strong data-start=\"246\" data-end=\"257\">co 1 cm<\/strong> pozwala na idealne wype\u0142nienie dost\u0119pnej przestrzeni. Produkt nale\u017cy do <strong data-start=\"330\" data-end=\"349\">systemu KAMMONO<\/strong> od <strong data-start=\"353\" data-end=\"366\">Meble KAM<\/strong>, co gwarantuje sp\u00f3jno\u015b\u0107 estetyczn\u0105 i praktyczn\u0105.<\/p>\n","protected":false},"featured_media":60046,"template":"","meta":[],"product_brand":[710],"product_cat":[778,775,454,474,495,537],"product_tag":[],"class_list":{"0":"post-47453","1":"product","2":"type-product","3":"status-publish","4":"has-post-thumbnail","6":"product_brand-meble-kam","7":"product_cat-szafki-kuchenne-wiszace-sklep","8":"product_cat-wszystko","9":"product_cat-meble-kam-mono","10":"product_cat-szafki-wiszace","11":"product_cat-szafki-wiszace-61","12":"product_cat-szafki-wiszace-bw-glebokosc-36-cm","13":"product_shipping_class-szafka-wiszaca-kam","14":"pa_front-f10","15":"pa_front-f11","16":"pa_front-f4","17":"pa_front-f6","18":"pa_front-f7","19":"pa_front-f8","20":"pa_front-fg2","21":"pa_front-k2","22":"pa_front-kc2","23":"pa_front-kc4","24":"pa_front-l4-mat","25":"pa_front-l4-polysk","26":"pa_front-m4","27":"pa_front-os_2","28":"pa_front-os_2black","29":"pa_front-p00","30":"pa_front-p2","31":"pa_front-p4","33":"first","34":"instock","35":"shipping-taxable","36":"purchasable","37":"product-type-variable"},"yoast_head":"<!-- This site is optimized with the Yoast SEO Premium plugin v25.0 (Yoast SEO v25.0) - https:\/\/yoast.com\/wordpress\/plugins\/seo\/ -->\n<title>Szafka wisz\u0105ca g\u0142\u0119boka specjalna BW21-39.1\/61_SPEC<\/title>\n<meta name=\"description\" content=\"Szafka wisz\u0105ca g\u0142\u0119boka specjalna BW21-39.1\/61_SPEC to funkcjonalne rozwi\u0105zanie dla os\u00f3b, kt\u00f3re potrzebuj\u0105 precyzyjnie dopasowanej zabudowy kuchennej.\" \/>\n<meta name=\"robots\" content=\"index, follow, max-snippet:-1, max-image-preview:large, max-video-preview:-1\" \/>\n<link rel=\"canonical\" href=\"https:\/\/meblekuchenne.pl\/sklep\/product\/szafka-wiszaca-gleboka-specjalna-bw21-39-1-61_spec-szer-co-1-cm-kammono\/\" \/>\n<meta property=\"og:locale\" content=\"pl_PL\" \/>\n<meta property=\"og:type\" content=\"article\" \/>\n<meta property=\"og:title\" content=\"Szafka wisz\u0105ca g\u0142\u0119boka specjalna BW21-39.1\/61_SPEC - szer. co 1 cm - KamMono\" \/>\n<meta property=\"og:description\" content=\"Szafka wisz\u0105ca g\u0142\u0119boka specjalna BW21-39.1\/61_SPEC to funkcjonalne rozwi\u0105zanie dla os\u00f3b, kt\u00f3re potrzebuj\u0105 precyzyjnie dopasowanej zabudowy kuchennej.\" \/>\n<meta property=\"og:url\" content=\"https:\/\/meblekuchenne.pl\/sklep\/product\/szafka-wiszaca-gleboka-specjalna-bw21-39-1-61_spec-szer-co-1-cm-kammono\/\" \/>\n<meta property=\"og:site_name\" content=\"MebleKuchenne.PL - SKLEP\" \/>\n<meta property=\"article:modified_time\" content=\"2026-03-31T11:08:54+00:00\" \/>\n<meta property=\"og:image\" content=\"https:\/\/meblekuchenne.pl\/sklep\/wp-content\/uploads\/2025\/02\/w.1-spec-1.webp\" \/>\n\t<meta property=\"og:image:width\" content=\"1600\" \/>\n\t<meta property=\"og:image:height\" content=\"1080\" \/>\n\t<meta property=\"og:image:type\" content=\"image\/webp\" \/>\n<meta name=\"twitter:card\" content=\"summary_large_image\" \/>\n<meta name=\"twitter:label1\" content=\"Dost\u0119pno\u015b\u0107\" \/>\n\t<meta name=\"twitter:data1\" content=\"Dost\u0119pny\" \/>\n<script type=\"application\/ld+json\" class=\"yoast-schema-graph\">{\"@context\":\"https:\/\/schema.org\",\"@graph\":[{\"@type\":\"WebPage\",\"@id\":\"https:\/\/meblekuchenne.pl\/sklep\/product\/szafka-wiszaca-gleboka-specjalna-bw21-39-1-61_spec-szer-co-1-cm-kammono\/\",\"url\":\"https:\/\/meblekuchenne.pl\/sklep\/product\/szafka-wiszaca-gleboka-specjalna-bw21-39-1-61_spec-szer-co-1-cm-kammono\/\",\"name\":\"Szafka wisz\u0105ca g\u0142\u0119boka specjalna BW21-39.1\/61_SPEC\",\"isPartOf\":{\"@id\":\"https:\/\/meblekuchenne.pl\/sklep\/#website\"},\"primaryImageOfPage\":{\"@id\":\"https:\/\/meblekuchenne.pl\/sklep\/product\/szafka-wiszaca-gleboka-specjalna-bw21-39-1-61_spec-szer-co-1-cm-kammono\/#primaryimage\"},\"image\":{\"@id\":\"https:\/\/meblekuchenne.pl\/sklep\/product\/szafka-wiszaca-gleboka-specjalna-bw21-39-1-61_spec-szer-co-1-cm-kammono\/#primaryimage\"},\"thumbnailUrl\":\"https:\/\/meblekuchenne.pl\/sklep\/wp-content\/uploads\/2025\/02\/w.1-spec-1.webp\",\"datePublished\":\"2025-02-21T18:20:37+00:00\",\"dateModified\":\"2026-03-31T11:08:54+00:00\",\"description\":\"Szafka wisz\u0105ca g\u0142\u0119boka specjalna BW21-39.1\/61_SPEC to funkcjonalne rozwi\u0105zanie dla os\u00f3b, kt\u00f3re potrzebuj\u0105 precyzyjnie dopasowanej zabudowy kuchennej.\",\"breadcrumb\":{\"@id\":\"https:\/\/meblekuchenne.pl\/sklep\/product\/szafka-wiszaca-gleboka-specjalna-bw21-39-1-61_spec-szer-co-1-cm-kammono\/#breadcrumb\"},\"inLanguage\":\"pl-PL\",\"potentialAction\":[{\"@type\":\"ReadAction\",\"target\":[\"https:\/\/meblekuchenne.pl\/sklep\/product\/szafka-wiszaca-gleboka-specjalna-bw21-39-1-61_spec-szer-co-1-cm-kammono\/\"]}]},{\"@type\":\"ImageObject\",\"inLanguage\":\"pl-PL\",\"@id\":\"https:\/\/meblekuchenne.pl\/sklep\/product\/szafka-wiszaca-gleboka-specjalna-bw21-39-1-61_spec-szer-co-1-cm-kammono\/#primaryimage\",\"url\":\"https:\/\/meblekuchenne.pl\/sklep\/wp-content\/uploads\/2025\/02\/w.1-spec-1.webp\",\"contentUrl\":\"https:\/\/meblekuchenne.pl\/sklep\/wp-content\/uploads\/2025\/02\/w.1-spec-1.webp\",\"width\":1600,\"height\":1080},{\"@type\":\"BreadcrumbList\",\"@id\":\"https:\/\/meblekuchenne.pl\/sklep\/product\/szafka-wiszaca-gleboka-specjalna-bw21-39-1-61_spec-szer-co-1-cm-kammono\/#breadcrumb\",\"itemListElement\":[{\"@type\":\"ListItem\",\"position\":1,\"name\":\"Strona g\u0142\u00f3wna\",\"item\":\"https:\/\/meblekuchenne.pl\/sklep\/\"},{\"@type\":\"ListItem\",\"position\":2,\"name\":\"Sklep\",\"item\":\"https:\/\/meblekuchenne.pl\/sklep\/sklep\/\"},{\"@type\":\"ListItem\",\"position\":3,\"name\":\"Szafka wisz\u0105ca g\u0142\u0119boka specjalna BW21-39.1\/61_SPEC &#8211; szer. co 1 cm &#8211; KamMono\"}]},{\"@type\":\"WebSite\",\"@id\":\"https:\/\/meblekuchenne.pl\/sklep\/#website\",\"url\":\"https:\/\/meblekuchenne.pl\/sklep\/\",\"name\":\"MebleKuchenne.PL - SKLEP\",\"description\":\"\",\"publisher\":{\"@id\":\"https:\/\/meblekuchenne.pl\/sklep\/#organization\"},\"potentialAction\":[{\"@type\":\"SearchAction\",\"target\":{\"@type\":\"EntryPoint\",\"urlTemplate\":\"https:\/\/meblekuchenne.pl\/sklep\/?s={search_term_string}\"},\"query-input\":{\"@type\":\"PropertyValueSpecification\",\"valueRequired\":true,\"valueName\":\"search_term_string\"}}],\"inLanguage\":\"pl-PL\"},{\"@type\":\"Organization\",\"@id\":\"https:\/\/meblekuchenne.pl\/sklep\/#organization\",\"name\":\"MebleKuchenne.PL - SKLEP\",\"url\":\"https:\/\/meblekuchenne.pl\/sklep\/\",\"logo\":{\"@type\":\"ImageObject\",\"inLanguage\":\"pl-PL\",\"@id\":\"https:\/\/meblekuchenne.pl\/sklep\/#\/schema\/logo\/image\/\",\"url\":\"https:\/\/meblekuchenne.pl\/sklep\/wp-content\/uploads\/2025\/06\/cropped-cropped-logo.webp\",\"contentUrl\":\"https:\/\/meblekuchenne.pl\/sklep\/wp-content\/uploads\/2025\/06\/cropped-cropped-logo.webp\",\"width\":735,\"height\":715,\"caption\":\"MebleKuchenne.PL - SKLEP\"},\"image\":{\"@id\":\"https:\/\/meblekuchenne.pl\/sklep\/#\/schema\/logo\/image\/\"}}]}<\/script>\n<meta property=\"og:availability\" content=\"instock\" \/>\n<meta property=\"product:availability\" content=\"instock\" \/>\n<meta property=\"product:retailer_item_id\" content=\"BW21-39.1\/61_SPEC\" \/>\n<meta property=\"product:condition\" content=\"new\" \/>\n<!-- \/ Yoast SEO Premium plugin. -->","yoast_head_json":{"title":"Szafka wisz\u0105ca g\u0142\u0119boka specjalna BW21-39.1\/61_SPEC","description":"Szafka wisz\u0105ca g\u0142\u0119boka specjalna BW21-39.1\/61_SPEC to funkcjonalne rozwi\u0105zanie dla os\u00f3b, kt\u00f3re potrzebuj\u0105 precyzyjnie dopasowanej zabudowy kuchennej.","robots":{"index":"index","follow":"follow","max-snippet":"max-snippet:-1","max-image-preview":"max-image-preview:large","max-video-preview":"max-video-preview:-1"},"canonical":"https:\/\/meblekuchenne.pl\/sklep\/product\/szafka-wiszaca-gleboka-specjalna-bw21-39-1-61_spec-szer-co-1-cm-kammono\/","og_locale":"pl_PL","og_type":"article","og_title":"Szafka wisz\u0105ca g\u0142\u0119boka specjalna BW21-39.1\/61_SPEC - szer. co 1 cm - KamMono","og_description":"Szafka wisz\u0105ca g\u0142\u0119boka specjalna BW21-39.1\/61_SPEC to funkcjonalne rozwi\u0105zanie dla os\u00f3b, kt\u00f3re potrzebuj\u0105 precyzyjnie dopasowanej zabudowy kuchennej.","og_url":"https:\/\/meblekuchenne.pl\/sklep\/product\/szafka-wiszaca-gleboka-specjalna-bw21-39-1-61_spec-szer-co-1-cm-kammono\/","og_site_name":"MebleKuchenne.PL - SKLEP","article_modified_time":"2026-03-31T11:08:54+00:00","og_image":[{"width":1600,"height":1080,"url":"https:\/\/meblekuchenne.pl\/sklep\/wp-content\/uploads\/2025\/02\/w.1-spec-1.webp","type":"image\/webp"}],"twitter_card":"summary_large_image","twitter_misc":{"Dost\u0119pno\u015b\u0107":"Dost\u0119pny"},"schema":{"@context":"https:\/\/schema.org","@graph":[{"@type":"WebPage","@id":"https:\/\/meblekuchenne.pl\/sklep\/product\/szafka-wiszaca-gleboka-specjalna-bw21-39-1-61_spec-szer-co-1-cm-kammono\/","url":"https:\/\/meblekuchenne.pl\/sklep\/product\/szafka-wiszaca-gleboka-specjalna-bw21-39-1-61_spec-szer-co-1-cm-kammono\/","name":"Szafka wisz\u0105ca g\u0142\u0119boka specjalna BW21-39.1\/61_SPEC","isPartOf":{"@id":"https:\/\/meblekuchenne.pl\/sklep\/#website"},"primaryImageOfPage":{"@id":"https:\/\/meblekuchenne.pl\/sklep\/product\/szafka-wiszaca-gleboka-specjalna-bw21-39-1-61_spec-szer-co-1-cm-kammono\/#primaryimage"},"image":{"@id":"https:\/\/meblekuchenne.pl\/sklep\/product\/szafka-wiszaca-gleboka-specjalna-bw21-39-1-61_spec-szer-co-1-cm-kammono\/#primaryimage"},"thumbnailUrl":"https:\/\/meblekuchenne.pl\/sklep\/wp-content\/uploads\/2025\/02\/w.1-spec-1.webp","datePublished":"2025-02-21T18:20:37+00:00","dateModified":"2026-03-31T11:08:54+00:00","description":"Szafka wisz\u0105ca g\u0142\u0119boka specjalna BW21-39.1\/61_SPEC to funkcjonalne rozwi\u0105zanie dla os\u00f3b, kt\u00f3re potrzebuj\u0105 precyzyjnie dopasowanej zabudowy kuchennej.","breadcrumb":{"@id":"https:\/\/meblekuchenne.pl\/sklep\/product\/szafka-wiszaca-gleboka-specjalna-bw21-39-1-61_spec-szer-co-1-cm-kammono\/#breadcrumb"},"inLanguage":"pl-PL","potentialAction":[{"@type":"ReadAction","target":["https:\/\/meblekuchenne.pl\/sklep\/product\/szafka-wiszaca-gleboka-specjalna-bw21-39-1-61_spec-szer-co-1-cm-kammono\/"]}]},{"@type":"ImageObject","inLanguage":"pl-PL","@id":"https:\/\/meblekuchenne.pl\/sklep\/product\/szafka-wiszaca-gleboka-specjalna-bw21-39-1-61_spec-szer-co-1-cm-kammono\/#primaryimage","url":"https:\/\/meblekuchenne.pl\/sklep\/wp-content\/uploads\/2025\/02\/w.1-spec-1.webp","contentUrl":"https:\/\/meblekuchenne.pl\/sklep\/wp-content\/uploads\/2025\/02\/w.1-spec-1.webp","width":1600,"height":1080},{"@type":"BreadcrumbList","@id":"https:\/\/meblekuchenne.pl\/sklep\/product\/szafka-wiszaca-gleboka-specjalna-bw21-39-1-61_spec-szer-co-1-cm-kammono\/#breadcrumb","itemListElement":[{"@type":"ListItem","position":1,"name":"Strona g\u0142\u00f3wna","item":"https:\/\/meblekuchenne.pl\/sklep\/"},{"@type":"ListItem","position":2,"name":"Sklep","item":"https:\/\/meblekuchenne.pl\/sklep\/sklep\/"},{"@type":"ListItem","position":3,"name":"Szafka wisz\u0105ca g\u0142\u0119boka specjalna BW21-39.1\/61_SPEC &#8211; szer. co 1 cm &#8211; KamMono"}]},{"@type":"WebSite","@id":"https:\/\/meblekuchenne.pl\/sklep\/#website","url":"https:\/\/meblekuchenne.pl\/sklep\/","name":"MebleKuchenne.PL - SKLEP","description":"","publisher":{"@id":"https:\/\/meblekuchenne.pl\/sklep\/#organization"},"potentialAction":[{"@type":"SearchAction","target":{"@type":"EntryPoint","urlTemplate":"https:\/\/meblekuchenne.pl\/sklep\/?s={search_term_string}"},"query-input":{"@type":"PropertyValueSpecification","valueRequired":true,"valueName":"search_term_string"}}],"inLanguage":"pl-PL"},{"@type":"Organization","@id":"https:\/\/meblekuchenne.pl\/sklep\/#organization","name":"MebleKuchenne.PL - SKLEP","url":"https:\/\/meblekuchenne.pl\/sklep\/","logo":{"@type":"ImageObject","inLanguage":"pl-PL","@id":"https:\/\/meblekuchenne.pl\/sklep\/#\/schema\/logo\/image\/","url":"https:\/\/meblekuchenne.pl\/sklep\/wp-content\/uploads\/2025\/06\/cropped-cropped-logo.webp","contentUrl":"https:\/\/meblekuchenne.pl\/sklep\/wp-content\/uploads\/2025\/06\/cropped-cropped-logo.webp","width":735,"height":715,"caption":"MebleKuchenne.PL - SKLEP"},"image":{"@id":"https:\/\/meblekuchenne.pl\/sklep\/#\/schema\/logo\/image\/"}}]},"og_availability":"instock","product_availability":"instock","product_retailer_item_id":"BW21-39.1\/61_SPEC","product_condition":"new"},"_links":{"self":[{"href":"https:\/\/meblekuchenne.pl\/sklep\/wp-json\/wp\/v2\/product\/47453","targetHints":{"allow":["GET"]}}],"collection":[{"href":"https:\/\/meblekuchenne.pl\/sklep\/wp-json\/wp\/v2\/product"}],"about":[{"href":"https:\/\/meblekuchenne.pl\/sklep\/wp-json\/wp\/v2\/types\/product"}],"wp:featuredmedia":[{"embeddable":true,"href":"https:\/\/meblekuchenne.pl\/sklep\/wp-json\/wp\/v2\/media\/60046"}],"wp:attachment":[{"href":"https:\/\/meblekuchenne.pl\/sklep\/wp-json\/wp\/v2\/media?parent=47453"}],"wp:term":[{"taxonomy":"product_brand","embeddable":true,"href":"https:\/\/meblekuchenne.pl\/sklep\/wp-json\/wp\/v2\/product_brand?post=47453"},{"taxonomy":"product_cat","embeddable":true,"href":"https:\/\/meblekuchenne.pl\/sklep\/wp-json\/wp\/v2\/product_cat?post=47453"},{"taxonomy":"product_tag","embeddable":true,"href":"https:\/\/meblekuchenne.pl\/sklep\/wp-json\/wp\/v2\/product_tag?post=47453"}],"curies":[{"name":"wp","href":"https:\/\/api.w.org\/{rel}","templated":true}]}}