{"id":46163,"date":"2025-02-21T19:05:46","date_gmt":"2025-02-21T18:05:46","guid":{"rendered":"https:\/\/meblekuchenne.pl\/sklep\/?post_type=product&#038;p=46163"},"modified":"2026-04-01T11:37:52","modified_gmt":"2026-04-01T09:37:52","slug":"slupek-nwpkd-1st-71-4560-nad-zmywarke-pralke-piekarnik-kompaktowy-szuflada-blum-kammono","status":"publish","type":"product","link":"https:\/\/meblekuchenne.pl\/sklep\/product\/slupek-nwpkd-1st-71-4560-nad-zmywarke-pralke-piekarnik-kompaktowy-szuflada-blum-kammono\/","title":{"rendered":"S\u0142upek NWPKD&#8230; .1ST\/71 &#8211; 45,60 -nad zmywark\u0119\/pralk\u0119 &#8211; piekarnik kompaktowy &#8211; szuflada Blum &#8211; Kammono"},"content":{"rendered":"<h2 data-start=\"125\" data-end=\"226\">S\u0142upek NWPKD&#8230;1ST\/71 \u2013 wisz\u0105ca szafka nad zmywark\u0119\/pralk\u0119 z przestrzeni\u0105 na piekarnik kompaktowy<\/h2>\n<p>Szafka nad zmywark\u0119 do zabudowy AGD &#8211; szer. 45, 50 cm, wys. 128 cm, g\u0142. 58 cm<\/p>\n<p data-start=\"228\" data-end=\"638\">S\u0142upek NWPKD&#8230;1ST\/71 to wyj\u0105tkowy element zabudowy kuchennej, idealny do monta\u017cu nad zmywark\u0105 lub pralk\u0105. Dzi\u0119ki swojej przemy\u015blanej konstrukcji, ten model szafki zapewnia funkcjonalno\u015b\u0107, estetyk\u0119 i wygod\u0119 w kuchni, umo\u017cliwiaj\u0105c jednocze\u015bnie zabudowanie piekarnika kompaktowego. To praktyczne rozwi\u0105zanie, kt\u00f3re pomaga maksymalnie wykorzysta\u0107 przestrze\u0144 w kuchni, zw\u0142aszcza w przypadku mniejszych pomieszcze\u0144.<\/p>\n<h3 data-start=\"640\" data-end=\"660\">Cechy produktu:<\/h3>\n<ul data-start=\"661\" data-end=\"1684\">\n<li data-start=\"661\" data-end=\"918\"><strong data-start=\"663\" data-end=\"679\">Zastosowanie<\/strong>: S\u0142upek NWPKD&#8230;1ST\/71 jest doskona\u0142ym wyborem do monta\u017cu nad zmywark\u0105 w zabudowie. Dzi\u0119ki szeroko\u015bci 45 lub 60 cm, wpasowuje si\u0119 w przestrze\u0144 nad urz\u0105dzeniem, tworz\u0105c funkcjonaln\u0105 zabudow\u0119, w kt\u00f3rej zmieszcz\u0105 si\u0119 r\u00f3wnie\u017c inne urz\u0105dzenia.<\/li>\n<li data-start=\"919\" data-end=\"1119\"><strong data-start=\"921\" data-end=\"938\">Przestronno\u015b\u0107<\/strong>: Model jest zaprojektowany z my\u015bl\u0105 o piekarniku kompaktowym, kt\u00f3ry mo\u017cna zainstalowa\u0107 w tej szafce, idealnie pasuj\u0105c do zabudowy w kuchniach, w kt\u00f3rych przestrze\u0144 jest ograniczona.<\/li>\n<li data-start=\"1120\" data-end=\"1315\"><strong data-start=\"1122\" data-end=\"1149\">Wysoka jako\u015b\u0107 wykonania<\/strong>: S\u0142upek wykonany z wysokiej jako\u015bci materia\u0142\u00f3w, zapewniaj\u0105cy trwa\u0142o\u015b\u0107 i estetyczny wygl\u0105d. Posiada system <strong data-start=\"1256\" data-end=\"1270\">soft-close<\/strong>, co zapewnia ciche i p\u0142ynne zamykanie drzwi.<\/li>\n<li data-start=\"1316\" data-end=\"1460\"><strong data-start=\"1318\" data-end=\"1331\">G\u0142\u0119boko\u015b\u0107<\/strong>: 58 cm, co zapewnia odpowiedni\u0105 przestronno\u015b\u0107 do umiejscowienia urz\u0105dze\u0144 takich jak piekarnik kompaktowy czy akcesoria kuchenne.<\/li>\n<li data-start=\"1461\" data-end=\"1681\"><strong data-start=\"1463\" data-end=\"1479\">Praktyczno\u015b\u0107<\/strong>: To s\u0142upek wisz\u0105cy, kt\u00f3ry stawia si\u0119 na innej szafce, co pozwala na monta\u017c w kuchniach z ograniczon\u0105 przestrzeni\u0105. Dodatkowo, doskonale komponuje si\u0119 z reszt\u0105 zabudowy kuchennej, tworz\u0105c sp\u00f3jn\u0105 ca\u0142o\u015b\u0107.<\/li>\n<\/ul>\n<h3 data-start=\"1685\" data-end=\"1697\">Zalety:<\/h3>\n<ul data-start=\"1698\" data-end=\"2283\">\n<li data-start=\"1698\" data-end=\"1939\"><strong data-start=\"1700\" data-end=\"1728\">Uniwersalne zastosowanie<\/strong>: Dzi\u0119ki swojej konstrukcji, s\u0142upek sprawdza si\u0119 nie tylko nad zmywark\u0105, ale tak\u017ce mo\u017ce by\u0107 wykorzystany w innych miejscach, takich jak nad pralk\u0105. Wbudowana przestrze\u0144 na piekarnik kompaktowy to dodatkowy atut.<\/li>\n<li data-start=\"1940\" data-end=\"2105\"><strong data-start=\"1942\" data-end=\"1965\">Oszcz\u0119dno\u015b\u0107 miejsca<\/strong>: Idealny do ma\u0142ych kuchni, w kt\u00f3rych ka\u017cdy centymetr jest na wag\u0119 z\u0142ota. Zoptymalizowany pod k\u0105tem przechowywania urz\u0105dze\u0144 AGD w zabudowie.<\/li>\n<li data-start=\"2106\" data-end=\"2283\"><strong data-start=\"2108\" data-end=\"2140\">Dostosowanie do innych mebli<\/strong>: Szafka jest cz\u0119\u015bci\u0105 systemu mebli KAM i KAMMONO, co daje mo\u017cliwo\u015b\u0107 dopasowania kolorystyki i uchwyt\u00f3w do innych element\u00f3w zabudowy kuchennej.<\/li>\n<\/ul>\n<p data-start=\"2302\" data-end=\"2642\">S\u0142upek NWPKD&#8230;1ST\/71 \u2013 wisz\u0105ca szafka nad zmywark\u0119 to funkcjonalne rozwi\u0105zanie do nowoczesnych kuchni, w kt\u00f3rych liczy si\u0119 oszcz\u0119dno\u015b\u0107 miejsca i wygoda u\u017cytkowania. Dzi\u0119ki odpowiedniej g\u0142\u0119boko\u015bci oraz przestrzeni na piekarnik kompaktowy, model ten jest idealnym wyborem do zabudowy nad zmywark\u0105, zapewniaj\u0105c estetyczny wygl\u0105d i \u0142atwy dost\u0119p do przechowywanych urz\u0105dze\u0144.<\/p>\n","protected":false},"excerpt":{"rendered":"<p>S\u0142upek NWPKD&#8230;1ST\/71 to wyj\u0105tkowy element zabudowy kuchennej, idealny do monta\u017cu nad zmywark\u0105 lub pralk\u0105. Dzi\u0119ki swojej przemy\u015blanej konstrukcji, ten model szafki zapewnia funkcjonalno\u015b\u0107, estetyk\u0119 i wygod\u0119 w kuchni, umo\u017cliwiaj\u0105c jednocze\u015bnie zabudowanie piekarnika kompaktowego. To praktyczne rozwi\u0105zanie, kt\u00f3re pomaga maksymalnie wykorzysta\u0107 przestrze\u0144 w kuchni, zw\u0142aszcza w przypadku mniejszych pomieszcze\u0144.<\/p>\n","protected":false},"featured_media":59929,"template":"","meta":[],"product_brand":[710],"product_cat":[787,775,777,454,471,484,524],"product_tag":[],"class_list":{"0":"post-46163","1":"product","2":"type-product","3":"status-publish","4":"has-post-thumbnail","6":"product_brand-meble-kam","7":"product_cat-pod-zmywarke-sklep","8":"product_cat-wszystko","9":"product_cat-zabudowa-agd-sklep","10":"product_cat-meble-kam-mono","11":"product_cat-szafki-agd","12":"product_cat-szafki-wiszace-nad-zmywarke","13":"product_cat-szafki-wiszace-nad-zmywarke-71","14":"product_shipping_class-slupki-kam","15":"pa_front-f10","16":"pa_front-f11","17":"pa_front-f4","18":"pa_front-f6","19":"pa_front-f7","20":"pa_front-f8","21":"pa_front-fg2","22":"pa_front-k2","23":"pa_front-kc2","24":"pa_front-kc4","25":"pa_front-l4-mat","26":"pa_front-l4-polysk","27":"pa_front-m4","28":"pa_front-os_2","29":"pa_front-os_2black","30":"pa_front-p00","31":"pa_front-p2","32":"pa_front-p4","33":"pa_rozmiar-45-cm","34":"pa_rozmiar-60-cm","36":"first","37":"instock","38":"shipping-taxable","39":"purchasable","40":"product-type-variable"},"yoast_head":"<!-- This site is optimized with the Yoast SEO Premium plugin v25.0 (Yoast SEO v25.0) - https:\/\/yoast.com\/wordpress\/plugins\/seo\/ -->\n<title>S\u0142upek NWPKD...1ST\/71 \u2013 wisz\u0105ca szafka nad zmywark\u0119<\/title>\n<meta name=\"description\" content=\"S\u0142upek NWPKD...1ST\/71 \u2013 wisz\u0105ca szafka nad zmywark\u0119 to wyj\u0105tkowy element zabudowy kuchennej, idealny do monta\u017cu nad zmywark\u0105 lub pralk\u0105.\" \/>\n<meta name=\"robots\" content=\"index, follow, max-snippet:-1, max-image-preview:large, max-video-preview:-1\" \/>\n<link rel=\"canonical\" href=\"https:\/\/meblekuchenne.pl\/sklep\/product\/slupek-nwpkd-1st-71-4560-nad-zmywarke-pralke-piekarnik-kompaktowy-szuflada-blum-kammono\/\" \/>\n<meta property=\"og:locale\" content=\"pl_PL\" \/>\n<meta property=\"og:type\" content=\"article\" \/>\n<meta property=\"og:title\" content=\"S\u0142upek NWPKD... .1ST\/71 - 45,60 -nad zmywark\u0119\/pralk\u0119 - piekarnik kompaktowy - szuflada Blum - Kammono\" \/>\n<meta property=\"og:description\" content=\"S\u0142upek NWPKD...1ST\/71 \u2013 wisz\u0105ca szafka nad zmywark\u0119 to wyj\u0105tkowy element zabudowy kuchennej, idealny do monta\u017cu nad zmywark\u0105 lub pralk\u0105.\" \/>\n<meta property=\"og:url\" content=\"https:\/\/meblekuchenne.pl\/sklep\/product\/slupek-nwpkd-1st-71-4560-nad-zmywarke-pralke-piekarnik-kompaktowy-szuflada-blum-kammono\/\" \/>\n<meta property=\"og:site_name\" content=\"MebleKuchenne.PL - SKLEP\" \/>\n<meta property=\"article:modified_time\" content=\"2026-04-01T09:37:52+00:00\" \/>\n<meta property=\"og:image\" content=\"https:\/\/meblekuchenne.pl\/sklep\/wp-content\/uploads\/2025\/02\/NWPKD60.1SS-71.webp\" \/>\n\t<meta property=\"og:image:width\" content=\"1600\" \/>\n\t<meta property=\"og:image:height\" content=\"1080\" \/>\n\t<meta property=\"og:image:type\" content=\"image\/webp\" \/>\n<meta name=\"twitter:card\" content=\"summary_large_image\" \/>\n<meta name=\"twitter:label1\" content=\"Dost\u0119pno\u015b\u0107\" \/>\n\t<meta name=\"twitter:data1\" content=\"Dost\u0119pny\" \/>\n<script type=\"application\/ld+json\" class=\"yoast-schema-graph\">{\"@context\":\"https:\/\/schema.org\",\"@graph\":[{\"@type\":\"WebPage\",\"@id\":\"https:\/\/meblekuchenne.pl\/sklep\/product\/slupek-nwpkd-1st-71-4560-nad-zmywarke-pralke-piekarnik-kompaktowy-szuflada-blum-kammono\/\",\"url\":\"https:\/\/meblekuchenne.pl\/sklep\/product\/slupek-nwpkd-1st-71-4560-nad-zmywarke-pralke-piekarnik-kompaktowy-szuflada-blum-kammono\/\",\"name\":\"S\u0142upek NWPKD...1ST\/71 \u2013 wisz\u0105ca szafka nad zmywark\u0119\",\"isPartOf\":{\"@id\":\"https:\/\/meblekuchenne.pl\/sklep\/#website\"},\"primaryImageOfPage\":{\"@id\":\"https:\/\/meblekuchenne.pl\/sklep\/product\/slupek-nwpkd-1st-71-4560-nad-zmywarke-pralke-piekarnik-kompaktowy-szuflada-blum-kammono\/#primaryimage\"},\"image\":{\"@id\":\"https:\/\/meblekuchenne.pl\/sklep\/product\/slupek-nwpkd-1st-71-4560-nad-zmywarke-pralke-piekarnik-kompaktowy-szuflada-blum-kammono\/#primaryimage\"},\"thumbnailUrl\":\"https:\/\/meblekuchenne.pl\/sklep\/wp-content\/uploads\/2025\/02\/NWPKD60.1SS-71.webp\",\"datePublished\":\"2025-02-21T18:05:46+00:00\",\"dateModified\":\"2026-04-01T09:37:52+00:00\",\"description\":\"S\u0142upek NWPKD...1ST\/71 \u2013 wisz\u0105ca szafka nad zmywark\u0119 to wyj\u0105tkowy element zabudowy kuchennej, idealny do monta\u017cu nad zmywark\u0105 lub pralk\u0105.\",\"breadcrumb\":{\"@id\":\"https:\/\/meblekuchenne.pl\/sklep\/product\/slupek-nwpkd-1st-71-4560-nad-zmywarke-pralke-piekarnik-kompaktowy-szuflada-blum-kammono\/#breadcrumb\"},\"inLanguage\":\"pl-PL\",\"potentialAction\":[{\"@type\":\"ReadAction\",\"target\":[\"https:\/\/meblekuchenne.pl\/sklep\/product\/slupek-nwpkd-1st-71-4560-nad-zmywarke-pralke-piekarnik-kompaktowy-szuflada-blum-kammono\/\"]}]},{\"@type\":\"ImageObject\",\"inLanguage\":\"pl-PL\",\"@id\":\"https:\/\/meblekuchenne.pl\/sklep\/product\/slupek-nwpkd-1st-71-4560-nad-zmywarke-pralke-piekarnik-kompaktowy-szuflada-blum-kammono\/#primaryimage\",\"url\":\"https:\/\/meblekuchenne.pl\/sklep\/wp-content\/uploads\/2025\/02\/NWPKD60.1SS-71.webp\",\"contentUrl\":\"https:\/\/meblekuchenne.pl\/sklep\/wp-content\/uploads\/2025\/02\/NWPKD60.1SS-71.webp\",\"width\":1600,\"height\":1080},{\"@type\":\"BreadcrumbList\",\"@id\":\"https:\/\/meblekuchenne.pl\/sklep\/product\/slupek-nwpkd-1st-71-4560-nad-zmywarke-pralke-piekarnik-kompaktowy-szuflada-blum-kammono\/#breadcrumb\",\"itemListElement\":[{\"@type\":\"ListItem\",\"position\":1,\"name\":\"Strona g\u0142\u00f3wna\",\"item\":\"https:\/\/meblekuchenne.pl\/sklep\/\"},{\"@type\":\"ListItem\",\"position\":2,\"name\":\"Sklep\",\"item\":\"https:\/\/meblekuchenne.pl\/sklep\/sklep\/\"},{\"@type\":\"ListItem\",\"position\":3,\"name\":\"S\u0142upek NWPKD&#8230; .1ST\/71 &#8211; 45,60 -nad zmywark\u0119\/pralk\u0119 &#8211; piekarnik kompaktowy &#8211; szuflada Blum &#8211; Kammono\"}]},{\"@type\":\"WebSite\",\"@id\":\"https:\/\/meblekuchenne.pl\/sklep\/#website\",\"url\":\"https:\/\/meblekuchenne.pl\/sklep\/\",\"name\":\"MebleKuchenne.PL - SKLEP\",\"description\":\"\",\"publisher\":{\"@id\":\"https:\/\/meblekuchenne.pl\/sklep\/#organization\"},\"potentialAction\":[{\"@type\":\"SearchAction\",\"target\":{\"@type\":\"EntryPoint\",\"urlTemplate\":\"https:\/\/meblekuchenne.pl\/sklep\/?s={search_term_string}\"},\"query-input\":{\"@type\":\"PropertyValueSpecification\",\"valueRequired\":true,\"valueName\":\"search_term_string\"}}],\"inLanguage\":\"pl-PL\"},{\"@type\":\"Organization\",\"@id\":\"https:\/\/meblekuchenne.pl\/sklep\/#organization\",\"name\":\"MebleKuchenne.PL - SKLEP\",\"url\":\"https:\/\/meblekuchenne.pl\/sklep\/\",\"logo\":{\"@type\":\"ImageObject\",\"inLanguage\":\"pl-PL\",\"@id\":\"https:\/\/meblekuchenne.pl\/sklep\/#\/schema\/logo\/image\/\",\"url\":\"https:\/\/meblekuchenne.pl\/sklep\/wp-content\/uploads\/2025\/06\/cropped-cropped-logo.webp\",\"contentUrl\":\"https:\/\/meblekuchenne.pl\/sklep\/wp-content\/uploads\/2025\/06\/cropped-cropped-logo.webp\",\"width\":735,\"height\":715,\"caption\":\"MebleKuchenne.PL - SKLEP\"},\"image\":{\"@id\":\"https:\/\/meblekuchenne.pl\/sklep\/#\/schema\/logo\/image\/\"}}]}<\/script>\n<meta property=\"og:availability\" content=\"instock\" \/>\n<meta property=\"product:availability\" content=\"instock\" \/>\n<meta property=\"product:retailer_item_id\" content=\"NWPKD.1ST\/71\" \/>\n<meta property=\"product:condition\" content=\"new\" \/>\n<!-- \/ Yoast SEO Premium plugin. -->","yoast_head_json":{"title":"S\u0142upek NWPKD...1ST\/71 \u2013 wisz\u0105ca szafka nad zmywark\u0119","description":"S\u0142upek NWPKD...1ST\/71 \u2013 wisz\u0105ca szafka nad zmywark\u0119 to wyj\u0105tkowy element zabudowy kuchennej, idealny do monta\u017cu nad zmywark\u0105 lub pralk\u0105.","robots":{"index":"index","follow":"follow","max-snippet":"max-snippet:-1","max-image-preview":"max-image-preview:large","max-video-preview":"max-video-preview:-1"},"canonical":"https:\/\/meblekuchenne.pl\/sklep\/product\/slupek-nwpkd-1st-71-4560-nad-zmywarke-pralke-piekarnik-kompaktowy-szuflada-blum-kammono\/","og_locale":"pl_PL","og_type":"article","og_title":"S\u0142upek NWPKD... .1ST\/71 - 45,60 -nad zmywark\u0119\/pralk\u0119 - piekarnik kompaktowy - szuflada Blum - Kammono","og_description":"S\u0142upek NWPKD...1ST\/71 \u2013 wisz\u0105ca szafka nad zmywark\u0119 to wyj\u0105tkowy element zabudowy kuchennej, idealny do monta\u017cu nad zmywark\u0105 lub pralk\u0105.","og_url":"https:\/\/meblekuchenne.pl\/sklep\/product\/slupek-nwpkd-1st-71-4560-nad-zmywarke-pralke-piekarnik-kompaktowy-szuflada-blum-kammono\/","og_site_name":"MebleKuchenne.PL - SKLEP","article_modified_time":"2026-04-01T09:37:52+00:00","og_image":[{"width":1600,"height":1080,"url":"https:\/\/meblekuchenne.pl\/sklep\/wp-content\/uploads\/2025\/02\/NWPKD60.1SS-71.webp","type":"image\/webp"}],"twitter_card":"summary_large_image","twitter_misc":{"Dost\u0119pno\u015b\u0107":"Dost\u0119pny"},"schema":{"@context":"https:\/\/schema.org","@graph":[{"@type":"WebPage","@id":"https:\/\/meblekuchenne.pl\/sklep\/product\/slupek-nwpkd-1st-71-4560-nad-zmywarke-pralke-piekarnik-kompaktowy-szuflada-blum-kammono\/","url":"https:\/\/meblekuchenne.pl\/sklep\/product\/slupek-nwpkd-1st-71-4560-nad-zmywarke-pralke-piekarnik-kompaktowy-szuflada-blum-kammono\/","name":"S\u0142upek NWPKD...1ST\/71 \u2013 wisz\u0105ca szafka nad zmywark\u0119","isPartOf":{"@id":"https:\/\/meblekuchenne.pl\/sklep\/#website"},"primaryImageOfPage":{"@id":"https:\/\/meblekuchenne.pl\/sklep\/product\/slupek-nwpkd-1st-71-4560-nad-zmywarke-pralke-piekarnik-kompaktowy-szuflada-blum-kammono\/#primaryimage"},"image":{"@id":"https:\/\/meblekuchenne.pl\/sklep\/product\/slupek-nwpkd-1st-71-4560-nad-zmywarke-pralke-piekarnik-kompaktowy-szuflada-blum-kammono\/#primaryimage"},"thumbnailUrl":"https:\/\/meblekuchenne.pl\/sklep\/wp-content\/uploads\/2025\/02\/NWPKD60.1SS-71.webp","datePublished":"2025-02-21T18:05:46+00:00","dateModified":"2026-04-01T09:37:52+00:00","description":"S\u0142upek NWPKD...1ST\/71 \u2013 wisz\u0105ca szafka nad zmywark\u0119 to wyj\u0105tkowy element zabudowy kuchennej, idealny do monta\u017cu nad zmywark\u0105 lub pralk\u0105.","breadcrumb":{"@id":"https:\/\/meblekuchenne.pl\/sklep\/product\/slupek-nwpkd-1st-71-4560-nad-zmywarke-pralke-piekarnik-kompaktowy-szuflada-blum-kammono\/#breadcrumb"},"inLanguage":"pl-PL","potentialAction":[{"@type":"ReadAction","target":["https:\/\/meblekuchenne.pl\/sklep\/product\/slupek-nwpkd-1st-71-4560-nad-zmywarke-pralke-piekarnik-kompaktowy-szuflada-blum-kammono\/"]}]},{"@type":"ImageObject","inLanguage":"pl-PL","@id":"https:\/\/meblekuchenne.pl\/sklep\/product\/slupek-nwpkd-1st-71-4560-nad-zmywarke-pralke-piekarnik-kompaktowy-szuflada-blum-kammono\/#primaryimage","url":"https:\/\/meblekuchenne.pl\/sklep\/wp-content\/uploads\/2025\/02\/NWPKD60.1SS-71.webp","contentUrl":"https:\/\/meblekuchenne.pl\/sklep\/wp-content\/uploads\/2025\/02\/NWPKD60.1SS-71.webp","width":1600,"height":1080},{"@type":"BreadcrumbList","@id":"https:\/\/meblekuchenne.pl\/sklep\/product\/slupek-nwpkd-1st-71-4560-nad-zmywarke-pralke-piekarnik-kompaktowy-szuflada-blum-kammono\/#breadcrumb","itemListElement":[{"@type":"ListItem","position":1,"name":"Strona g\u0142\u00f3wna","item":"https:\/\/meblekuchenne.pl\/sklep\/"},{"@type":"ListItem","position":2,"name":"Sklep","item":"https:\/\/meblekuchenne.pl\/sklep\/sklep\/"},{"@type":"ListItem","position":3,"name":"S\u0142upek NWPKD&#8230; .1ST\/71 &#8211; 45,60 -nad zmywark\u0119\/pralk\u0119 &#8211; piekarnik kompaktowy &#8211; szuflada Blum &#8211; Kammono"}]},{"@type":"WebSite","@id":"https:\/\/meblekuchenne.pl\/sklep\/#website","url":"https:\/\/meblekuchenne.pl\/sklep\/","name":"MebleKuchenne.PL - SKLEP","description":"","publisher":{"@id":"https:\/\/meblekuchenne.pl\/sklep\/#organization"},"potentialAction":[{"@type":"SearchAction","target":{"@type":"EntryPoint","urlTemplate":"https:\/\/meblekuchenne.pl\/sklep\/?s={search_term_string}"},"query-input":{"@type":"PropertyValueSpecification","valueRequired":true,"valueName":"search_term_string"}}],"inLanguage":"pl-PL"},{"@type":"Organization","@id":"https:\/\/meblekuchenne.pl\/sklep\/#organization","name":"MebleKuchenne.PL - SKLEP","url":"https:\/\/meblekuchenne.pl\/sklep\/","logo":{"@type":"ImageObject","inLanguage":"pl-PL","@id":"https:\/\/meblekuchenne.pl\/sklep\/#\/schema\/logo\/image\/","url":"https:\/\/meblekuchenne.pl\/sklep\/wp-content\/uploads\/2025\/06\/cropped-cropped-logo.webp","contentUrl":"https:\/\/meblekuchenne.pl\/sklep\/wp-content\/uploads\/2025\/06\/cropped-cropped-logo.webp","width":735,"height":715,"caption":"MebleKuchenne.PL - SKLEP"},"image":{"@id":"https:\/\/meblekuchenne.pl\/sklep\/#\/schema\/logo\/image\/"}}]},"og_availability":"instock","product_availability":"instock","product_retailer_item_id":"NWPKD.1ST\/71","product_condition":"new"},"_links":{"self":[{"href":"https:\/\/meblekuchenne.pl\/sklep\/wp-json\/wp\/v2\/product\/46163","targetHints":{"allow":["GET"]}}],"collection":[{"href":"https:\/\/meblekuchenne.pl\/sklep\/wp-json\/wp\/v2\/product"}],"about":[{"href":"https:\/\/meblekuchenne.pl\/sklep\/wp-json\/wp\/v2\/types\/product"}],"wp:featuredmedia":[{"embeddable":true,"href":"https:\/\/meblekuchenne.pl\/sklep\/wp-json\/wp\/v2\/media\/59929"}],"wp:attachment":[{"href":"https:\/\/meblekuchenne.pl\/sklep\/wp-json\/wp\/v2\/media?parent=46163"}],"wp:term":[{"taxonomy":"product_brand","embeddable":true,"href":"https:\/\/meblekuchenne.pl\/sklep\/wp-json\/wp\/v2\/product_brand?post=46163"},{"taxonomy":"product_cat","embeddable":true,"href":"https:\/\/meblekuchenne.pl\/sklep\/wp-json\/wp\/v2\/product_cat?post=46163"},{"taxonomy":"product_tag","embeddable":true,"href":"https:\/\/meblekuchenne.pl\/sklep\/wp-json\/wp\/v2\/product_tag?post=46163"}],"curies":[{"name":"wp","href":"https:\/\/api.w.org\/{rel}","templated":true}]}}