{"id":45053,"date":"2025-02-21T18:52:55","date_gmt":"2025-02-21T17:52:55","guid":{"rendered":"https:\/\/meblekuchenne.pl\/sklep\/?post_type=product&#038;p=45053"},"modified":"2026-04-01T11:35:14","modified_gmt":"2026-04-01T09:35:14","slug":"szafka-dolna-bdpk60-szer-60-cm-zabudowa-piekarnika-kompaktowego-gleboka-kammono","status":"publish","type":"product","link":"https:\/\/meblekuchenne.pl\/sklep\/product\/szafka-dolna-bdpk60-szer-60-cm-zabudowa-piekarnika-kompaktowego-gleboka-kammono\/","title":{"rendered":"Szafka dolna BDPK60 \u2013 szer. 60 cm &#8211; zabudowa piekarnika kompaktowego \u2013 g\u0142\u0119boka KamMono"},"content":{"rendered":"<h2 data-start=\"0\" data-end=\"81\"><strong data-start=\"4\" data-end=\"79\">Szafka dolna BDPK60 \u2013 zabudowa piekarnika kompaktowego<\/strong><\/h2>\n<p>Szafka dolna AGD &#8211; szer. 60 cm, wys. 71 cm, g\u0142. 58 cm<\/p>\n<h3 data-start=\"83\" data-end=\"136\"><strong data-start=\"88\" data-end=\"134\">Funkcjonalno\u015b\u0107 i elegancja w Twojej kuchni<\/strong><\/h3>\n<p class=\"\" data-start=\"138\" data-end=\"602\">Szafka dolna <strong data-start=\"151\" data-end=\"161\">BDPK60<\/strong> to doskona\u0142e rozwi\u0105zanie do <strong data-start=\"190\" data-end=\"226\">zabudowy piekarnika kompaktowego<\/strong> w kuchniach, gdzie liczy si\u0119 zar\u00f3wno <strong data-start=\"264\" data-end=\"296\">estetyka, jak i praktyczno\u015b\u0107<\/strong>. Zaprojektowana w ramach systemu mebli kuchennych <strong data-start=\"347\" data-end=\"358\">KAMMONO<\/strong>, oferuje <strong data-start=\"368\" data-end=\"395\">wysok\u0105 jako\u015b\u0107 wykonania<\/strong> oraz <strong data-start=\"401\" data-end=\"414\">solidno\u015b\u0107<\/strong>, co zapewnia jej trwa\u0142o\u015b\u0107 i d\u0142ugowieczno\u015b\u0107. Jej <strong data-start=\"463\" data-end=\"482\">szeroko\u015b\u0107 60 cm<\/strong> i <strong data-start=\"485\" data-end=\"508\">g\u0142\u0119boko\u015b\u0107 51 cm (D)<\/strong> umo\u017cliwiaj\u0105 \u0142atw\u0105 integracj\u0119 z innymi elementami systemu, tworz\u0105c <strong data-start=\"575\" data-end=\"600\">harmonijn\u0105 przestrze\u0144<\/strong>.<\/p>\n<h3 class=\"\" data-start=\"609\" data-end=\"644\"><strong data-start=\"613\" data-end=\"644\">G\u0142\u00f3wne cechy szafki:<\/strong><\/h3>\n<ul data-start=\"646\" data-end=\"1310\">\n<li class=\"\" data-start=\"646\" data-end=\"788\">\n<p class=\"\" data-start=\"648\" data-end=\"788\"><strong data-start=\"648\" data-end=\"698\">Dedykowana do zabudowy piekarnika kompaktowego<\/strong> \u2013 idealna do kuchni, w kt\u00f3rych piekarnik kompaktowy jest cz\u0119\u015bci\u0105 <strong data-start=\"764\" data-end=\"787\">wbudowanej zabudowy<\/strong>.<\/p>\n<\/li>\n<li class=\"\" data-start=\"789\" data-end=\"928\">\n<p class=\"\" data-start=\"791\" data-end=\"928\"><strong data-start=\"791\" data-end=\"811\">Szeroko\u015b\u0107: 60 cm<\/strong> \u2013 zapewnia odpowiedni\u0105 przestronno\u015b\u0107 do zamontowania piekarnika kompaktowego oraz wygodne przechowywanie akcesori\u00f3w.<\/p>\n<\/li>\n<li class=\"\" data-start=\"929\" data-end=\"1044\">\n<p class=\"\" data-start=\"931\" data-end=\"1044\"><strong data-start=\"931\" data-end=\"955\">G\u0142\u0119boko\u015b\u0107: 51 cm (D)<\/strong> \u2013 pozwala na \u0142atw\u0105 zabudow\u0119 piekarnika, zapewniaj\u0105c jednocze\u015bnie przestronno\u015b\u0107 w szafce.<\/p>\n<\/li>\n<li class=\"\" data-start=\"1045\" data-end=\"1176\">\n<p class=\"\" data-start=\"1047\" data-end=\"1176\"><strong data-start=\"1047\" data-end=\"1074\">Wysoko\u015b\u0107 korpusu: 71 cm<\/strong> \u2013 dostosowana do standard\u00f3w mebli kuchennych, z mo\u017cliwo\u015bci\u0105 wyboru wysoko\u015bci n\u00f3\u017cek (10 cm lub 15 cm).<\/p>\n<\/li>\n<li class=\"\" data-start=\"1177\" data-end=\"1310\">\n<p class=\"\" data-start=\"1179\" data-end=\"1310\"><strong data-start=\"1179\" data-end=\"1210\">Konstrukcja systemu KAMMONO<\/strong> \u2013 <strong data-start=\"1213\" data-end=\"1230\">prosty monta\u017c<\/strong>, <strong data-start=\"1232\" data-end=\"1257\">wielka kompatybilno\u015b\u0107<\/strong> z innymi elementami systemu i <strong data-start=\"1288\" data-end=\"1309\">nowoczesny design<\/strong>.<\/p>\n<\/li>\n<\/ul>\n<h3 class=\"\" data-start=\"1317\" data-end=\"1358\"><strong data-start=\"1321\" data-end=\"1356\">Korzy\u015bci z wyboru szafki BDPK60<\/strong><\/h3>\n<p class=\"\" data-start=\"1360\" data-end=\"1793\">Szafka <strong data-start=\"1367\" data-end=\"1377\">BDPK60<\/strong> to wyb\u00f3r, kt\u00f3ry pozwala na <strong data-start=\"1405\" data-end=\"1447\">optymalne zagospodarowanie przestrzeni<\/strong> w kuchni. Dzi\u0119ki <strong data-start=\"1465\" data-end=\"1527\">dok\u0142adnemu dopasowaniu do zabudowy piekarnika kompaktowego<\/strong>, idealnie wpisuje si\u0119 w nowoczesne rozwi\u0105zania, w kt\u00f3rych piekarnik nie tylko pe\u0142ni funkcj\u0119 u\u017cytkow\u0105, ale r\u00f3wnie\u017c jest estetycznym elementem aran\u017cacji. Dodatkowo, <strong data-start=\"1691\" data-end=\"1709\">system KAMMONO<\/strong> umo\u017cliwia \u0142atwy monta\u017c i dostosowanie szafki do indywidualnych potrzeb u\u017cytkownika.<\/p>\n<p class=\"\" data-start=\"1795\" data-end=\"2075\">Szafka dolna BDPK60 \u2013 zabudowa piekarnika kompaktowego \u015bwietnie komponuje si\u0119 w <strong data-start=\"1830\" data-end=\"1854\">mniejszych kuchniach<\/strong>, gdzie liczy si\u0119 zaoszcz\u0119dzenie przestrzeni przy zachowaniu wysokiej funkcjonalno\u015bci. Dodatkowo, dzi\u0119ki dost\u0119pnej opcji <strong data-start=\"1975\" data-end=\"2001\">wyboru wysoko\u015bci n\u00f3\u017cek<\/strong> (10 cm lub 15 cm), mo\u017cna j\u0105 \u0142atwo dopasowa\u0107 do innych element\u00f3w zabudowy.<\/p>\n<h3 class=\"\" data-start=\"2082\" data-end=\"2127\"><strong data-start=\"2086\" data-end=\"2127\">Zalety szafki w Twojej kuchni:<\/strong><\/h3>\n<ul data-start=\"2129\" data-end=\"2672\">\n<li class=\"\" data-start=\"2129\" data-end=\"2270\">\n<p class=\"\" data-start=\"2131\" data-end=\"2270\"><strong data-start=\"2131\" data-end=\"2160\">Optymalizacja przestrzeni<\/strong> \u2013 odpowiednia przestronno\u015b\u0107 do zabudowy piekarnika kompaktowego oraz przechowywania akcesori\u00f3w piekarniczych.<\/p>\n<\/li>\n<li class=\"\" data-start=\"2271\" data-end=\"2398\">\n<p class=\"\" data-start=\"2273\" data-end=\"2398\"><strong data-start=\"2273\" data-end=\"2290\">Prosty monta\u017c<\/strong> \u2013 dzi\u0119ki systemowi KAMMONO, szafka jest \u0142atwa w monta\u017cu, co pozwala na szybkie i wygodne urz\u0105dzenie kuchni.<\/p>\n<\/li>\n<li class=\"\" data-start=\"2399\" data-end=\"2530\">\n<p class=\"\" data-start=\"2401\" data-end=\"2530\"><strong data-start=\"2401\" data-end=\"2428\">Wysoka jako\u015b\u0107 wykonania<\/strong> \u2013 szafka jest trwa\u0142a, odporna na codzienne u\u017cytkowanie oraz dzia\u0142anie wilgoci i wysokiej temperatury.<\/p>\n<\/li>\n<li class=\"\" data-start=\"2531\" data-end=\"2672\">\n<p class=\"\" data-start=\"2533\" data-end=\"2672\"><strong data-start=\"2533\" data-end=\"2569\">Mo\u017cliwo\u015b\u0107 dostosowania wysoko\u015bci<\/strong> \u2013 wyb\u00f3r n\u00f3\u017cek 10 cm lub 15 cm umo\u017cliwia elastyczno\u015b\u0107 w dopasowywaniu szafki do indywidualnych potrzeb.<\/p>\n<\/li>\n<\/ul>\n","protected":false},"excerpt":{"rendered":"<p>Szafka dolna <strong data-start=\"151\" data-end=\"161\">BDPK60<\/strong> to doskona\u0142e rozwi\u0105zanie do <strong data-start=\"190\" data-end=\"226\">zabudowy piekarnika kompaktowego<\/strong> w kuchniach, gdzie liczy si\u0119 zar\u00f3wno <strong data-start=\"264\" data-end=\"296\">estetyka, jak i praktyczno\u015b\u0107<\/strong>. Zaprojektowana w ramach systemu mebli kuchennych <strong data-start=\"347\" data-end=\"358\">KAMMONO<\/strong>, oferuje <strong data-start=\"368\" data-end=\"395\">wysok\u0105 jako\u015b\u0107 wykonania<\/strong> oraz <strong data-start=\"401\" data-end=\"414\">solidno\u015b\u0107<\/strong>, co zapewnia jej trwa\u0142o\u015b\u0107 i d\u0142ugowieczno\u015b\u0107. Jej <strong data-start=\"463\" data-end=\"482\">szeroko\u015b\u0107 60 cm<\/strong> i <strong data-start=\"485\" data-end=\"508\">g\u0142\u0119boko\u015b\u0107 51 cm (D)<\/strong> umo\u017cliwiaj\u0105 \u0142atw\u0105 integracj\u0119 z innymi elementami systemu, tworz\u0105c <strong data-start=\"575\" data-end=\"600\">harmonijn\u0105 przestrze\u0144<\/strong>.<\/p>\n","protected":false},"featured_media":59953,"template":"","meta":[],"product_brand":[710],"product_cat":[790,775,777,454,471,482,520],"product_tag":[],"class_list":{"0":"post-45053","1":"product","2":"type-product","3":"status-publish","4":"has-post-thumbnail","6":"product_brand-meble-kam","7":"product_cat-pod-piekarnik-sklep","8":"product_cat-wszystko","9":"product_cat-zabudowa-agd-sklep","10":"product_cat-meble-kam-mono","11":"product_cat-szafki-agd","12":"product_cat-zabudowa-dolna-piekarnika","13":"product_cat-zabudowa-dolna-piekarnika-bd-58-cm","14":"product_shipping_class-szafka-dolna-kam","15":"pa_front-f10","16":"pa_front-f11","17":"pa_front-f4","18":"pa_front-f6","19":"pa_front-f7","20":"pa_front-f8","21":"pa_front-fg2","22":"pa_front-k2","23":"pa_front-kc2","24":"pa_front-kc4","25":"pa_front-l4-mat","26":"pa_front-l4-polysk","27":"pa_front-m4","28":"pa_front-os_2","29":"pa_front-os_2black","30":"pa_front-p00","31":"pa_front-p2","32":"pa_front-p4","34":"first","35":"instock","36":"shipping-taxable","37":"purchasable","38":"product-type-variable"},"yoast_head":"<!-- This site is optimized with the Yoast SEO Premium plugin v25.0 (Yoast SEO v25.0) - https:\/\/yoast.com\/wordpress\/plugins\/seo\/ -->\n<title>Szafka dolna BDPK60 \u2013 zabudowa piekarnika kompaktowego<\/title>\n<meta name=\"description\" content=\"Szafka dolna BDPK60 \u2013 zabudowa piekarnika kompaktowego o doskona\u0142e rozwi\u0105zanie w kuchniach, gdzie liczy si\u0119 zar\u00f3wno estetyka, jak i praktyczno\u015b\u0107.\" \/>\n<meta name=\"robots\" content=\"index, follow, max-snippet:-1, max-image-preview:large, max-video-preview:-1\" \/>\n<link rel=\"canonical\" href=\"https:\/\/meblekuchenne.pl\/sklep\/product\/szafka-dolna-bdpk60-szer-60-cm-zabudowa-piekarnika-kompaktowego-gleboka-kammono\/\" \/>\n<meta property=\"og:locale\" content=\"pl_PL\" \/>\n<meta property=\"og:type\" content=\"article\" \/>\n<meta property=\"og:title\" content=\"Szafka dolna BDPK60 \u2013 szer. 60 cm - zabudowa piekarnika kompaktowego \u2013 g\u0142\u0119boka KamMono\" \/>\n<meta property=\"og:description\" content=\"Szafka dolna BDPK60 \u2013 zabudowa piekarnika kompaktowego o doskona\u0142e rozwi\u0105zanie w kuchniach, gdzie liczy si\u0119 zar\u00f3wno estetyka, jak i praktyczno\u015b\u0107.\" \/>\n<meta property=\"og:url\" content=\"https:\/\/meblekuchenne.pl\/sklep\/product\/szafka-dolna-bdpk60-szer-60-cm-zabudowa-piekarnika-kompaktowego-gleboka-kammono\/\" \/>\n<meta property=\"og:site_name\" content=\"MebleKuchenne.PL - SKLEP\" \/>\n<meta property=\"article:modified_time\" content=\"2026-04-01T09:35:14+00:00\" \/>\n<meta property=\"og:image\" content=\"https:\/\/meblekuchenne.pl\/sklep\/wp-content\/uploads\/2025\/02\/DPK60-2.webp\" \/>\n\t<meta property=\"og:image:width\" content=\"1600\" \/>\n\t<meta property=\"og:image:height\" content=\"1080\" \/>\n\t<meta property=\"og:image:type\" content=\"image\/webp\" \/>\n<meta name=\"twitter:card\" content=\"summary_large_image\" \/>\n<meta name=\"twitter:label1\" content=\"Dost\u0119pno\u015b\u0107\" \/>\n\t<meta name=\"twitter:data1\" content=\"Dost\u0119pny\" \/>\n<script type=\"application\/ld+json\" class=\"yoast-schema-graph\">{\"@context\":\"https:\/\/schema.org\",\"@graph\":[{\"@type\":\"WebPage\",\"@id\":\"https:\/\/meblekuchenne.pl\/sklep\/product\/szafka-dolna-bdpk60-szer-60-cm-zabudowa-piekarnika-kompaktowego-gleboka-kammono\/\",\"url\":\"https:\/\/meblekuchenne.pl\/sklep\/product\/szafka-dolna-bdpk60-szer-60-cm-zabudowa-piekarnika-kompaktowego-gleboka-kammono\/\",\"name\":\"Szafka dolna BDPK60 \u2013 zabudowa piekarnika kompaktowego\",\"isPartOf\":{\"@id\":\"https:\/\/meblekuchenne.pl\/sklep\/#website\"},\"primaryImageOfPage\":{\"@id\":\"https:\/\/meblekuchenne.pl\/sklep\/product\/szafka-dolna-bdpk60-szer-60-cm-zabudowa-piekarnika-kompaktowego-gleboka-kammono\/#primaryimage\"},\"image\":{\"@id\":\"https:\/\/meblekuchenne.pl\/sklep\/product\/szafka-dolna-bdpk60-szer-60-cm-zabudowa-piekarnika-kompaktowego-gleboka-kammono\/#primaryimage\"},\"thumbnailUrl\":\"https:\/\/meblekuchenne.pl\/sklep\/wp-content\/uploads\/2025\/02\/DPK60-2.webp\",\"datePublished\":\"2025-02-21T17:52:55+00:00\",\"dateModified\":\"2026-04-01T09:35:14+00:00\",\"description\":\"Szafka dolna BDPK60 \u2013 zabudowa piekarnika kompaktowego o doskona\u0142e rozwi\u0105zanie w kuchniach, gdzie liczy si\u0119 zar\u00f3wno estetyka, jak i praktyczno\u015b\u0107.\",\"breadcrumb\":{\"@id\":\"https:\/\/meblekuchenne.pl\/sklep\/product\/szafka-dolna-bdpk60-szer-60-cm-zabudowa-piekarnika-kompaktowego-gleboka-kammono\/#breadcrumb\"},\"inLanguage\":\"pl-PL\",\"potentialAction\":[{\"@type\":\"ReadAction\",\"target\":[\"https:\/\/meblekuchenne.pl\/sklep\/product\/szafka-dolna-bdpk60-szer-60-cm-zabudowa-piekarnika-kompaktowego-gleboka-kammono\/\"]}]},{\"@type\":\"ImageObject\",\"inLanguage\":\"pl-PL\",\"@id\":\"https:\/\/meblekuchenne.pl\/sklep\/product\/szafka-dolna-bdpk60-szer-60-cm-zabudowa-piekarnika-kompaktowego-gleboka-kammono\/#primaryimage\",\"url\":\"https:\/\/meblekuchenne.pl\/sklep\/wp-content\/uploads\/2025\/02\/DPK60-2.webp\",\"contentUrl\":\"https:\/\/meblekuchenne.pl\/sklep\/wp-content\/uploads\/2025\/02\/DPK60-2.webp\",\"width\":1600,\"height\":1080},{\"@type\":\"BreadcrumbList\",\"@id\":\"https:\/\/meblekuchenne.pl\/sklep\/product\/szafka-dolna-bdpk60-szer-60-cm-zabudowa-piekarnika-kompaktowego-gleboka-kammono\/#breadcrumb\",\"itemListElement\":[{\"@type\":\"ListItem\",\"position\":1,\"name\":\"Strona g\u0142\u00f3wna\",\"item\":\"https:\/\/meblekuchenne.pl\/sklep\/\"},{\"@type\":\"ListItem\",\"position\":2,\"name\":\"Sklep\",\"item\":\"https:\/\/meblekuchenne.pl\/sklep\/sklep\/\"},{\"@type\":\"ListItem\",\"position\":3,\"name\":\"Szafka dolna BDPK60 \u2013 szer. 60 cm &#8211; zabudowa piekarnika kompaktowego \u2013 g\u0142\u0119boka KamMono\"}]},{\"@type\":\"WebSite\",\"@id\":\"https:\/\/meblekuchenne.pl\/sklep\/#website\",\"url\":\"https:\/\/meblekuchenne.pl\/sklep\/\",\"name\":\"MebleKuchenne.PL - SKLEP\",\"description\":\"\",\"publisher\":{\"@id\":\"https:\/\/meblekuchenne.pl\/sklep\/#organization\"},\"potentialAction\":[{\"@type\":\"SearchAction\",\"target\":{\"@type\":\"EntryPoint\",\"urlTemplate\":\"https:\/\/meblekuchenne.pl\/sklep\/?s={search_term_string}\"},\"query-input\":{\"@type\":\"PropertyValueSpecification\",\"valueRequired\":true,\"valueName\":\"search_term_string\"}}],\"inLanguage\":\"pl-PL\"},{\"@type\":\"Organization\",\"@id\":\"https:\/\/meblekuchenne.pl\/sklep\/#organization\",\"name\":\"MebleKuchenne.PL - SKLEP\",\"url\":\"https:\/\/meblekuchenne.pl\/sklep\/\",\"logo\":{\"@type\":\"ImageObject\",\"inLanguage\":\"pl-PL\",\"@id\":\"https:\/\/meblekuchenne.pl\/sklep\/#\/schema\/logo\/image\/\",\"url\":\"https:\/\/meblekuchenne.pl\/sklep\/wp-content\/uploads\/2025\/06\/cropped-cropped-logo.webp\",\"contentUrl\":\"https:\/\/meblekuchenne.pl\/sklep\/wp-content\/uploads\/2025\/06\/cropped-cropped-logo.webp\",\"width\":735,\"height\":715,\"caption\":\"MebleKuchenne.PL - SKLEP\"},\"image\":{\"@id\":\"https:\/\/meblekuchenne.pl\/sklep\/#\/schema\/logo\/image\/\"}}]}<\/script>\n<meta property=\"og:availability\" content=\"instock\" \/>\n<meta property=\"product:availability\" content=\"instock\" \/>\n<meta property=\"product:retailer_item_id\" content=\"BDPK60\" \/>\n<meta property=\"product:condition\" content=\"new\" \/>\n<!-- \/ Yoast SEO Premium plugin. -->","yoast_head_json":{"title":"Szafka dolna BDPK60 \u2013 zabudowa piekarnika kompaktowego","description":"Szafka dolna BDPK60 \u2013 zabudowa piekarnika kompaktowego o doskona\u0142e rozwi\u0105zanie w kuchniach, gdzie liczy si\u0119 zar\u00f3wno estetyka, jak i praktyczno\u015b\u0107.","robots":{"index":"index","follow":"follow","max-snippet":"max-snippet:-1","max-image-preview":"max-image-preview:large","max-video-preview":"max-video-preview:-1"},"canonical":"https:\/\/meblekuchenne.pl\/sklep\/product\/szafka-dolna-bdpk60-szer-60-cm-zabudowa-piekarnika-kompaktowego-gleboka-kammono\/","og_locale":"pl_PL","og_type":"article","og_title":"Szafka dolna BDPK60 \u2013 szer. 60 cm - zabudowa piekarnika kompaktowego \u2013 g\u0142\u0119boka KamMono","og_description":"Szafka dolna BDPK60 \u2013 zabudowa piekarnika kompaktowego o doskona\u0142e rozwi\u0105zanie w kuchniach, gdzie liczy si\u0119 zar\u00f3wno estetyka, jak i praktyczno\u015b\u0107.","og_url":"https:\/\/meblekuchenne.pl\/sklep\/product\/szafka-dolna-bdpk60-szer-60-cm-zabudowa-piekarnika-kompaktowego-gleboka-kammono\/","og_site_name":"MebleKuchenne.PL - SKLEP","article_modified_time":"2026-04-01T09:35:14+00:00","og_image":[{"width":1600,"height":1080,"url":"https:\/\/meblekuchenne.pl\/sklep\/wp-content\/uploads\/2025\/02\/DPK60-2.webp","type":"image\/webp"}],"twitter_card":"summary_large_image","twitter_misc":{"Dost\u0119pno\u015b\u0107":"Dost\u0119pny"},"schema":{"@context":"https:\/\/schema.org","@graph":[{"@type":"WebPage","@id":"https:\/\/meblekuchenne.pl\/sklep\/product\/szafka-dolna-bdpk60-szer-60-cm-zabudowa-piekarnika-kompaktowego-gleboka-kammono\/","url":"https:\/\/meblekuchenne.pl\/sklep\/product\/szafka-dolna-bdpk60-szer-60-cm-zabudowa-piekarnika-kompaktowego-gleboka-kammono\/","name":"Szafka dolna BDPK60 \u2013 zabudowa piekarnika kompaktowego","isPartOf":{"@id":"https:\/\/meblekuchenne.pl\/sklep\/#website"},"primaryImageOfPage":{"@id":"https:\/\/meblekuchenne.pl\/sklep\/product\/szafka-dolna-bdpk60-szer-60-cm-zabudowa-piekarnika-kompaktowego-gleboka-kammono\/#primaryimage"},"image":{"@id":"https:\/\/meblekuchenne.pl\/sklep\/product\/szafka-dolna-bdpk60-szer-60-cm-zabudowa-piekarnika-kompaktowego-gleboka-kammono\/#primaryimage"},"thumbnailUrl":"https:\/\/meblekuchenne.pl\/sklep\/wp-content\/uploads\/2025\/02\/DPK60-2.webp","datePublished":"2025-02-21T17:52:55+00:00","dateModified":"2026-04-01T09:35:14+00:00","description":"Szafka dolna BDPK60 \u2013 zabudowa piekarnika kompaktowego o doskona\u0142e rozwi\u0105zanie w kuchniach, gdzie liczy si\u0119 zar\u00f3wno estetyka, jak i praktyczno\u015b\u0107.","breadcrumb":{"@id":"https:\/\/meblekuchenne.pl\/sklep\/product\/szafka-dolna-bdpk60-szer-60-cm-zabudowa-piekarnika-kompaktowego-gleboka-kammono\/#breadcrumb"},"inLanguage":"pl-PL","potentialAction":[{"@type":"ReadAction","target":["https:\/\/meblekuchenne.pl\/sklep\/product\/szafka-dolna-bdpk60-szer-60-cm-zabudowa-piekarnika-kompaktowego-gleboka-kammono\/"]}]},{"@type":"ImageObject","inLanguage":"pl-PL","@id":"https:\/\/meblekuchenne.pl\/sklep\/product\/szafka-dolna-bdpk60-szer-60-cm-zabudowa-piekarnika-kompaktowego-gleboka-kammono\/#primaryimage","url":"https:\/\/meblekuchenne.pl\/sklep\/wp-content\/uploads\/2025\/02\/DPK60-2.webp","contentUrl":"https:\/\/meblekuchenne.pl\/sklep\/wp-content\/uploads\/2025\/02\/DPK60-2.webp","width":1600,"height":1080},{"@type":"BreadcrumbList","@id":"https:\/\/meblekuchenne.pl\/sklep\/product\/szafka-dolna-bdpk60-szer-60-cm-zabudowa-piekarnika-kompaktowego-gleboka-kammono\/#breadcrumb","itemListElement":[{"@type":"ListItem","position":1,"name":"Strona g\u0142\u00f3wna","item":"https:\/\/meblekuchenne.pl\/sklep\/"},{"@type":"ListItem","position":2,"name":"Sklep","item":"https:\/\/meblekuchenne.pl\/sklep\/sklep\/"},{"@type":"ListItem","position":3,"name":"Szafka dolna BDPK60 \u2013 szer. 60 cm &#8211; zabudowa piekarnika kompaktowego \u2013 g\u0142\u0119boka KamMono"}]},{"@type":"WebSite","@id":"https:\/\/meblekuchenne.pl\/sklep\/#website","url":"https:\/\/meblekuchenne.pl\/sklep\/","name":"MebleKuchenne.PL - SKLEP","description":"","publisher":{"@id":"https:\/\/meblekuchenne.pl\/sklep\/#organization"},"potentialAction":[{"@type":"SearchAction","target":{"@type":"EntryPoint","urlTemplate":"https:\/\/meblekuchenne.pl\/sklep\/?s={search_term_string}"},"query-input":{"@type":"PropertyValueSpecification","valueRequired":true,"valueName":"search_term_string"}}],"inLanguage":"pl-PL"},{"@type":"Organization","@id":"https:\/\/meblekuchenne.pl\/sklep\/#organization","name":"MebleKuchenne.PL - SKLEP","url":"https:\/\/meblekuchenne.pl\/sklep\/","logo":{"@type":"ImageObject","inLanguage":"pl-PL","@id":"https:\/\/meblekuchenne.pl\/sklep\/#\/schema\/logo\/image\/","url":"https:\/\/meblekuchenne.pl\/sklep\/wp-content\/uploads\/2025\/06\/cropped-cropped-logo.webp","contentUrl":"https:\/\/meblekuchenne.pl\/sklep\/wp-content\/uploads\/2025\/06\/cropped-cropped-logo.webp","width":735,"height":715,"caption":"MebleKuchenne.PL - SKLEP"},"image":{"@id":"https:\/\/meblekuchenne.pl\/sklep\/#\/schema\/logo\/image\/"}}]},"og_availability":"instock","product_availability":"instock","product_retailer_item_id":"BDPK60","product_condition":"new"},"_links":{"self":[{"href":"https:\/\/meblekuchenne.pl\/sklep\/wp-json\/wp\/v2\/product\/45053","targetHints":{"allow":["GET"]}}],"collection":[{"href":"https:\/\/meblekuchenne.pl\/sklep\/wp-json\/wp\/v2\/product"}],"about":[{"href":"https:\/\/meblekuchenne.pl\/sklep\/wp-json\/wp\/v2\/types\/product"}],"wp:featuredmedia":[{"embeddable":true,"href":"https:\/\/meblekuchenne.pl\/sklep\/wp-json\/wp\/v2\/media\/59953"}],"wp:attachment":[{"href":"https:\/\/meblekuchenne.pl\/sklep\/wp-json\/wp\/v2\/media?parent=45053"}],"wp:term":[{"taxonomy":"product_brand","embeddable":true,"href":"https:\/\/meblekuchenne.pl\/sklep\/wp-json\/wp\/v2\/product_brand?post=45053"},{"taxonomy":"product_cat","embeddable":true,"href":"https:\/\/meblekuchenne.pl\/sklep\/wp-json\/wp\/v2\/product_cat?post=45053"},{"taxonomy":"product_tag","embeddable":true,"href":"https:\/\/meblekuchenne.pl\/sklep\/wp-json\/wp\/v2\/product_tag?post=45053"}],"curies":[{"name":"wp","href":"https:\/\/api.w.org\/{rel}","templated":true}]}}