{"id":44994,"date":"2025-02-21T18:52:16","date_gmt":"2025-02-21T17:52:16","guid":{"rendered":"https:\/\/meblekuchenne.pl\/sklep\/?post_type=product&#038;p=44994"},"modified":"2026-04-01T11:35:15","modified_gmt":"2026-04-01T09:35:15","slug":"szafka-dolna-bdp-zabudowa-piekarnika-szer-45-60-cm-z-szuflada-gleboka-kammono","status":"publish","type":"product","link":"https:\/\/meblekuchenne.pl\/sklep\/product\/szafka-dolna-bdp-zabudowa-piekarnika-szer-45-60-cm-z-szuflada-gleboka-kammono\/","title":{"rendered":"Szafka dolna BDP&#8230; &#8211; zabudowa piekarnika &#8211; szer. 45-60 cm z szuflad\u0105 &#8211; g\u0142\u0119boka Kammono"},"content":{"rendered":"<h2 data-start=\"0\" data-end=\"97\"><strong data-start=\"4\" data-end=\"95\">Szafka dolna BDP&#8230; \u2013 zabudowa piekarnika i p\u0142yty grzewczej<\/strong><\/h2>\n<p>Szafka dolna AGD &#8211; szer, 45, 60 cm, wys. 71 cm, g\u0142. 58 cm<\/p>\n<h3 data-start=\"99\" data-end=\"161\"><strong data-start=\"104\" data-end=\"159\">Funkcjonalno\u015b\u0107 i elastyczno\u015b\u0107 w zabudowie kuchennej<\/strong><\/h3>\n<p class=\"\" data-start=\"163\" data-end=\"615\">Szafka dolna <strong data-start=\"176\" data-end=\"186\">BDP&#8230;<\/strong> to doskona\u0142e rozwi\u0105zanie do <strong data-start=\"215\" data-end=\"256\">zabudowy piekarnika i p\u0142yty grzewczej<\/strong>. Dzi\u0119ki swojej konstrukcji w systemie <strong data-start=\"295\" data-end=\"306\">KAMMONO<\/strong>, zapewnia nie tylko <strong data-start=\"327\" data-end=\"354\">wysok\u0105 jako\u015b\u0107 wykonania<\/strong>, ale tak\u017ce <strong data-start=\"366\" data-end=\"393\">przemy\u015blane rozwi\u0105zania<\/strong> do ka\u017cdej kuchni. Dzi\u0119ki dost\u0119pno\u015bci <strong data-start=\"431\" data-end=\"451\">dw\u00f3ch szeroko\u015bci<\/strong> \u2013 standardowej <strong data-start=\"467\" data-end=\"476\">60 cm<\/strong> oraz <strong data-start=\"482\" data-end=\"499\">w\u0119\u017cszej 45 cm<\/strong>, idealnie dopasowuje si\u0119 do zar\u00f3wno standardowych, jak i w\u0119\u017cszych urz\u0105dze\u0144 kuchennych, zapewniaj\u0105c swobod\u0119 wyboru.<\/p>\n<h3 class=\"\" data-start=\"622\" data-end=\"657\"><strong data-start=\"626\" data-end=\"657\">G\u0142\u00f3wne cechy szafki:<\/strong><\/h3>\n<ul data-start=\"659\" data-end=\"1517\">\n<li class=\"\" data-start=\"659\" data-end=\"856\">\n<p class=\"\" data-start=\"661\" data-end=\"856\"><strong data-start=\"661\" data-end=\"716\">Dedykowana do zabudowy piekarnika i p\u0142yty grzewczej<\/strong> \u2013 szafka zaprojektowana z my\u015bl\u0105 o wygodnej zabudowie <strong data-start=\"770\" data-end=\"784\">piekarnika<\/strong> oraz <strong data-start=\"790\" data-end=\"809\">p\u0142yty grzewczej<\/strong>, stanowi integraln\u0105 cz\u0119\u015b\u0107 nowoczesnych kuchni.<\/p>\n<\/li>\n<li class=\"\" data-start=\"857\" data-end=\"1005\">\n<p class=\"\" data-start=\"859\" data-end=\"1005\"><strong data-start=\"859\" data-end=\"897\">Dost\u0119pne szeroko\u015bci: 45 cm i 60 cm<\/strong> \u2013 mo\u017cliwo\u015b\u0107 wyboru odpowiedniej szeroko\u015bci, aby <strong data-start=\"946\" data-end=\"1004\">dopasowa\u0107 szafk\u0119 do w\u0105skich lub standardowych urz\u0105dze\u0144<\/strong>.<\/p>\n<\/li>\n<li class=\"\" data-start=\"1006\" data-end=\"1141\">\n<p class=\"\" data-start=\"1008\" data-end=\"1141\"><strong data-start=\"1008\" data-end=\"1032\">G\u0142\u0119boko\u015b\u0107: 51 cm<\/strong>\u00a0\u2013 optymalna g\u0142\u0119boko\u015b\u0107, umo\u017cliwiaj\u0105ca \u0142atw\u0105 zabudow\u0119 sprz\u0119tu i komfortowe korzystanie z przestrzeni w szafce.<\/p>\n<\/li>\n<li class=\"\" data-start=\"1142\" data-end=\"1275\">\n<p class=\"\" data-start=\"1144\" data-end=\"1275\"><strong data-start=\"1144\" data-end=\"1171\">Wysoko\u015b\u0107 korpusu: 71 cm<\/strong> \u2013 dostosowana do standardowych mebli kuchennych z mo\u017cliwo\u015bci\u0105 wyboru wysoko\u015bci n\u00f3\u017cek (10 cm lub 15 cm).<\/p>\n<\/li>\n<li class=\"\" data-start=\"1276\" data-end=\"1389\">\n<p class=\"\" data-start=\"1278\" data-end=\"1389\"><strong data-start=\"1278\" data-end=\"1290\">Szuflada<\/strong> \u2013 dodatkowa przestrze\u0144 do przechowywania akcesori\u00f3w kuchennych, co zwi\u0119ksza funkcjonalno\u015b\u0107 szafki.<\/p>\n<\/li>\n<li class=\"\" data-start=\"1390\" data-end=\"1517\">\n<p class=\"\" data-start=\"1392\" data-end=\"1517\"><strong data-start=\"1392\" data-end=\"1410\">System KAMMONO<\/strong> \u2013 gwarantuje <strong data-start=\"1424\" data-end=\"1440\">\u0142atwy monta\u017c<\/strong> oraz <strong data-start=\"1446\" data-end=\"1471\">wielk\u0105 kompatybilno\u015b\u0107<\/strong> z innymi elementami systemu mebli kuchennych.<\/p>\n<\/li>\n<\/ul>\n<h3 class=\"\" data-start=\"1524\" data-end=\"1565\"><strong data-start=\"1528\" data-end=\"1563\">Korzy\u015bci z wyboru szafki BDP&#8230;<\/strong><\/h3>\n<p class=\"\" data-start=\"1567\" data-end=\"2057\">Szafka dolna BDP&#8230; \u2013 zabudowa piekarnika i p\u0142yty grzewczej to idealne rozwi\u0105zanie, kt\u00f3re umo\u017cliwia <strong data-start=\"1625\" data-end=\"1677\">elastyczn\u0105 zabudow\u0119 piekarnika i p\u0142yty grzewczej<\/strong>, dostosowuj\u0105c si\u0119 do r\u00f3\u017cnych potrzeb u\u017cytkownik\u00f3w. Dzi\u0119ki dw\u00f3m szeroko\u015bciom <strong data-start=\"1754\" data-end=\"1771\">60 cm i 45 cm<\/strong>, zapewnia <strong data-start=\"1782\" data-end=\"1801\">wszechstronno\u015b\u0107<\/strong>, umo\u017cliwiaj\u0105c zabudow\u0119 <strong data-start=\"1825\" data-end=\"1847\">szerszych urz\u0105dze\u0144<\/strong> oraz <strong data-start=\"1853\" data-end=\"1872\">w\u0119\u017cszych modeli<\/strong>. Jest to szczeg\u00f3lnie wa\u017cne, gdy przestrze\u0144 w kuchni jest ograniczona, a u\u017cytkownik szuka mebli, kt\u00f3re nie tylko pe\u0142ni\u0105 funkcj\u0119 u\u017cytkow\u0105, ale r\u00f3wnie\u017c harmonizuj\u0105 z <strong data-start=\"2036\" data-end=\"2056\">estetyk\u0105 wn\u0119trza<\/strong>.<\/p>\n<h3 class=\"\" data-start=\"2064\" data-end=\"2109\"><strong data-start=\"2068\" data-end=\"2109\">Zalety szafki\u00a0 w Twojej kuchni:<\/strong><\/h3>\n<ul data-start=\"2111\" data-end=\"2752\">\n<li class=\"\" data-start=\"2111\" data-end=\"2213\">\n<p class=\"\" data-start=\"2113\" data-end=\"2213\"><strong data-start=\"2113\" data-end=\"2132\">Wszechstronno\u015b\u0107<\/strong> \u2013 dost\u0119pno\u015b\u0107 dw\u00f3ch szeroko\u015bci pozwala na dopasowanie szafki do r\u00f3\u017cnych urz\u0105dze\u0144.<\/p>\n<\/li>\n<li class=\"\" data-start=\"2214\" data-end=\"2330\">\n<p class=\"\" data-start=\"2216\" data-end=\"2330\"><strong data-start=\"2216\" data-end=\"2258\">Optymalne zagospodarowanie przestrzeni<\/strong> \u2013 dodatkowa szuflada zapewnia <strong data-start=\"2289\" data-end=\"2329\">przechowywanie akcesori\u00f3w kuchennych<\/strong>.<\/p>\n<\/li>\n<li class=\"\" data-start=\"2331\" data-end=\"2469\">\n<p class=\"\" data-start=\"2333\" data-end=\"2469\"><strong data-start=\"2333\" data-end=\"2350\">Prosty monta\u017c<\/strong> \u2013 dzi\u0119ki systemowi KAMMONO, szafka jest \u0142atwa do zamontowania, co pozwala zaoszcz\u0119dzi\u0107 czas podczas urz\u0105dzania kuchni.<\/p>\n<\/li>\n<li class=\"\" data-start=\"2470\" data-end=\"2607\">\n<p class=\"\" data-start=\"2472\" data-end=\"2607\"><strong data-start=\"2472\" data-end=\"2493\">Trwa\u0142o\u015b\u0107 i jako\u015b\u0107<\/strong> \u2013 szafka jest odporna na <strong data-start=\"2519\" data-end=\"2544\">codzienne u\u017cytkowanie<\/strong> i <strong data-start=\"2547\" data-end=\"2568\">dzia\u0142anie wilgoci<\/strong>, co sprawia, \u017ce jest <strong data-start=\"2590\" data-end=\"2606\">d\u0142ugowieczna<\/strong>.<\/p>\n<\/li>\n<li class=\"\" data-start=\"2608\" data-end=\"2752\">\n<p class=\"\" data-start=\"2610\" data-end=\"2752\"><strong data-start=\"2610\" data-end=\"2652\">Mo\u017cliwo\u015b\u0107 dostosowania wysoko\u015bci n\u00f3\u017cek<\/strong> \u2013 wyb\u00f3r wysoko\u015bci n\u00f3\u017cek 10 cm lub 15 cm pozwala na dopasowanie szafki do innych element\u00f3w zabudowy.<\/p>\n<\/li>\n<\/ul>\n","protected":false},"excerpt":{"rendered":"<p>Szafka dolna <strong data-start=\"176\" data-end=\"186\">BDP&#8230;<\/strong> to doskona\u0142e rozwi\u0105zanie do <strong data-start=\"215\" data-end=\"256\">zabudowy piekarnika i p\u0142yty grzewczej<\/strong>. Dzi\u0119ki swojej konstrukcji w systemie <strong data-start=\"295\" data-end=\"306\">KAMMONO<\/strong>, zapewnia nie tylko <strong data-start=\"327\" data-end=\"354\">wysok\u0105 jako\u015b\u0107 wykonania<\/strong>, ale tak\u017ce <strong data-start=\"366\" data-end=\"393\">przemy\u015blane rozwi\u0105zania<\/strong> do ka\u017cdej kuchni. Dzi\u0119ki dost\u0119pno\u015bci <strong data-start=\"431\" data-end=\"451\">dw\u00f3ch szeroko\u015bci<\/strong> \u2013 standardowej <strong data-start=\"467\" data-end=\"476\">60 cm<\/strong> oraz <strong data-start=\"482\" data-end=\"499\">w\u0119\u017cszej 45 cm<\/strong>, idealnie dopasowuje si\u0119 do zar\u00f3wno standardowych, jak i w\u0119\u017cszych urz\u0105dze\u0144 kuchennych, zapewniaj\u0105c swobod\u0119 wyboru.<\/p>\n","protected":false},"featured_media":59954,"template":"","meta":[],"product_brand":[710],"product_cat":[790,775,777,454,471,482,520],"product_tag":[],"class_list":{"0":"post-44994","1":"product","2":"type-product","3":"status-publish","4":"has-post-thumbnail","6":"product_brand-meble-kam","7":"product_cat-pod-piekarnik-sklep","8":"product_cat-wszystko","9":"product_cat-zabudowa-agd-sklep","10":"product_cat-meble-kam-mono","11":"product_cat-szafki-agd","12":"product_cat-zabudowa-dolna-piekarnika","13":"product_cat-zabudowa-dolna-piekarnika-bd-58-cm","14":"product_shipping_class-szafka-dolna-kam","15":"pa_front-f10","16":"pa_front-f11","17":"pa_front-f4","18":"pa_front-f6","19":"pa_front-f7","20":"pa_front-f8","21":"pa_front-fg2","22":"pa_front-k2","23":"pa_front-kc2","24":"pa_front-kc4","25":"pa_front-l4-mat","26":"pa_front-l4-polysk","27":"pa_front-m4","28":"pa_front-os_2","29":"pa_front-os_2black","30":"pa_front-p00","31":"pa_front-p2","32":"pa_front-p4","33":"pa_rozmiar-45-cm","34":"pa_rozmiar-60-cm","36":"first","37":"instock","38":"shipping-taxable","39":"purchasable","40":"product-type-variable"},"yoast_head":"<!-- This site is optimized with the Yoast SEO Premium plugin v25.0 (Yoast SEO v25.0) - https:\/\/yoast.com\/wordpress\/plugins\/seo\/ -->\n<title>Szafka dolna BDP... \u2013 zabudowa piekarnika i p\u0142yty<\/title>\n<meta name=\"description\" content=\"Szafka dolna BDP... \u2013 zabudowa piekarnika i p\u0142yty grzewczej dopasowuje si\u0119 do standardowych, jak i w\u0119\u017cszych urz\u0105dze\u0144 kuchennych, zapewniaj\u0105c swobod\u0119 wyboru\" \/>\n<meta name=\"robots\" content=\"index, follow, max-snippet:-1, max-image-preview:large, max-video-preview:-1\" \/>\n<link rel=\"canonical\" href=\"https:\/\/meblekuchenne.pl\/sklep\/product\/szafka-dolna-bdp-zabudowa-piekarnika-szer-45-60-cm-z-szuflada-gleboka-kammono\/\" \/>\n<meta property=\"og:locale\" content=\"pl_PL\" \/>\n<meta property=\"og:type\" content=\"article\" \/>\n<meta property=\"og:title\" content=\"Szafka dolna BDP... - zabudowa piekarnika - szer. 45-60 cm z szuflad\u0105 - g\u0142\u0119boka Kammono\" \/>\n<meta property=\"og:description\" content=\"Szafka dolna BDP... \u2013 zabudowa piekarnika i p\u0142yty grzewczej dopasowuje si\u0119 do standardowych, jak i w\u0119\u017cszych urz\u0105dze\u0144 kuchennych, zapewniaj\u0105c swobod\u0119 wyboru\" \/>\n<meta property=\"og:url\" content=\"https:\/\/meblekuchenne.pl\/sklep\/product\/szafka-dolna-bdp-zabudowa-piekarnika-szer-45-60-cm-z-szuflada-gleboka-kammono\/\" \/>\n<meta property=\"og:site_name\" content=\"MebleKuchenne.PL - SKLEP\" \/>\n<meta property=\"article:modified_time\" content=\"2026-04-01T09:35:15+00:00\" \/>\n<meta property=\"og:image\" content=\"https:\/\/meblekuchenne.pl\/sklep\/wp-content\/uploads\/2025\/02\/DP60.webp\" \/>\n\t<meta property=\"og:image:width\" content=\"1600\" \/>\n\t<meta property=\"og:image:height\" content=\"1080\" \/>\n\t<meta property=\"og:image:type\" content=\"image\/webp\" \/>\n<meta name=\"twitter:card\" content=\"summary_large_image\" \/>\n<meta name=\"twitter:label1\" content=\"Dost\u0119pno\u015b\u0107\" \/>\n\t<meta name=\"twitter:data1\" content=\"Dost\u0119pny\" \/>\n<script type=\"application\/ld+json\" class=\"yoast-schema-graph\">{\"@context\":\"https:\/\/schema.org\",\"@graph\":[{\"@type\":\"WebPage\",\"@id\":\"https:\/\/meblekuchenne.pl\/sklep\/product\/szafka-dolna-bdp-zabudowa-piekarnika-szer-45-60-cm-z-szuflada-gleboka-kammono\/\",\"url\":\"https:\/\/meblekuchenne.pl\/sklep\/product\/szafka-dolna-bdp-zabudowa-piekarnika-szer-45-60-cm-z-szuflada-gleboka-kammono\/\",\"name\":\"Szafka dolna BDP... \u2013 zabudowa piekarnika i p\u0142yty\",\"isPartOf\":{\"@id\":\"https:\/\/meblekuchenne.pl\/sklep\/#website\"},\"primaryImageOfPage\":{\"@id\":\"https:\/\/meblekuchenne.pl\/sklep\/product\/szafka-dolna-bdp-zabudowa-piekarnika-szer-45-60-cm-z-szuflada-gleboka-kammono\/#primaryimage\"},\"image\":{\"@id\":\"https:\/\/meblekuchenne.pl\/sklep\/product\/szafka-dolna-bdp-zabudowa-piekarnika-szer-45-60-cm-z-szuflada-gleboka-kammono\/#primaryimage\"},\"thumbnailUrl\":\"https:\/\/meblekuchenne.pl\/sklep\/wp-content\/uploads\/2025\/02\/DP60.webp\",\"datePublished\":\"2025-02-21T17:52:16+00:00\",\"dateModified\":\"2026-04-01T09:35:15+00:00\",\"description\":\"Szafka dolna BDP... \u2013 zabudowa piekarnika i p\u0142yty grzewczej dopasowuje si\u0119 do standardowych, jak i w\u0119\u017cszych urz\u0105dze\u0144 kuchennych, zapewniaj\u0105c swobod\u0119 wyboru\",\"breadcrumb\":{\"@id\":\"https:\/\/meblekuchenne.pl\/sklep\/product\/szafka-dolna-bdp-zabudowa-piekarnika-szer-45-60-cm-z-szuflada-gleboka-kammono\/#breadcrumb\"},\"inLanguage\":\"pl-PL\",\"potentialAction\":[{\"@type\":\"ReadAction\",\"target\":[\"https:\/\/meblekuchenne.pl\/sklep\/product\/szafka-dolna-bdp-zabudowa-piekarnika-szer-45-60-cm-z-szuflada-gleboka-kammono\/\"]}]},{\"@type\":\"ImageObject\",\"inLanguage\":\"pl-PL\",\"@id\":\"https:\/\/meblekuchenne.pl\/sklep\/product\/szafka-dolna-bdp-zabudowa-piekarnika-szer-45-60-cm-z-szuflada-gleboka-kammono\/#primaryimage\",\"url\":\"https:\/\/meblekuchenne.pl\/sklep\/wp-content\/uploads\/2025\/02\/DP60.webp\",\"contentUrl\":\"https:\/\/meblekuchenne.pl\/sklep\/wp-content\/uploads\/2025\/02\/DP60.webp\",\"width\":1600,\"height\":1080},{\"@type\":\"BreadcrumbList\",\"@id\":\"https:\/\/meblekuchenne.pl\/sklep\/product\/szafka-dolna-bdp-zabudowa-piekarnika-szer-45-60-cm-z-szuflada-gleboka-kammono\/#breadcrumb\",\"itemListElement\":[{\"@type\":\"ListItem\",\"position\":1,\"name\":\"Strona g\u0142\u00f3wna\",\"item\":\"https:\/\/meblekuchenne.pl\/sklep\/\"},{\"@type\":\"ListItem\",\"position\":2,\"name\":\"Sklep\",\"item\":\"https:\/\/meblekuchenne.pl\/sklep\/sklep\/\"},{\"@type\":\"ListItem\",\"position\":3,\"name\":\"Szafka dolna BDP&#8230; &#8211; zabudowa piekarnika &#8211; szer. 45-60 cm z szuflad\u0105 &#8211; g\u0142\u0119boka Kammono\"}]},{\"@type\":\"WebSite\",\"@id\":\"https:\/\/meblekuchenne.pl\/sklep\/#website\",\"url\":\"https:\/\/meblekuchenne.pl\/sklep\/\",\"name\":\"MebleKuchenne.PL - SKLEP\",\"description\":\"\",\"publisher\":{\"@id\":\"https:\/\/meblekuchenne.pl\/sklep\/#organization\"},\"potentialAction\":[{\"@type\":\"SearchAction\",\"target\":{\"@type\":\"EntryPoint\",\"urlTemplate\":\"https:\/\/meblekuchenne.pl\/sklep\/?s={search_term_string}\"},\"query-input\":{\"@type\":\"PropertyValueSpecification\",\"valueRequired\":true,\"valueName\":\"search_term_string\"}}],\"inLanguage\":\"pl-PL\"},{\"@type\":\"Organization\",\"@id\":\"https:\/\/meblekuchenne.pl\/sklep\/#organization\",\"name\":\"MebleKuchenne.PL - SKLEP\",\"url\":\"https:\/\/meblekuchenne.pl\/sklep\/\",\"logo\":{\"@type\":\"ImageObject\",\"inLanguage\":\"pl-PL\",\"@id\":\"https:\/\/meblekuchenne.pl\/sklep\/#\/schema\/logo\/image\/\",\"url\":\"https:\/\/meblekuchenne.pl\/sklep\/wp-content\/uploads\/2025\/06\/cropped-cropped-logo.webp\",\"contentUrl\":\"https:\/\/meblekuchenne.pl\/sklep\/wp-content\/uploads\/2025\/06\/cropped-cropped-logo.webp\",\"width\":735,\"height\":715,\"caption\":\"MebleKuchenne.PL - SKLEP\"},\"image\":{\"@id\":\"https:\/\/meblekuchenne.pl\/sklep\/#\/schema\/logo\/image\/\"}}]}<\/script>\n<meta property=\"og:availability\" content=\"instock\" \/>\n<meta property=\"product:availability\" content=\"instock\" \/>\n<meta property=\"product:retailer_item_id\" content=\"BDP\" \/>\n<meta property=\"product:condition\" content=\"new\" \/>\n<!-- \/ Yoast SEO Premium plugin. -->","yoast_head_json":{"title":"Szafka dolna BDP... \u2013 zabudowa piekarnika i p\u0142yty","description":"Szafka dolna BDP... \u2013 zabudowa piekarnika i p\u0142yty grzewczej dopasowuje si\u0119 do standardowych, jak i w\u0119\u017cszych urz\u0105dze\u0144 kuchennych, zapewniaj\u0105c swobod\u0119 wyboru","robots":{"index":"index","follow":"follow","max-snippet":"max-snippet:-1","max-image-preview":"max-image-preview:large","max-video-preview":"max-video-preview:-1"},"canonical":"https:\/\/meblekuchenne.pl\/sklep\/product\/szafka-dolna-bdp-zabudowa-piekarnika-szer-45-60-cm-z-szuflada-gleboka-kammono\/","og_locale":"pl_PL","og_type":"article","og_title":"Szafka dolna BDP... - zabudowa piekarnika - szer. 45-60 cm z szuflad\u0105 - g\u0142\u0119boka Kammono","og_description":"Szafka dolna BDP... \u2013 zabudowa piekarnika i p\u0142yty grzewczej dopasowuje si\u0119 do standardowych, jak i w\u0119\u017cszych urz\u0105dze\u0144 kuchennych, zapewniaj\u0105c swobod\u0119 wyboru","og_url":"https:\/\/meblekuchenne.pl\/sklep\/product\/szafka-dolna-bdp-zabudowa-piekarnika-szer-45-60-cm-z-szuflada-gleboka-kammono\/","og_site_name":"MebleKuchenne.PL - SKLEP","article_modified_time":"2026-04-01T09:35:15+00:00","og_image":[{"width":1600,"height":1080,"url":"https:\/\/meblekuchenne.pl\/sklep\/wp-content\/uploads\/2025\/02\/DP60.webp","type":"image\/webp"}],"twitter_card":"summary_large_image","twitter_misc":{"Dost\u0119pno\u015b\u0107":"Dost\u0119pny"},"schema":{"@context":"https:\/\/schema.org","@graph":[{"@type":"WebPage","@id":"https:\/\/meblekuchenne.pl\/sklep\/product\/szafka-dolna-bdp-zabudowa-piekarnika-szer-45-60-cm-z-szuflada-gleboka-kammono\/","url":"https:\/\/meblekuchenne.pl\/sklep\/product\/szafka-dolna-bdp-zabudowa-piekarnika-szer-45-60-cm-z-szuflada-gleboka-kammono\/","name":"Szafka dolna BDP... \u2013 zabudowa piekarnika i p\u0142yty","isPartOf":{"@id":"https:\/\/meblekuchenne.pl\/sklep\/#website"},"primaryImageOfPage":{"@id":"https:\/\/meblekuchenne.pl\/sklep\/product\/szafka-dolna-bdp-zabudowa-piekarnika-szer-45-60-cm-z-szuflada-gleboka-kammono\/#primaryimage"},"image":{"@id":"https:\/\/meblekuchenne.pl\/sklep\/product\/szafka-dolna-bdp-zabudowa-piekarnika-szer-45-60-cm-z-szuflada-gleboka-kammono\/#primaryimage"},"thumbnailUrl":"https:\/\/meblekuchenne.pl\/sklep\/wp-content\/uploads\/2025\/02\/DP60.webp","datePublished":"2025-02-21T17:52:16+00:00","dateModified":"2026-04-01T09:35:15+00:00","description":"Szafka dolna BDP... \u2013 zabudowa piekarnika i p\u0142yty grzewczej dopasowuje si\u0119 do standardowych, jak i w\u0119\u017cszych urz\u0105dze\u0144 kuchennych, zapewniaj\u0105c swobod\u0119 wyboru","breadcrumb":{"@id":"https:\/\/meblekuchenne.pl\/sklep\/product\/szafka-dolna-bdp-zabudowa-piekarnika-szer-45-60-cm-z-szuflada-gleboka-kammono\/#breadcrumb"},"inLanguage":"pl-PL","potentialAction":[{"@type":"ReadAction","target":["https:\/\/meblekuchenne.pl\/sklep\/product\/szafka-dolna-bdp-zabudowa-piekarnika-szer-45-60-cm-z-szuflada-gleboka-kammono\/"]}]},{"@type":"ImageObject","inLanguage":"pl-PL","@id":"https:\/\/meblekuchenne.pl\/sklep\/product\/szafka-dolna-bdp-zabudowa-piekarnika-szer-45-60-cm-z-szuflada-gleboka-kammono\/#primaryimage","url":"https:\/\/meblekuchenne.pl\/sklep\/wp-content\/uploads\/2025\/02\/DP60.webp","contentUrl":"https:\/\/meblekuchenne.pl\/sklep\/wp-content\/uploads\/2025\/02\/DP60.webp","width":1600,"height":1080},{"@type":"BreadcrumbList","@id":"https:\/\/meblekuchenne.pl\/sklep\/product\/szafka-dolna-bdp-zabudowa-piekarnika-szer-45-60-cm-z-szuflada-gleboka-kammono\/#breadcrumb","itemListElement":[{"@type":"ListItem","position":1,"name":"Strona g\u0142\u00f3wna","item":"https:\/\/meblekuchenne.pl\/sklep\/"},{"@type":"ListItem","position":2,"name":"Sklep","item":"https:\/\/meblekuchenne.pl\/sklep\/sklep\/"},{"@type":"ListItem","position":3,"name":"Szafka dolna BDP&#8230; &#8211; zabudowa piekarnika &#8211; szer. 45-60 cm z szuflad\u0105 &#8211; g\u0142\u0119boka Kammono"}]},{"@type":"WebSite","@id":"https:\/\/meblekuchenne.pl\/sklep\/#website","url":"https:\/\/meblekuchenne.pl\/sklep\/","name":"MebleKuchenne.PL - SKLEP","description":"","publisher":{"@id":"https:\/\/meblekuchenne.pl\/sklep\/#organization"},"potentialAction":[{"@type":"SearchAction","target":{"@type":"EntryPoint","urlTemplate":"https:\/\/meblekuchenne.pl\/sklep\/?s={search_term_string}"},"query-input":{"@type":"PropertyValueSpecification","valueRequired":true,"valueName":"search_term_string"}}],"inLanguage":"pl-PL"},{"@type":"Organization","@id":"https:\/\/meblekuchenne.pl\/sklep\/#organization","name":"MebleKuchenne.PL - SKLEP","url":"https:\/\/meblekuchenne.pl\/sklep\/","logo":{"@type":"ImageObject","inLanguage":"pl-PL","@id":"https:\/\/meblekuchenne.pl\/sklep\/#\/schema\/logo\/image\/","url":"https:\/\/meblekuchenne.pl\/sklep\/wp-content\/uploads\/2025\/06\/cropped-cropped-logo.webp","contentUrl":"https:\/\/meblekuchenne.pl\/sklep\/wp-content\/uploads\/2025\/06\/cropped-cropped-logo.webp","width":735,"height":715,"caption":"MebleKuchenne.PL - SKLEP"},"image":{"@id":"https:\/\/meblekuchenne.pl\/sklep\/#\/schema\/logo\/image\/"}}]},"og_availability":"instock","product_availability":"instock","product_retailer_item_id":"BDP","product_condition":"new"},"_links":{"self":[{"href":"https:\/\/meblekuchenne.pl\/sklep\/wp-json\/wp\/v2\/product\/44994","targetHints":{"allow":["GET"]}}],"collection":[{"href":"https:\/\/meblekuchenne.pl\/sklep\/wp-json\/wp\/v2\/product"}],"about":[{"href":"https:\/\/meblekuchenne.pl\/sklep\/wp-json\/wp\/v2\/types\/product"}],"wp:featuredmedia":[{"embeddable":true,"href":"https:\/\/meblekuchenne.pl\/sklep\/wp-json\/wp\/v2\/media\/59954"}],"wp:attachment":[{"href":"https:\/\/meblekuchenne.pl\/sklep\/wp-json\/wp\/v2\/media?parent=44994"}],"wp:term":[{"taxonomy":"product_brand","embeddable":true,"href":"https:\/\/meblekuchenne.pl\/sklep\/wp-json\/wp\/v2\/product_brand?post=44994"},{"taxonomy":"product_cat","embeddable":true,"href":"https:\/\/meblekuchenne.pl\/sklep\/wp-json\/wp\/v2\/product_cat?post=44994"},{"taxonomy":"product_tag","embeddable":true,"href":"https:\/\/meblekuchenne.pl\/sklep\/wp-json\/wp\/v2\/product_tag?post=44994"}],"curies":[{"name":"wp","href":"https:\/\/api.w.org\/{rel}","templated":true}]}}